{"id":121,"date":"2018-11-16T13:10:33","date_gmt":"2018-11-16T12:10:33","guid":{"rendered":"https:\/\/dev.infri.ch\/commissions-permanentes\/"},"modified":"2025-08-21T11:32:14","modified_gmt":"2025-08-21T09:32:14","slug":"standige-kommissionen","status":"publish","type":"page","link":"https:\/\/dev.infri.ch\/de\/verband\/standige-kommissionen\/","title":{"rendered":"St\u00e4ndige Kommissionen"},"content":{"rendered":"<p align=\"justify\">INFRI hat f\u00fcnf st\u00e4ndige Kommissionen ernannt, um die Zusammenarbeit, den Austausch von Informationen und die Position in bestimmten Bereichen zu st\u00e4rken.<\/p>\n<p align=\"justify\">Jede Kommission setzt sich aus den Direktoren und Direktorinnen der jeweils betroffenen Institutionen zusammen und behandelt Fragen aus ihrem Bereich. Die GAV-Kommission bindet auch Spezialisten der Personalf\u00fchrung ein.<\/p>\n<p align=\"justify\">Sie bereiten f\u00fcr den Vorstand die Stellungnahmen in ihren Fachgebieten vor.<\/p>\n","protected":false},"excerpt":{"rendered":"<p>INFRI hat f\u00fcnf st\u00e4ndige Kommissionen ernannt, um die Zusammenarbeit, den Austausch von Informationen und die Position in bestimmten Bereichen zu st\u00e4rken. Jede Kommission setzt sich aus den Direktoren und Direktorinnen der jeweils betroffenen Institutionen zusammen und behandelt Fragen aus ihrem Bereich. Die GAV-Kommission bindet auch Spezialisten der Personalf\u00fchrung ein. Sie bereiten f\u00fcr den Vorstand die [&hellip;]<\/p>\n","protected":false},"author":1,"featured_media":0,"parent":1875,"menu_order":0,"comment_status":"closed","ping_status":"closed","template":"template_comite_perm.php","meta":{"_acf_changed":false,"inline_featured_image":false,"_monsterinsights_skip_tracking":false,"_monsterinsights_sitenote_active":false,"_monsterinsights_sitenote_note":"","_monsterinsights_sitenote_category":0,"footnotes":""},"class_list":["post-121","page","type-page","status-publish","hentry"],"acf":[],"yoast_head":"<!-- This site is optimized with the Yoast SEO plugin v26.8 - https:\/\/yoast.com\/product\/yoast-seo-wordpress\/ -->\n<title>St\u00e4ndige Kommissionen &#8211; infri<\/title>\n<meta name=\"robots\" content=\"index, follow, max-snippet:-1, max-image-preview:large, max-video-preview:-1\" \/>\n<link rel=\"canonical\" href=\"https:\/\/dev.infri.ch\/de\/verband\/standige-kommissionen\/\" \/>\n<meta property=\"og:locale\" content=\"de_DE\" \/>\n<meta property=\"og:type\" content=\"article\" \/>\n<meta property=\"og:title\" content=\"St\u00e4ndige Kommissionen &#8211; infri\" \/>\n<meta property=\"og:description\" content=\"INFRI hat f\u00fcnf st\u00e4ndige Kommissionen ernannt, um die Zusammenarbeit, den Austausch von Informationen und die Position in bestimmten Bereichen zu st\u00e4rken. Jede Kommission setzt sich aus den Direktoren und Direktorinnen der jeweils betroffenen Institutionen zusammen und behandelt Fragen aus ihrem Bereich. Die GAV-Kommission bindet auch Spezialisten der Personalf\u00fchrung ein. Sie bereiten f\u00fcr den Vorstand die [&hellip;]\" \/>\n<meta property=\"og:url\" content=\"https:\/\/dev.infri.ch\/de\/verband\/standige-kommissionen\/\" \/>\n<meta property=\"og:site_name\" content=\"infri\" \/>\n<meta property=\"article:modified_time\" content=\"2025-08-21T09:32:14+00:00\" \/>\n<meta name=\"twitter:card\" content=\"summary_large_image\" \/>\n<meta name=\"twitter:label1\" content=\"Gesch\u00e4tzte Lesezeit\" \/>\n\t<meta name=\"twitter:data1\" content=\"1\u00a0Minute\" \/>\n<script type=\"application\/ld+json\" class=\"yoast-schema-graph\">{\"@context\":\"https:\/\/schema.org\",\"@graph\":[{\"@type\":\"WebPage\",\"@id\":\"https:\/\/dev.infri.ch\/de\/verband\/standige-kommissionen\/\",\"url\":\"https:\/\/dev.infri.ch\/de\/verband\/standige-kommissionen\/\",\"name\":\"St\u00e4ndige Kommissionen &#8211; infri\",\"isPartOf\":{\"@id\":\"https:\/\/dev.infri.ch\/de\/#website\"},\"datePublished\":\"2018-11-16T12:10:33+00:00\",\"dateModified\":\"2025-08-21T09:32:14+00:00\",\"breadcrumb\":{\"@id\":\"https:\/\/dev.infri.ch\/de\/verband\/standige-kommissionen\/#breadcrumb\"},\"inLanguage\":\"de\",\"potentialAction\":[{\"@type\":\"ReadAction\",\"target\":[\"https:\/\/dev.infri.ch\/de\/verband\/standige-kommissionen\/\"]}]},{\"@type\":\"BreadcrumbList\",\"@id\":\"https:\/\/dev.infri.ch\/de\/verband\/standige-kommissionen\/#breadcrumb\",\"itemListElement\":[{\"@type\":\"ListItem\",\"position\":1,\"name\":\"Accueil\",\"item\":\"https:\/\/dev.infri.ch\/de\/\"},{\"@type\":\"ListItem\",\"position\":2,\"name\":\"Verband\",\"item\":\"https:\/\/dev.infri.ch\/de\/verband\/\"},{\"@type\":\"ListItem\",\"position\":3,\"name\":\"St\u00e4ndige Kommissionen\"}]},{\"@type\":\"WebSite\",\"@id\":\"https:\/\/dev.infri.ch\/de\/#website\",\"url\":\"https:\/\/dev.infri.ch\/de\/\",\"name\":\"infri\",\"description\":\"l&#039;association repr\u00e9sentant les institutions sp\u00e9cialis\u00e9es fribourgeoises\",\"potentialAction\":[{\"@type\":\"SearchAction\",\"target\":{\"@type\":\"EntryPoint\",\"urlTemplate\":\"https:\/\/dev.infri.ch\/de\/?s={search_term_string}\"},\"query-input\":{\"@type\":\"PropertyValueSpecification\",\"valueRequired\":true,\"valueName\":\"search_term_string\"}}],\"inLanguage\":\"de\"}]}<\/script>\n<!-- \/ Yoast SEO plugin. -->","yoast_head_json":{"title":"St\u00e4ndige Kommissionen &#8211; infri","robots":{"index":"index","follow":"follow","max-snippet":"max-snippet:-1","max-image-preview":"max-image-preview:large","max-video-preview":"max-video-preview:-1"},"canonical":"https:\/\/dev.infri.ch\/de\/verband\/standige-kommissionen\/","og_locale":"de_DE","og_type":"article","og_title":"St\u00e4ndige Kommissionen &#8211; infri","og_description":"INFRI hat f\u00fcnf st\u00e4ndige Kommissionen ernannt, um die Zusammenarbeit, den Austausch von Informationen und die Position in bestimmten Bereichen zu st\u00e4rken. Jede Kommission setzt sich aus den Direktoren und Direktorinnen der jeweils betroffenen Institutionen zusammen und behandelt Fragen aus ihrem Bereich. Die GAV-Kommission bindet auch Spezialisten der Personalf\u00fchrung ein. Sie bereiten f\u00fcr den Vorstand die [&hellip;]","og_url":"https:\/\/dev.infri.ch\/de\/verband\/standige-kommissionen\/","og_site_name":"infri","article_modified_time":"2025-08-21T09:32:14+00:00","twitter_card":"summary_large_image","twitter_misc":{"Gesch\u00e4tzte Lesezeit":"1\u00a0Minute"},"schema":{"@context":"https:\/\/schema.org","@graph":[{"@type":"WebPage","@id":"https:\/\/dev.infri.ch\/de\/verband\/standige-kommissionen\/","url":"https:\/\/dev.infri.ch\/de\/verband\/standige-kommissionen\/","name":"St\u00e4ndige Kommissionen &#8211; infri","isPartOf":{"@id":"https:\/\/dev.infri.ch\/de\/#website"},"datePublished":"2018-11-16T12:10:33+00:00","dateModified":"2025-08-21T09:32:14+00:00","breadcrumb":{"@id":"https:\/\/dev.infri.ch\/de\/verband\/standige-kommissionen\/#breadcrumb"},"inLanguage":"de","potentialAction":[{"@type":"ReadAction","target":["https:\/\/dev.infri.ch\/de\/verband\/standige-kommissionen\/"]}]},{"@type":"BreadcrumbList","@id":"https:\/\/dev.infri.ch\/de\/verband\/standige-kommissionen\/#breadcrumb","itemListElement":[{"@type":"ListItem","position":1,"name":"Accueil","item":"https:\/\/dev.infri.ch\/de\/"},{"@type":"ListItem","position":2,"name":"Verband","item":"https:\/\/dev.infri.ch\/de\/verband\/"},{"@type":"ListItem","position":3,"name":"St\u00e4ndige Kommissionen"}]},{"@type":"WebSite","@id":"https:\/\/dev.infri.ch\/de\/#website","url":"https:\/\/dev.infri.ch\/de\/","name":"infri","description":"l&#039;association repr\u00e9sentant les institutions sp\u00e9cialis\u00e9es fribourgeoises","potentialAction":[{"@type":"SearchAction","target":{"@type":"EntryPoint","urlTemplate":"https:\/\/dev.infri.ch\/de\/?s={search_term_string}"},"query-input":{"@type":"PropertyValueSpecification","valueRequired":true,"valueName":"search_term_string"}}],"inLanguage":"de"}]}},"_links":{"self":[{"href":"https:\/\/dev.infri.ch\/de\/wp-json\/wp\/v2\/pages\/121","targetHints":{"allow":["GET"]}}],"collection":[{"href":"https:\/\/dev.infri.ch\/de\/wp-json\/wp\/v2\/pages"}],"about":[{"href":"https:\/\/dev.infri.ch\/de\/wp-json\/wp\/v2\/types\/page"}],"author":[{"embeddable":true,"href":"https:\/\/dev.infri.ch\/de\/wp-json\/wp\/v2\/users\/1"}],"replies":[{"embeddable":true,"href":"https:\/\/dev.infri.ch\/de\/wp-json\/wp\/v2\/comments?post=121"}],"version-history":[{"count":3,"href":"https:\/\/dev.infri.ch\/de\/wp-json\/wp\/v2\/pages\/121\/revisions"}],"predecessor-version":[{"id":14133,"href":"https:\/\/dev.infri.ch\/de\/wp-json\/wp\/v2\/pages\/121\/revisions\/14133"}],"up":[{"embeddable":true,"href":"https:\/\/dev.infri.ch\/de\/wp-json\/wp\/v2\/pages\/1875"}],"wp:attachment":[{"href":"https:\/\/dev.infri.ch\/de\/wp-json\/wp\/v2\/media?parent=121"}],"curies":[{"name":"wp","href":"https:\/\/api.w.org\/{rel}","templated":true}]}}