{"id":1396,"date":"2019-01-15T10:40:42","date_gmt":"2019-01-15T09:40:42","guid":{"rendered":"https:\/\/dev.infri.ch\/documents\/"},"modified":"2025-12-18T16:13:29","modified_gmt":"2025-12-18T15:13:29","slug":"dokumente","status":"publish","type":"page","link":"https:\/\/dev.infri.ch\/de\/dokumente\/dokumente\/","title":{"rendered":"Dokumente"},"content":{"rendered":"\r\n<section id=\"accordionblock_50a255051dcff04edd255fb727230823\"  class=\"section-accordion\">\r\n\r\n    <ul class=\"accordion\">\r\n\r\n                        <li>\r\n                    <a class=\"toggle\" href=#>Jahresberichte<span class=\"dashicons dashicons-plus-alt2\"><\/a>\r\n                    <ul class=\"inner\">\r\n                                                        \r\n                                    <li class=\"\" >\r\n                                        <a class=\"ressource-link icon-pdf\" href=\"https:\/\/dev.infri.ch\/wp-content\/uploads\/2025\/06\/Infri_Rapport-annuel-2024_de.pdf\" target=\"_blank\">Jahresbericht 2024 <\/a>\r\n                                    <\/li>\r\n\r\n                                                                    \r\n                                    <li class=\"\" >\r\n                                        <a class=\"ressource-link icon-pdf\" href=\"https:\/\/dev.infri.ch\/wp-content\/uploads\/2024\/05\/Infri_Rapport-annuel-2023_de_2024-05-08_PROD.pdf\" target=\"_blank\">Jahresbericht 2023 <\/a>\r\n                                    <\/li>\r\n\r\n                                                                    \r\n                                    <li class=\"\" >\r\n                                        <a class=\"ressource-link icon-pdf\" href=\"https:\/\/dev.infri.ch\/wp-content\/uploads\/2023\/06\/Infri_Rapport-annuel-2022_de_Print.pdf\" target=\"_blank\">Jahresbericht 2022 <\/a>\r\n                                    <\/li>\r\n\r\n                                                                    \r\n                                    <li class=\"\" >\r\n                                        <a class=\"ressource-link icon-pdf\" href=\"https:\/\/dev.infri.ch\/wp-content\/uploads\/2022\/06\/PRINT_Infri_Rapport-annuel-2021_de.pdf\" target=\"_blank\">Jahresbericht 2021 <\/a>\r\n                                    <\/li>\r\n\r\n                                \r\n                    <\/ul>\r\n                <\/li>\r\n                            <li>\r\n                    <a class=\"toggle\" href=#>Dokumente INFRI <span class=\"dashicons dashicons-plus-alt2\"><\/a>\r\n                    <ul class=\"inner\">\r\n                                                        \r\n                                    <li class=\"\" >\r\n                                        <a class=\"ressource-link icon-pdf\" href=\"https:\/\/dev.infri.ch\/wp-content\/uploads\/2025\/07\/PV-AG-INFRI-2025-2.pdf\" target=\"_blank\">Protokoll GV INFRI 2025 (fr) <\/a>\r\n                                    <\/li>\r\n\r\n                                                                    \r\n                                    <li class=\"\" >\r\n                                        <a class=\"ressource-link icon-pdf\" href=\"https:\/\/dev.infri.ch\/wp-content\/uploads\/2025\/01\/PV_AG_INFRI_2024.pdf\" target=\"_blank\">Protokoll GV INFRI 2024 (fr) <\/a>\r\n                                    <\/li>\r\n\r\n                                                                    \r\n                                    <li class=\"\" >\r\n                                        <a class=\"ressource-link icon-pdf\" href=\"https:\/\/dev.infri.ch\/wp-content\/uploads\/2019\/01\/statuten-INFRI-2016.pdf\" target=\"_blank\">Statuten INFRI 2016 <\/a>\r\n                                    <\/li>\r\n\r\n                                                                    \r\n                                    <li class=\"\" >\r\n                                        <a class=\"ressource-link icon-pdf\" href=\"https:\/\/dev.infri.ch\/wp-content\/uploads\/2019\/01\/organigramm-INFRI-2017.pdf\" target=\"_blank\">Organigramm INFRI 2017 <\/a>\r\n                                    <\/li>\r\n\r\n                                                                    \r\n                                    <li class=\"\" >\r\n                                        <a class=\"ressource-link icon-pdf\" href=\"https:\/\/dev.infri.ch\/wp-content\/uploads\/2019\/01\/reglement-negociation-CCT.pdf\" target=\"_blank\">Reglement Verhandlungen GAV <\/a>\r\n                                    <\/li>\r\n\r\n                                                                    \r\n                                    <li class=\"\" >\r\n                                        <a class=\"ressource-link icon-pdf\" href=\"https:\/\/dev.infri.ch\/wp-content\/uploads\/2019\/05\/Strat\u00e9gie-INFRI-2017.pdf\" target=\"_blank\">Strategie INFRI 2017 (fr) <\/a>\r\n                                    <\/li>\r\n\r\n                                                                    \r\n                                    <li class=\"\" >\r\n                                        <a class=\"ressource-link icon-pdf\" href=\"https:\/\/dev.infri.ch\/wp-content\/uploads\/2019\/05\/Axes-Strategiques-INFRI-2017-2020.pdf\" target=\"_blank\">Axes Strategiques INFRI 2017-2020 <\/a>\r\n                                    <\/li>\r\n\r\n                                \r\n                    <\/ul>\r\n                <\/li>\r\n                            <li>\r\n                    <a class=\"toggle\" href=#>Cybersicherheit &#8211; Leitfaden f\u00fcr bew\u00e4hrte Verfahrensweisen<span class=\"dashicons dashicons-plus-alt2\"><\/a>\r\n                    <ul class=\"inner\">\r\n                                                        \r\n                                    <li class=\"\" >\r\n                                        <a class=\"ressource-link icon-pdf\" href=\"https:\/\/dev.infri.ch\/wp-content\/uploads\/2025\/09\/Leitfaden-Cybersicherheit.pdf\" target=\"_blank\">Leitfaden Cybersicherheit <\/a>\r\n                                    <\/li>\r\n\r\n                                \r\n                    <\/ul>\r\n                <\/li>\r\n                            <li>\r\n                    <a class=\"toggle\" href=#>Arbeitsmedizin &#8211; Referenzsystem<span class=\"dashicons dashicons-plus-alt2\"><\/a>\r\n                    <ul class=\"inner\">\r\n                                                        \r\n                                    <li class=\"\" >\r\n                                        <a class=\"ressource-link icon-pdf\" href=\"https:\/\/dev.infri.ch\/wp-content\/uploads\/2025\/09\/Referenzsystem-Arbeitsmedizin_2025.pdf\" target=\"_blank\">Referenzsystem Arbeitsmedizin_2025 <\/a>\r\n                                    <\/li>\r\n\r\n                                \r\n                    <\/ul>\r\n                <\/li>\r\n                            <li>\r\n                    <a class=\"toggle\" href=#>Mangel an Pl\u00e4tzen in den Institutionen <span class=\"dashicons dashicons-plus-alt2\"><\/a>\r\n                    <ul class=\"inner\">\r\n                                                        \r\n                                    <li class=\"\" >\r\n                                        <a class=\"ressource-link icon-pdf\" href=\"https:\/\/dev.infri.ch\/wp-content\/uploads\/2019\/02\/Situation_domaine_handicap_GE.pdf\" target=\"_blank\">Situation Bereich Behinderung <\/a>\r\n                                    <\/li>\r\n\r\n                                                                    \r\n                                    <li class=\"\" >\r\n                                        <a class=\"ressource-link icon-pdf\" href=\"https:\/\/dev.infri.ch\/wp-content\/uploads\/2019\/01\/communique-presse-Liberte.jpeg\" target=\"_blank\">Pressemitteilung La Libert\u00e9 <\/a>\r\n                                    <\/li>\r\n\r\n                                                                    \r\n                                    <li class=\"\" >\r\n                                        <a class=\"ressource-link icon-pdf\" href=\"https:\/\/dev.infri.ch\/wp-content\/uploads\/2019\/01\/communique-presse-Gruyere.jpeg\" target=\"_blank\">Pressemitteilung La Gruy\u00e8re <\/a>\r\n                                    <\/li>\r\n\r\n                                                                    \r\n                                    <li class=\"\" >\r\n                                        <a class=\"ressource-link icon-pdf\" href=\"https:\/\/dev.infri.ch\/wp-content\/uploads\/2019\/01\/communique-presse-Freiburger-Nachrichten.jpeg\" target=\"_blank\">Pressemitteilung Freiburger Nachrichten <\/a>\r\n                                    <\/li>\r\n\r\n                                \r\n                    <\/ul>\r\n                <\/li>\r\n                            <li>\r\n                    <a class=\"toggle\" href=#>Konferenzen \/ Arbeitsrechtworkshops <span class=\"dashicons dashicons-plus-alt2\"><\/a>\r\n                    <ul class=\"inner\">\r\n                                                        \r\n                                    <li class=\"\" >\r\n                                        <a class=\"ressource-link icon-pdf\" href=\"https:\/\/dev.infri.ch\/wp-content\/uploads\/2023\/10\/atelier-juridique_2023-allemand.pdf\" target=\"_blank\">Atelier Arbeitsrecht 3. Oktober 2023 <\/a>\r\n                                    <\/li>\r\n\r\n                                                                    \r\n                                    <li class=\"\" >\r\n                                        <a class=\"ressource-link icon-pdf\" href=\"https:\/\/dev.infri.ch\/wp-content\/uploads\/2023\/01\/221216_pre\u00b4sentationINFRI_D.pdf\" target=\"_blank\">Konferenz Cybersecurity 16.12.2022 <\/a>\r\n                                    <\/li>\r\n\r\n                                                                    \r\n                                    <li class=\"\" >\r\n                                        <a class=\"ressource-link icon-pdf\" href=\"https:\/\/dev.infri.ch\/wp-content\/uploads\/2022\/04\/atelier-juridique_2021-2-de.pdf\" target=\"_blank\">Arbeitsrecht-Workshop 2021 <\/a>\r\n                                    <\/li>\r\n\r\n                                                                    \r\n                                    <li class=\"\" >\r\n                                        <a class=\"ressource-link icon-pdf\" href=\"https:\/\/dev.infri.ch\/wp-content\/uploads\/2022\/04\/Fixation-du-traitement-a-lengagement_FD.pdf\" target=\"_blank\">Arbeitsrecht &#8211; Workshop 2021 &#8211; 2 <\/a>\r\n                                    <\/li>\r\n\r\n                                                                    \r\n                                    <li class=\"\" >\r\n                                        <a class=\"ressource-link icon-pdf\" href=\"https:\/\/dev.infri.ch\/wp-content\/uploads\/2020\/10\/atelier-juridique_INFRI_DE.pdf\" target=\"_blank\">Arbeitsrecht-Workshop 2020 <\/a>\r\n                                    <\/li>\r\n\r\n                                \r\n                    <\/ul>\r\n                <\/li>\r\n                            <li>\r\n                    <a class=\"toggle\" href=#>Leitfaden Archivierung <span class=\"dashicons dashicons-plus-alt2\"><\/a>\r\n                    <ul class=\"inner\">\r\n                                                        \r\n                                    <li class=\"\" >\r\n                                        <a class=\"ressource-link icon-pdf\" href=\"https:\/\/dev.infri.ch\/wp-content\/uploads\/2024\/04\/INFRI_Verfahren_Archivierung_Definitiv_A5.pdf\" target=\"_blank\">Leitfaden &#8211; Verfahren Archivierung <\/a>\r\n                                    <\/li>\r\n\r\n                                \r\n                    <\/ul>\r\n                <\/li>\r\n                            <li>\r\n                    <a class=\"toggle\" href=#>AHV-Vorschuss <span class=\"dashicons dashicons-plus-alt2\"><\/a>\r\n                    <ul class=\"inner\">\r\n                                                        \r\n                                    <li class=\"\" >\r\n                                        <a class=\"ressource-link icon-pdf\" href=\"https:\/\/dev.infri.ch\/wp-content\/uploads\/2023\/01\/Flyer-AHV-Vorschuss-2022.pdf\" target=\"_blank\">Flyer AHV-Vorschuss 2022 <\/a>\r\n                                    <\/li>\r\n\r\n                                                                    \r\n                                    <li class=\"\" >\r\n                                        <a class=\"ressource-link icon-pdf\" href=\"https:\/\/dev.infri.ch\/wp-content\/uploads\/2023\/02\/Gesuch-um-Finanzierung-des-AHV-Vorschusses.docx\" target=\"_blank\">Gesuch um Finanzierung des AHV-Vorschusses <\/a>\r\n                                    <\/li>\r\n\r\n                                \r\n                    <\/ul>\r\n                <\/li>\r\n                            <li>\r\n                    <a class=\"toggle\" href=#>Dokumente Vertrauensstelle <span class=\"dashicons dashicons-plus-alt2\"><\/a>\r\n                    <ul class=\"inner\">\r\n                                                        \r\n                                    <li class=\"\" >\r\n                                        <a class=\"ressource-link icon-pdf\" href=\"https:\/\/dev.infri.ch\/wp-content\/uploads\/2023\/01\/Affiche_infri_DE_LR_PR.pdf\" target=\"_blank\">Affiche Vertrauensstelle <\/a>\r\n                                    <\/li>\r\n\r\n                                                                    \r\n                                    <li class=\"\" >\r\n                                        <a class=\"ressource-link icon-pdf\" href=\"https:\/\/dev.infri.ch\/wp-content\/uploads\/2024\/07\/depliant_infri_DE_LR_PR_2024.pdf\" target=\"_blank\">Flyer Vertrauensstelle 2024 <\/a>\r\n                                    <\/li>\r\n\r\n                                                                    \r\n                                    <li class=\"\" >\r\n                                        <a class=\"ressource-link icon-pdf\" href=\"https:\/\/dev.infri.ch\/wp-content\/uploads\/2023\/03\/Richtlinie-zum-Schutz-der-personlichen-Integritat.docx\" target=\"_blank\">Richtlinie zum Schutz der pers\u00f6nlichen Integrit\u00e4t (Vorlage) <\/a>\r\n                                    <\/li>\r\n\r\n                                                                    \r\n                                    <li class=\"\" >\r\n                                        <a class=\"ressource-link icon-pdf\" href=\"https:\/\/dev.infri.ch\/wp-content\/uploads\/2019\/02\/Verpflichtungscharta_Konflikte.pdf\" target=\"_blank\">Verpflichtungscharta Konflikte <\/a>\r\n                                    <\/li>\r\n\r\n                                                                    \r\n                                    <li class=\"\" >\r\n                                        <a class=\"ressource-link icon-pdf\" href=\"https:\/\/dev.infri.ch\/wp-content\/uploads\/2019\/02\/Pflichtenheft_Vertrauensperson.pdf\" target=\"_blank\">Pflichtenheft Vertrauensperson <\/a>\r\n                                    <\/li>\r\n\r\n                                \r\n                    <\/ul>\r\n                <\/li>\r\n                            <li>\r\n                    <a class=\"toggle\" href=#>GAV INFRI-VOPSI<span class=\"dashicons dashicons-plus-alt2\"><\/a>\r\n                    <ul class=\"inner\">\r\n                                                        \r\n                                    <li class=\"\" >\r\n                                        <a class=\"ressource-link icon-pdf\" href=\"https:\/\/dev.infri.ch\/wp-content\/uploads\/2025\/12\/GAV-2026-INFRI-VOPSI.pdf\" target=\"_blank\">GAV-2026-INFRI-VOPSI <\/a>\r\n                                    <\/li>\r\n\r\n                                                                    \r\n                                    <li class=\"\" >\r\n                                        <a class=\"ressource-link icon-pdf\" href=\"https:\/\/dev.infri.ch\/wp-content\/uploads\/2025\/12\/GAV-2025-INFRI-VOPSI.pdf\" target=\"_blank\">GAV-2025-INFRI-VOPSI <\/a>\r\n                                    <\/li>\r\n\r\n                                                                    \r\n                                    <li class=\"\" >\r\n                                        <a class=\"ressource-link icon-pdf\" href=\"https:\/\/dev.infri.ch\/wp-content\/uploads\/2024\/06\/GAV-2024-2-INFRI-VOPSI.pdf\" target=\"_blank\">GAV-2024-2 INFRI-VOPSI <\/a>\r\n                                    <\/li>\r\n\r\n                                                                    \r\n                                    <li class=\"\" >\r\n                                        <a class=\"ressource-link icon-pdf\" href=\"https:\/\/dev.infri.ch\/wp-content\/uploads\/2024\/06\/2024_Nachtrag-GAV-Aus-und-Weiterbilding-des-Personals.pdf\" target=\"_blank\">2024_Nachtrag GAV &#8211; Aus- und Weiterbildung des Personals <\/a>\r\n                                    <\/li>\r\n\r\n                                                                    \r\n                                    <li class=\"\" >\r\n                                        <a class=\"ressource-link icon-pdf\" href=\"https:\/\/dev.infri.ch\/wp-content\/uploads\/2024\/01\/GAV-2024-INFRI-VOPSI.pdf\" target=\"_blank\">GAV 2024 INFRI-VOPSI <\/a>\r\n                                    <\/li>\r\n\r\n                                                                    \r\n                                    <li class=\"\" >\r\n                                        <a class=\"ressource-link icon-pdf\" href=\"https:\/\/dev.infri.ch\/wp-content\/uploads\/2023\/01\/GAV-2023-INFRI-VOPSI.pdf\" target=\"_blank\">GAV 2023 INFRI-VOPSI <\/a>\r\n                                    <\/li>\r\n\r\n                                                                    \r\n                                    <li class=\"\" >\r\n                                        <a class=\"ressource-link icon-pdf\" href=\"https:\/\/dev.infri.ch\/wp-content\/uploads\/2023\/09\/Avenant-CCT-Janvier-2023-de.pdf\" target=\"_blank\">Nachtrag GAV Januar 2023 <\/a>\r\n                                    <\/li>\r\n\r\n                                                                    \r\n                                    <li class=\"\" >\r\n                                        <a class=\"ressource-link icon-pdf\" href=\"https:\/\/dev.infri.ch\/wp-content\/uploads\/2022\/09\/GAV-2022-INFRI-VOPSI.pdf\" target=\"_blank\">GAV-2022 INFRI-VOPSI <\/a>\r\n                                    <\/li>\r\n\r\n                                \r\n                    <\/ul>\r\n                <\/li>\r\n                            <li>\r\n                    <a class=\"toggle\" href=#>Dokumente Staat Freiburg <span class=\"dashicons dashicons-plus-alt2\"><\/a>\r\n                    <ul class=\"inner\">\r\n                                                        \r\n                                    <li class=\"\" >\r\n                                        <a class=\"ressource-link icon-pdf\" href=\"https:\/\/dev.infri.ch\/wp-content\/uploads\/2025\/12\/kalender-2026.pdf\" target=\"_blank\">Kalender 2026 Staat Freiburg <\/a>\r\n                                    <\/li>\r\n\r\n                                                                    \r\n                                    <li class=\"\" >\r\n                                        <a class=\"ressource-link icon-pdf\" href=\"https:\/\/dev.infri.ch\/wp-content\/uploads\/2025\/01\/Kalender-2025-Staat-Freiburg.pdf\" target=\"_blank\">Kalender 2025 Staat Freiburg <\/a>\r\n                                    <\/li>\r\n\r\n                                                                    \r\n                                    <li class=\"\" >\r\n                                        <a class=\"ressource-link icon-pdf\" href=\"https:\/\/dev.infri.ch\/wp-content\/uploads\/2025\/01\/Personalinformation-2025.pdf\" target=\"_blank\">Personalinformation 2025 Staat Freiburg <\/a>\r\n                                    <\/li>\r\n\r\n                                                                    \r\n                                    <li class=\"\" >\r\n                                        <a class=\"ressource-link icon-pdf\" href=\"https:\/\/dev.infri.ch\/wp-content\/uploads\/2025\/01\/Lohnskala-2025-Staat-Freiburg.pdf\" target=\"_blank\">Lohnskala 2025 Staat Freiburg <\/a>\r\n                                    <\/li>\r\n\r\n                                \r\n                    <\/ul>\r\n                <\/li>\r\n                <\/ul>\r\n    <\/section>\r\n    \r\n    \r\n\r\n\r\n","protected":false},"excerpt":{"rendered":"","protected":false},"author":1,"featured_media":0,"parent":2152,"menu_order":0,"comment_status":"closed","ping_status":"closed","template":"page-documents.php","meta":{"_acf_changed":false,"inline_featured_image":false,"_monsterinsights_skip_tracking":false,"_monsterinsights_sitenote_active":false,"_monsterinsights_sitenote_note":"","_monsterinsights_sitenote_category":0,"footnotes":""},"class_list":["post-1396","page","type-page","status-publish","hentry"],"acf":[],"yoast_head":"<!-- This site is optimized with the Yoast SEO plugin v26.8 - https:\/\/yoast.com\/product\/yoast-seo-wordpress\/ -->\n<title>Dokumente &#8211; infri<\/title>\n<meta name=\"robots\" content=\"index, follow, max-snippet:-1, max-image-preview:large, max-video-preview:-1\" \/>\n<link rel=\"canonical\" href=\"https:\/\/dev.infri.ch\/de\/dokumente\/dokumente\/\" \/>\n<meta property=\"og:locale\" content=\"de_DE\" \/>\n<meta property=\"og:type\" content=\"article\" \/>\n<meta property=\"og:title\" content=\"Dokumente &#8211; infri\" \/>\n<meta property=\"og:url\" content=\"https:\/\/dev.infri.ch\/de\/dokumente\/dokumente\/\" \/>\n<meta property=\"og:site_name\" content=\"infri\" \/>\n<meta property=\"article:modified_time\" content=\"2025-12-18T15:13:29+00:00\" \/>\n<meta name=\"twitter:card\" content=\"summary_large_image\" \/>\n<meta name=\"twitter:label1\" content=\"Gesch\u00e4tzte Lesezeit\" \/>\n\t<meta name=\"twitter:data1\" content=\"1\u00a0Minute\" \/>\n<script type=\"application\/ld+json\" class=\"yoast-schema-graph\">{\"@context\":\"https:\/\/schema.org\",\"@graph\":[{\"@type\":\"WebPage\",\"@id\":\"https:\/\/dev.infri.ch\/de\/dokumente\/dokumente\/\",\"url\":\"https:\/\/dev.infri.ch\/de\/dokumente\/dokumente\/\",\"name\":\"Dokumente &#8211; infri\",\"isPartOf\":{\"@id\":\"https:\/\/dev.infri.ch\/de\/#website\"},\"datePublished\":\"2019-01-15T09:40:42+00:00\",\"dateModified\":\"2025-12-18T15:13:29+00:00\",\"breadcrumb\":{\"@id\":\"https:\/\/dev.infri.ch\/de\/dokumente\/dokumente\/#breadcrumb\"},\"inLanguage\":\"de\",\"potentialAction\":[{\"@type\":\"ReadAction\",\"target\":[\"https:\/\/dev.infri.ch\/de\/dokumente\/dokumente\/\"]}]},{\"@type\":\"BreadcrumbList\",\"@id\":\"https:\/\/dev.infri.ch\/de\/dokumente\/dokumente\/#breadcrumb\",\"itemListElement\":[{\"@type\":\"ListItem\",\"position\":1,\"name\":\"Accueil\",\"item\":\"https:\/\/dev.infri.ch\/de\/\"},{\"@type\":\"ListItem\",\"position\":2,\"name\":\"Dokumente\",\"item\":\"https:\/\/dev.infri.ch\/de\/dokumente\/\"},{\"@type\":\"ListItem\",\"position\":3,\"name\":\"Dokumente\"}]},{\"@type\":\"WebSite\",\"@id\":\"https:\/\/dev.infri.ch\/de\/#website\",\"url\":\"https:\/\/dev.infri.ch\/de\/\",\"name\":\"infri\",\"description\":\"l&#039;association repr\u00e9sentant les institutions sp\u00e9cialis\u00e9es fribourgeoises\",\"potentialAction\":[{\"@type\":\"SearchAction\",\"target\":{\"@type\":\"EntryPoint\",\"urlTemplate\":\"https:\/\/dev.infri.ch\/de\/?s={search_term_string}\"},\"query-input\":{\"@type\":\"PropertyValueSpecification\",\"valueRequired\":true,\"valueName\":\"search_term_string\"}}],\"inLanguage\":\"de\"}]}<\/script>\n<!-- \/ Yoast SEO plugin. -->","yoast_head_json":{"title":"Dokumente &#8211; infri","robots":{"index":"index","follow":"follow","max-snippet":"max-snippet:-1","max-image-preview":"max-image-preview:large","max-video-preview":"max-video-preview:-1"},"canonical":"https:\/\/dev.infri.ch\/de\/dokumente\/dokumente\/","og_locale":"de_DE","og_type":"article","og_title":"Dokumente &#8211; infri","og_url":"https:\/\/dev.infri.ch\/de\/dokumente\/dokumente\/","og_site_name":"infri","article_modified_time":"2025-12-18T15:13:29+00:00","twitter_card":"summary_large_image","twitter_misc":{"Gesch\u00e4tzte Lesezeit":"1\u00a0Minute"},"schema":{"@context":"https:\/\/schema.org","@graph":[{"@type":"WebPage","@id":"https:\/\/dev.infri.ch\/de\/dokumente\/dokumente\/","url":"https:\/\/dev.infri.ch\/de\/dokumente\/dokumente\/","name":"Dokumente &#8211; infri","isPartOf":{"@id":"https:\/\/dev.infri.ch\/de\/#website"},"datePublished":"2019-01-15T09:40:42+00:00","dateModified":"2025-12-18T15:13:29+00:00","breadcrumb":{"@id":"https:\/\/dev.infri.ch\/de\/dokumente\/dokumente\/#breadcrumb"},"inLanguage":"de","potentialAction":[{"@type":"ReadAction","target":["https:\/\/dev.infri.ch\/de\/dokumente\/dokumente\/"]}]},{"@type":"BreadcrumbList","@id":"https:\/\/dev.infri.ch\/de\/dokumente\/dokumente\/#breadcrumb","itemListElement":[{"@type":"ListItem","position":1,"name":"Accueil","item":"https:\/\/dev.infri.ch\/de\/"},{"@type":"ListItem","position":2,"name":"Dokumente","item":"https:\/\/dev.infri.ch\/de\/dokumente\/"},{"@type":"ListItem","position":3,"name":"Dokumente"}]},{"@type":"WebSite","@id":"https:\/\/dev.infri.ch\/de\/#website","url":"https:\/\/dev.infri.ch\/de\/","name":"infri","description":"l&#039;association repr\u00e9sentant les institutions sp\u00e9cialis\u00e9es fribourgeoises","potentialAction":[{"@type":"SearchAction","target":{"@type":"EntryPoint","urlTemplate":"https:\/\/dev.infri.ch\/de\/?s={search_term_string}"},"query-input":{"@type":"PropertyValueSpecification","valueRequired":true,"valueName":"search_term_string"}}],"inLanguage":"de"}]}},"_links":{"self":[{"href":"https:\/\/dev.infri.ch\/de\/wp-json\/wp\/v2\/pages\/1396","targetHints":{"allow":["GET"]}}],"collection":[{"href":"https:\/\/dev.infri.ch\/de\/wp-json\/wp\/v2\/pages"}],"about":[{"href":"https:\/\/dev.infri.ch\/de\/wp-json\/wp\/v2\/types\/page"}],"author":[{"embeddable":true,"href":"https:\/\/dev.infri.ch\/de\/wp-json\/wp\/v2\/users\/1"}],"replies":[{"embeddable":true,"href":"https:\/\/dev.infri.ch\/de\/wp-json\/wp\/v2\/comments?post=1396"}],"version-history":[{"count":3,"href":"https:\/\/dev.infri.ch\/de\/wp-json\/wp\/v2\/pages\/1396\/revisions"}],"predecessor-version":[{"id":14585,"href":"https:\/\/dev.infri.ch\/de\/wp-json\/wp\/v2\/pages\/1396\/revisions\/14585"}],"up":[{"embeddable":true,"href":"https:\/\/dev.infri.ch\/de\/wp-json\/wp\/v2\/pages\/2152"}],"wp:attachment":[{"href":"https:\/\/dev.infri.ch\/de\/wp-json\/wp\/v2\/media?parent=1396"}],"curies":[{"name":"wp","href":"https:\/\/api.w.org\/{rel}","templated":true}]}}