{"id":1563,"date":"2018-11-20T13:13:07","date_gmt":"2018-11-20T12:13:07","guid":{"rendered":"https:\/\/dev.infri.ch\/?page_id=1563"},"modified":"2025-07-03T08:27:36","modified_gmt":"2025-07-03T06:27:36","slug":"liste","status":"publish","type":"page","link":"https:\/\/dev.infri.ch\/de\/institutionen\/liste\/","title":{"rendered":"Liste"},"content":{"rendered":"<div id=\"pl-1563\"  class=\"panel-layout\" ><div id=\"pg-1563-0\"  class=\"panel-grid panel-no-style\" ><div id=\"pgc-1563-0-0\"  class=\"panel-grid-cell\" ><div id=\"panel-1563-0-0-0\" class=\"so-panel widget widget_sow-editor panel-first-child panel-last-child\" data-index=\"0\" ><div\n\t\t\t\n\t\t\tclass=\"so-widget-sow-editor so-widget-sow-editor-base\"\n\t\t\t\n\t\t>\n<div class=\"siteorigin-widget-tinymce textwidget\">\n\t<p>Wir vereinen Institutionen aus folgenden Sektoren:<\/p>\n<\/div>\n<\/div><\/div><\/div><\/div><div id=\"pg-1563-1\"  class=\"panel-grid panel-no-style\" ><div id=\"pgc-1563-1-0\"  class=\"panel-grid-cell\" ><div id=\"panel-1563-1-0-0\" class=\"so-panel widget widget_sow-editor panel-first-child panel-last-child\" data-index=\"1\" ><div\n\t\t\t\n\t\t\tclass=\"so-widget-sow-editor so-widget-sow-editor-base\"\n\t\t\t\n\t\t>\n<div class=\"siteorigin-widget-tinymce textwidget\">\n\t<p><img loading=\"lazy\" decoding=\"async\" class=\"alignnone size-full wp-image-1062\" src=\"https:\/\/dev.infri.ch\/wp-content\/uploads\/2019\/01\/secteurs_infri.png\" alt=\"INFRI | Secteurs\" width=\"880\" height=\"924\" srcset=\"https:\/\/dev.infri.ch\/wp-content\/uploads\/2019\/01\/secteurs_infri.png 880w, https:\/\/dev.infri.ch\/wp-content\/uploads\/2019\/01\/secteurs_infri-286x300.png 286w, https:\/\/dev.infri.ch\/wp-content\/uploads\/2019\/01\/secteurs_infri-768x806.png 768w\" sizes=\"auto, (max-width: 880px) 100vw, 880px\" \/><\/p>\n<\/div>\n<\/div><\/div><\/div><div id=\"pgc-1563-1-1\"  class=\"panel-grid-cell\" ><div id=\"panel-1563-1-1-0\" class=\"so-panel widget widget_sow-editor panel-first-child panel-last-child\" data-index=\"2\" ><div\n\t\t\t\n\t\t\tclass=\"so-widget-sow-editor so-widget-sow-editor-base\"\n\t\t\t\n\t\t>\n<div class=\"siteorigin-widget-tinymce textwidget\">\n\t<strong>INFRI Mitglieder per Institutionsquantit\u00e4t <\/strong>\n<div class=\"diagramme\"><i class=\"fa fa-stop vert\"><\/i><div class=\"hide\">Grun :<\/div>\nSonderp\u00e4dagogik\n\n<\/div>\n<div class=\"diagramme\"><i class=\"fa fa-stop beige\"><\/i> <div class=\"hide\">Beige :<\/div>\nWohnen, Arbeiten und Ausbildung INSOS\n\n<\/div>\n<div class=\"diagramme\"><i class=\"fa fa-stop orange\"><\/i><div class=\"hide\">Orange :<\/div>\nSozialp\u00e4dagogische Institutionen\n\n<\/div>\n<div class=\"diagramme\"><i class=\"fa fa-stop violet\"><\/i><div class=\"hide\">Violett :<\/div>\nSuchtprobleme\n\n<\/div>\n<div class=\"diagramme\"><i class=\"fa fa-stop bleu\"><\/i><div class=\"hide\">Blau :<\/div>\nDiverse (AFAAP, Bildungszentrum, Therapiestelle Les Buissonnets)\n\n<\/div>\n<div style=\"clear: both;\"><\/div><\/div>\n<\/div><\/div><\/div><\/div><div id=\"pg-1563-2\"  class=\"panel-grid panel-no-style\" ><div id=\"pgc-1563-2-0\"  class=\"panel-grid-cell\" ><div id=\"panel-1563-2-0-0\" class=\"so-panel widget widget_sow-editor panel-first-child panel-last-child\" data-index=\"3\" ><div\n\t\t\t\n\t\t\tclass=\"so-widget-sow-editor so-widget-sow-editor-base\"\n\t\t\t\n\t\t>\n<div class=\"siteorigin-widget-tinymce textwidget\">\n\t<p>In diesem Dokument finden Sie die Tabelle mit den Mitglieder der Institution von INFRI:<\/p>\n<p><a href=\"https:\/\/dev.infri.ch\/wp-content\/uploads\/2025\/07\/Liste-membres-INFRI-2025.pdf\">Mitgliederliste INFRI 2025<\/a><\/p>\n<p>Unter der Rubrik \u201eInstitutionen\" finden Sie die detaillierte Liste aller Instutionen.<\/p>\n<\/div>\n<\/div><\/div><\/div><\/div><\/div>","protected":false},"excerpt":{"rendered":"<p>Wir vereinen Institutionen aus folgenden Sektoren: INFRI Mitglieder per Institutionsquantit\u00e4t Grun : Sonderp\u00e4dagogik Beige : Wohnen, Arbeiten und Ausbildung INSOS Orange : Sozialp\u00e4dagogische Institutionen Violett : Suchtprobleme Blau : Diverse (AFAAP, Bildungszentrum, Therapiestelle Les Buissonnets)<\/p>\n","protected":false},"author":1,"featured_media":0,"parent":2218,"menu_order":0,"comment_status":"closed","ping_status":"closed","template":"","meta":{"_acf_changed":false,"inline_featured_image":false,"_monsterinsights_skip_tracking":false,"_monsterinsights_sitenote_active":false,"_monsterinsights_sitenote_note":"","_monsterinsights_sitenote_category":0,"footnotes":""},"class_list":["post-1563","page","type-page","status-publish","hentry"],"acf":[],"yoast_head":"<!-- This site is optimized with the Yoast SEO plugin v26.8 - https:\/\/yoast.com\/product\/yoast-seo-wordpress\/ -->\n<title>Liste &#8211; infri<\/title>\n<meta name=\"robots\" content=\"index, follow, max-snippet:-1, max-image-preview:large, max-video-preview:-1\" \/>\n<link rel=\"canonical\" href=\"https:\/\/dev.infri.ch\/de\/institutionen\/liste\/\" \/>\n<meta property=\"og:locale\" content=\"de_DE\" \/>\n<meta property=\"og:type\" content=\"article\" \/>\n<meta property=\"og:title\" content=\"Liste &#8211; infri\" \/>\n<meta property=\"og:description\" content=\"Wir vereinen Institutionen aus folgenden Sektoren: INFRI Mitglieder per Institutionsquantit\u00e4t Grun : Sonderp\u00e4dagogik Beige : Wohnen, Arbeiten und Ausbildung INSOS Orange : Sozialp\u00e4dagogische Institutionen Violett : Suchtprobleme Blau : Diverse (AFAAP, Bildungszentrum, Therapiestelle Les Buissonnets)\" \/>\n<meta property=\"og:url\" content=\"https:\/\/dev.infri.ch\/de\/institutionen\/liste\/\" \/>\n<meta property=\"og:site_name\" content=\"infri\" \/>\n<meta property=\"article:modified_time\" content=\"2025-07-03T06:27:36+00:00\" \/>\n<meta property=\"og:image\" content=\"https:\/\/dev.infri.ch\/wp-content\/uploads\/2019\/01\/secteurs_infri.png\" \/>\n\t<meta property=\"og:image:width\" content=\"880\" \/>\n\t<meta property=\"og:image:height\" content=\"924\" \/>\n\t<meta property=\"og:image:type\" content=\"image\/png\" \/>\n<meta name=\"twitter:card\" content=\"summary_large_image\" \/>\n<meta name=\"twitter:label1\" content=\"Gesch\u00e4tzte Lesezeit\" \/>\n\t<meta name=\"twitter:data1\" content=\"1\u00a0Minute\" \/>\n<script type=\"application\/ld+json\" class=\"yoast-schema-graph\">{\"@context\":\"https:\/\/schema.org\",\"@graph\":[{\"@type\":\"WebPage\",\"@id\":\"https:\/\/dev.infri.ch\/de\/institutionen\/liste\/\",\"url\":\"https:\/\/dev.infri.ch\/de\/institutionen\/liste\/\",\"name\":\"Liste &#8211; infri\",\"isPartOf\":{\"@id\":\"https:\/\/dev.infri.ch\/de\/#website\"},\"primaryImageOfPage\":{\"@id\":\"https:\/\/dev.infri.ch\/de\/institutionen\/liste\/#primaryimage\"},\"image\":{\"@id\":\"https:\/\/dev.infri.ch\/de\/institutionen\/liste\/#primaryimage\"},\"thumbnailUrl\":\"https:\/\/dev.infri.ch\/wp-content\/uploads\/2019\/01\/secteurs_infri.png\",\"datePublished\":\"2018-11-20T12:13:07+00:00\",\"dateModified\":\"2025-07-03T06:27:36+00:00\",\"breadcrumb\":{\"@id\":\"https:\/\/dev.infri.ch\/de\/institutionen\/liste\/#breadcrumb\"},\"inLanguage\":\"de\",\"potentialAction\":[{\"@type\":\"ReadAction\",\"target\":[\"https:\/\/dev.infri.ch\/de\/institutionen\/liste\/\"]}]},{\"@type\":\"ImageObject\",\"inLanguage\":\"de\",\"@id\":\"https:\/\/dev.infri.ch\/de\/institutionen\/liste\/#primaryimage\",\"url\":\"https:\/\/dev.infri.ch\/wp-content\/uploads\/2019\/01\/secteurs_infri.png\",\"contentUrl\":\"https:\/\/dev.infri.ch\/wp-content\/uploads\/2019\/01\/secteurs_infri.png\"},{\"@type\":\"BreadcrumbList\",\"@id\":\"https:\/\/dev.infri.ch\/de\/institutionen\/liste\/#breadcrumb\",\"itemListElement\":[{\"@type\":\"ListItem\",\"position\":1,\"name\":\"Accueil\",\"item\":\"https:\/\/dev.infri.ch\/de\/\"},{\"@type\":\"ListItem\",\"position\":2,\"name\":\"Institutionen\",\"item\":\"https:\/\/dev.infri.ch\/de\/institutionen\/\"},{\"@type\":\"ListItem\",\"position\":3,\"name\":\"Liste\"}]},{\"@type\":\"WebSite\",\"@id\":\"https:\/\/dev.infri.ch\/de\/#website\",\"url\":\"https:\/\/dev.infri.ch\/de\/\",\"name\":\"infri\",\"description\":\"l&#039;association repr\u00e9sentant les institutions sp\u00e9cialis\u00e9es fribourgeoises\",\"potentialAction\":[{\"@type\":\"SearchAction\",\"target\":{\"@type\":\"EntryPoint\",\"urlTemplate\":\"https:\/\/dev.infri.ch\/de\/?s={search_term_string}\"},\"query-input\":{\"@type\":\"PropertyValueSpecification\",\"valueRequired\":true,\"valueName\":\"search_term_string\"}}],\"inLanguage\":\"de\"}]}<\/script>\n<!-- \/ Yoast SEO plugin. -->","yoast_head_json":{"title":"Liste &#8211; infri","robots":{"index":"index","follow":"follow","max-snippet":"max-snippet:-1","max-image-preview":"max-image-preview:large","max-video-preview":"max-video-preview:-1"},"canonical":"https:\/\/dev.infri.ch\/de\/institutionen\/liste\/","og_locale":"de_DE","og_type":"article","og_title":"Liste &#8211; infri","og_description":"Wir vereinen Institutionen aus folgenden Sektoren: INFRI Mitglieder per Institutionsquantit\u00e4t Grun : Sonderp\u00e4dagogik Beige : Wohnen, Arbeiten und Ausbildung INSOS Orange : Sozialp\u00e4dagogische Institutionen Violett : Suchtprobleme Blau : Diverse (AFAAP, Bildungszentrum, Therapiestelle Les Buissonnets)","og_url":"https:\/\/dev.infri.ch\/de\/institutionen\/liste\/","og_site_name":"infri","article_modified_time":"2025-07-03T06:27:36+00:00","og_image":[{"width":880,"height":924,"url":"https:\/\/dev.infri.ch\/wp-content\/uploads\/2019\/01\/secteurs_infri.png","type":"image\/png"}],"twitter_card":"summary_large_image","twitter_misc":{"Gesch\u00e4tzte Lesezeit":"1\u00a0Minute"},"schema":{"@context":"https:\/\/schema.org","@graph":[{"@type":"WebPage","@id":"https:\/\/dev.infri.ch\/de\/institutionen\/liste\/","url":"https:\/\/dev.infri.ch\/de\/institutionen\/liste\/","name":"Liste &#8211; infri","isPartOf":{"@id":"https:\/\/dev.infri.ch\/de\/#website"},"primaryImageOfPage":{"@id":"https:\/\/dev.infri.ch\/de\/institutionen\/liste\/#primaryimage"},"image":{"@id":"https:\/\/dev.infri.ch\/de\/institutionen\/liste\/#primaryimage"},"thumbnailUrl":"https:\/\/dev.infri.ch\/wp-content\/uploads\/2019\/01\/secteurs_infri.png","datePublished":"2018-11-20T12:13:07+00:00","dateModified":"2025-07-03T06:27:36+00:00","breadcrumb":{"@id":"https:\/\/dev.infri.ch\/de\/institutionen\/liste\/#breadcrumb"},"inLanguage":"de","potentialAction":[{"@type":"ReadAction","target":["https:\/\/dev.infri.ch\/de\/institutionen\/liste\/"]}]},{"@type":"ImageObject","inLanguage":"de","@id":"https:\/\/dev.infri.ch\/de\/institutionen\/liste\/#primaryimage","url":"https:\/\/dev.infri.ch\/wp-content\/uploads\/2019\/01\/secteurs_infri.png","contentUrl":"https:\/\/dev.infri.ch\/wp-content\/uploads\/2019\/01\/secteurs_infri.png"},{"@type":"BreadcrumbList","@id":"https:\/\/dev.infri.ch\/de\/institutionen\/liste\/#breadcrumb","itemListElement":[{"@type":"ListItem","position":1,"name":"Accueil","item":"https:\/\/dev.infri.ch\/de\/"},{"@type":"ListItem","position":2,"name":"Institutionen","item":"https:\/\/dev.infri.ch\/de\/institutionen\/"},{"@type":"ListItem","position":3,"name":"Liste"}]},{"@type":"WebSite","@id":"https:\/\/dev.infri.ch\/de\/#website","url":"https:\/\/dev.infri.ch\/de\/","name":"infri","description":"l&#039;association repr\u00e9sentant les institutions sp\u00e9cialis\u00e9es fribourgeoises","potentialAction":[{"@type":"SearchAction","target":{"@type":"EntryPoint","urlTemplate":"https:\/\/dev.infri.ch\/de\/?s={search_term_string}"},"query-input":{"@type":"PropertyValueSpecification","valueRequired":true,"valueName":"search_term_string"}}],"inLanguage":"de"}]}},"_links":{"self":[{"href":"https:\/\/dev.infri.ch\/de\/wp-json\/wp\/v2\/pages\/1563","targetHints":{"allow":["GET"]}}],"collection":[{"href":"https:\/\/dev.infri.ch\/de\/wp-json\/wp\/v2\/pages"}],"about":[{"href":"https:\/\/dev.infri.ch\/de\/wp-json\/wp\/v2\/types\/page"}],"author":[{"embeddable":true,"href":"https:\/\/dev.infri.ch\/de\/wp-json\/wp\/v2\/users\/1"}],"replies":[{"embeddable":true,"href":"https:\/\/dev.infri.ch\/de\/wp-json\/wp\/v2\/comments?post=1563"}],"version-history":[{"count":3,"href":"https:\/\/dev.infri.ch\/de\/wp-json\/wp\/v2\/pages\/1563\/revisions"}],"predecessor-version":[{"id":13984,"href":"https:\/\/dev.infri.ch\/de\/wp-json\/wp\/v2\/pages\/1563\/revisions\/13984"}],"up":[{"embeddable":true,"href":"https:\/\/dev.infri.ch\/de\/wp-json\/wp\/v2\/pages\/2218"}],"wp:attachment":[{"href":"https:\/\/dev.infri.ch\/de\/wp-json\/wp\/v2\/media?parent=1563"}],"curies":[{"name":"wp","href":"https:\/\/api.w.org\/{rel}","templated":true}]}}