{"id":1615,"date":"2019-01-29T13:59:48","date_gmt":"2019-01-29T12:59:48","guid":{"rendered":"https:\/\/dev.infri.ch\/?page_id=1615"},"modified":"2022-11-07T14:27:56","modified_gmt":"2022-11-07T13:27:56","slug":"aus-und-weiterbildung","status":"publish","type":"page","link":"https:\/\/dev.infri.ch\/de\/themen\/aus-und-weiterbildung\/","title":{"rendered":"Aus- und Weiterbildung"},"content":{"rendered":"<p>INFRI ist auf diversen Ebenen bei Organisationen beteiligt, welche zur Personalausbildung in Institutionen beitragen.<\/p>\n<p style=\"text-align: left;\"><span style=\"font-size: 18pt;\"><strong>OrTra\u00a0Gesundheit und Soziales Freiburg<img loading=\"lazy\" decoding=\"async\" class=\"size-full wp-image-1724 alignright\" src=\"https:\/\/dev.infri.ch\/wp-content\/uploads\/2019\/01\/logo-OoTra.jpg\" alt=\"\" width=\"160\" height=\"150\" \/><\/strong><\/span><\/p>\n<p>Als Arbeitgeber- und Arbeitnehmerorganisation nimmt die OrTra Gesundheit und Soziales &#8211; Freiburg die Aufgaben und Verantwortungen wahr, welche in die Zust\u00e4ndigkeit einer Organisation der Arbeitswelt nach Artikel 1 des Bundesgesetzes \u00fcber die Berufsbildung fallen.<\/p>\n<p>Als Hauptansprechpartnerin der f\u00fcr die Berufsbildung im Gesundheits- und Sozialbereich zust\u00e4ndigen Beh\u00f6rden setzt sich die OrTra Gesundheit und Soziales.<\/p>\n<p>Sie engagiert f\u00fcr die Entwicklung und kantonsweite Einf\u00fchrung der Berufsbildungen auf Sekundarstufe II ein:\u00a0Sozialp\u00e4dagogische\/r Assistent\/in (EFZ FaBe), Assistent\/in Betreuung und Unterst\u00fctzung (EBA\u00a0AGS) und Assistent\/in Pflege und Gesundheitswesen (EFZ FaGe).<\/p>\n<p>Als Vertreter der Arbeitgeber ist INFRI im Vorstand, als auch im st\u00e4ndige Kommission &#8222;Soziales&#8220; von OrTra Gesundheit Freiburg vertreten.<\/p>\n<div><strong>St\u00e4ndige Kommission &#8222;Soziales&#8220;\u00a0<\/strong><\/div>\n<div>\n<p>Die st\u00e4ndige Kommission &#8222;Soziales&#8220; ist f\u00fcr die konkrete Qualit\u00e4tsentwicklung und F\u00f6rderung der FABE-Ausbildung auf kantonaler Ebene t\u00e4tig. Sie ist mit der konkreten Umsetzung der allgemeinen Zielsetzungen der OrTra beauftragt.<\/p>\n<p>Sie koordiniert die Gesch\u00e4fte, welche die Zusammenarbeit mit den Lehraufsichtskommissionen und den Expertengruppen sowie die Organisation der \u00fcberbetrieblichen Kurse betreffen. Sie setzt sich f\u00fcr die F\u00f6rderung der Ausbildungen im Fachbereich Soziales und deren Implementierung in die jeweiligen Arbeitsteams ein.<\/p>\n<p>Sie nimmt die Funktion einer Drehscheibe zum Informationsaustausch wahr mit dem Nutzen, \u00fcber Synergieeffekte auch von den Erfahrungen der anderen Kommissionsmitglieder profitieren zu k\u00f6nnen. Sie\u00a0vereinigt aktuell Repr\u00e4sentanten von INFRI, dem Freiburger Krippenverband (FKV), von Soziale Arbeit Schweiz und der Vereinigung Freiburgischer Alterseinrichtungen AFIPA\/VFA (Alterseinrichtungen).<\/p>\n<p><img loading=\"lazy\" decoding=\"async\" class=\"alignnone size-medium wp-image-3235 alignright\" src=\"https:\/\/dev.infri.ch\/wp-content\/uploads\/2019\/07\/R\u00e9seau-Intendance-FR-300x78.png\" alt=\"\" width=\"300\" height=\"78\" srcset=\"https:\/\/dev.infri.ch\/wp-content\/uploads\/2019\/07\/R\u00e9seau-Intendance-FR-300x78.png 300w, https:\/\/dev.infri.ch\/wp-content\/uploads\/2019\/07\/R\u00e9seau-Intendance-FR.png 553w\" sizes=\"auto, (max-width: 300px) 100vw, 300px\" \/><\/p>\n<p><span style=\"font-size: 18pt;\"><strong>Lehrverbund Hauswirtschaft Freiburg\u00a0<\/strong><\/span><\/p>\n<p>Der Lehrverbund engagiert sich f\u00fcr die Lernenden FAHW \/ HWP, indem sie:<\/p>\n<ul>\n<li>die Anzahl Lehrpl\u00e4tze erh\u00f6hen und somit vielf\u00e4ltige Erfahrungen bieten<\/li>\n<li>die M\u00f6glichkeit schaffen, auch in kleineren Betrieben eine Lehre zu absolvieren<\/li>\n<li>die Lehre so planen, dass die Ausbildung vollst\u00e4ndig ist oder nach Bedarf vervollst\u00e4ndigt wird<\/li>\n<li>die Unterst\u00fctzung \u00fcber die gesamte Ausbildungsdauer gew\u00e4hrleisten.<\/li>\n<\/ul>\n<p>Ein Lehrbetriebsverbund ist ein Zusammenschluss von einzelnen Betrieben und hat das Ziel, den Lernenden eine gute berufliche Grundbildung zu bieten. Die Ausbildung wird in verschiedenen Betrieben absolviert, die sich gegenseitig erg\u00e4nzen. Diese Ausbildungsform erm\u00f6glicht es w\u00e4hrend der Ausbildung, zahlreiche professionelle Kontakte zu kn\u00fcpfen, w\u00e4hrend der gesamten Lehrzeit durch die Gesch\u00e4ftsstelle begleitet und unterst\u00fctzt zu werden.<\/p>\n<p>INFRI ist \u00fcber seinen Generalsekret\u00e4r Mitglied des Vorstandes des Lehrbetriebsverbund Hauswirtschaft, das sich f\u00fcr die Anerkennung von Hauswirtschaftsberufen innerhalb spezialisierter Institutionen einsetzt und die Ausbildung in diesem Bereich f\u00f6rdert.<\/p>\n<p><a href=\"http:\/\/www.reseau-intendance.ch\/index.php\/de\/\">www.reseau-intendance.ch<\/a><\/p>\n<\/div>\n<h1><\/h1>\n<h1><span style=\"font-size: 18pt;\">Kommission Bildung<\/span><\/h1>\n<table style=\"border-collapse: collapse; width: 100%;\">\n<tbody>\n<tr>\n<td style=\"width: 33.333333333333336%;\"><\/td>\n<td style=\"width: 33.333333333333336%;\"><a href=\"https:\/\/insos.ch\" target=\"_blank\" rel=\"noopener\"><img loading=\"lazy\" decoding=\"async\" class=\"alignnone size-medium wp-image-1936\" src=\"https:\/\/dev.infri.ch\/wp-content\/uploads\/2019\/02\/INSOS-Mitglieder-Logo-Byline-RGB-fr-1-300x102.jpg\" alt=\"\" width=\"300\" height=\"102\" srcset=\"https:\/\/dev.infri.ch\/wp-content\/uploads\/2019\/02\/INSOS-Mitglieder-Logo-Byline-RGB-fr-1-300x102.jpg 300w, https:\/\/dev.infri.ch\/wp-content\/uploads\/2019\/02\/INSOS-Mitglieder-Logo-Byline-RGB-fr-1-768x261.jpg 768w, https:\/\/dev.infri.ch\/wp-content\/uploads\/2019\/02\/INSOS-Mitglieder-Logo-Byline-RGB-fr-1-1024x348.jpg 1024w, https:\/\/dev.infri.ch\/wp-content\/uploads\/2019\/02\/INSOS-Mitglieder-Logo-Byline-RGB-fr-1.jpg 1050w\" sizes=\"auto, (max-width: 300px) 100vw, 300px\" \/><\/a><\/td>\n<td style=\"width: 33.333333333333336%;\"><a href=\"https:\/\/www.artiset.ch\" target=\"_blank\" rel=\"noopener\"><img loading=\"lazy\" decoding=\"async\" class=\"alignnone size-medium wp-image-8282\" src=\"https:\/\/dev.infri.ch\/wp-content\/uploads\/2022\/08\/ARTISET_Kollektivmitglied_DE_rgb-300x132.png\" alt=\"\" width=\"300\" height=\"132\" srcset=\"https:\/\/dev.infri.ch\/wp-content\/uploads\/2022\/08\/ARTISET_Kollektivmitglied_DE_rgb-300x132.png 300w, https:\/\/dev.infri.ch\/wp-content\/uploads\/2022\/08\/ARTISET_Kollektivmitglied_DE_rgb-1024x449.png 1024w, https:\/\/dev.infri.ch\/wp-content\/uploads\/2022\/08\/ARTISET_Kollektivmitglied_DE_rgb-768x337.png 768w, https:\/\/dev.infri.ch\/wp-content\/uploads\/2022\/08\/ARTISET_Kollektivmitglied_DE_rgb.png 1058w\" sizes=\"auto, (max-width: 300px) 100vw, 300px\" \/><\/a><\/td>\n<\/tr>\n<\/tbody>\n<\/table>\n<p><strong>Die INSOS-Kommission Bildung setzt sich daf\u00fcr ein, dass den Institutionen f\u00fcr Menschen mit Behinderung gen\u00fcgend und gut ausgebildetes Fachpersonal zur Verf\u00fcgung steht.<\/strong><\/p>\n<ul>\n<li>Sie engagiert sich f\u00fcr konsolidierte Stellungnahmen zu bildungspolitischen Fragen und Vernehmlassungen.<\/li>\n<\/ul>\n<ul>\n<li>Sie steht der INSOS-Gesch\u00e4ftsstelle als \u201eSounding Board\u201c und den INSOS-Vertreter\/innen in Bildungsgremien bei der Meinungsbildung zur Seite.<\/li>\n<\/ul>\n<ul>\n<li>Die Kommission erarbeitet Dienstleistungen zuhanden der Institutionen, um sie in ihrer Verantwortung bez\u00fcglich Bildung des Fachpersonals zu unterst\u00fctzen.<\/li>\n<\/ul>\n<ul>\n<li>Sie funktioniert als Netzwerk und st\u00e4rkt dadurch das bildungspolitische Engagement der Branche.<\/li>\n<\/ul>\n<ul>\n<li>Den (sprach-)regional unterschiedlichen Bed\u00fcrfnissen wird Rechnung getragen.<\/li>\n<\/ul>\n<p>INFRI wird in der Kommission Bildung durch Herrn Blaise Curtenaz, Direktor von Fara, vertreten. Der Generalsekret\u00e4r von INFRI nimmt an den Sitzungen der kantonalen Bildungsdelegierten teil.<\/p>\n<p><a href=\"https:\/\/www.artiset.ch\/Fachwissen\/Berufsbildung\/Pzf5N\/?lang=de\" target=\"_blank\" rel=\"noopener\">https:\/\/www.artiset.ch\/Fachwissen\/Berufsbildung\/Pzf5N\/?lang=de<\/a><\/p>\n<p>&nbsp;<\/p>\n<p>&nbsp;<\/p>\n","protected":false},"excerpt":{"rendered":"<p>INFRI ist auf diversen Ebenen bei Organisationen beteiligt, welche zur Personalausbildung in Institutionen beitragen. OrTra\u00a0Gesundheit und Soziales Freiburg Als Arbeitgeber- und Arbeitnehmerorganisation nimmt die OrTra Gesundheit und Soziales &#8211; Freiburg die Aufgaben und Verantwortungen wahr, welche in die Zust\u00e4ndigkeit einer Organisation der Arbeitswelt nach Artikel 1 des Bundesgesetzes \u00fcber die Berufsbildung fallen. Als Hauptansprechpartnerin der [&hellip;]<\/p>\n","protected":false},"author":1,"featured_media":0,"parent":1897,"menu_order":0,"comment_status":"closed","ping_status":"closed","template":"","meta":{"_acf_changed":false,"inline_featured_image":false,"_monsterinsights_skip_tracking":false,"_monsterinsights_sitenote_active":false,"_monsterinsights_sitenote_note":"","_monsterinsights_sitenote_category":0,"footnotes":""},"class_list":["post-1615","page","type-page","status-publish","hentry"],"acf":[],"yoast_head":"<!-- This site is optimized with the Yoast SEO plugin v26.8 - https:\/\/yoast.com\/product\/yoast-seo-wordpress\/ -->\n<title>Aus- und Weiterbildung &#8211; infri<\/title>\n<meta name=\"robots\" content=\"index, follow, max-snippet:-1, max-image-preview:large, max-video-preview:-1\" \/>\n<link rel=\"canonical\" href=\"https:\/\/dev.infri.ch\/de\/themen\/aus-und-weiterbildung\/\" \/>\n<meta property=\"og:locale\" content=\"de_DE\" \/>\n<meta property=\"og:type\" content=\"article\" \/>\n<meta property=\"og:title\" content=\"Aus- und Weiterbildung &#8211; infri\" \/>\n<meta property=\"og:description\" content=\"INFRI ist auf diversen Ebenen bei Organisationen beteiligt, welche zur Personalausbildung in Institutionen beitragen. OrTra\u00a0Gesundheit und Soziales Freiburg Als Arbeitgeber- und Arbeitnehmerorganisation nimmt die OrTra Gesundheit und Soziales &#8211; Freiburg die Aufgaben und Verantwortungen wahr, welche in die Zust\u00e4ndigkeit einer Organisation der Arbeitswelt nach Artikel 1 des Bundesgesetzes \u00fcber die Berufsbildung fallen. Als Hauptansprechpartnerin der [&hellip;]\" \/>\n<meta property=\"og:url\" content=\"https:\/\/dev.infri.ch\/de\/themen\/aus-und-weiterbildung\/\" \/>\n<meta property=\"og:site_name\" content=\"infri\" \/>\n<meta property=\"article:modified_time\" content=\"2022-11-07T13:27:56+00:00\" \/>\n<meta property=\"og:image\" content=\"https:\/\/dev.infri.ch\/wp-content\/uploads\/2019\/01\/logo-OoTra.jpg\" \/>\n<meta name=\"twitter:card\" content=\"summary_large_image\" \/>\n<meta name=\"twitter:label1\" content=\"Gesch\u00e4tzte Lesezeit\" \/>\n\t<meta name=\"twitter:data1\" content=\"4\u00a0Minuten\" \/>\n<script type=\"application\/ld+json\" class=\"yoast-schema-graph\">{\"@context\":\"https:\/\/schema.org\",\"@graph\":[{\"@type\":\"WebPage\",\"@id\":\"https:\/\/dev.infri.ch\/de\/themen\/aus-und-weiterbildung\/\",\"url\":\"https:\/\/dev.infri.ch\/de\/themen\/aus-und-weiterbildung\/\",\"name\":\"Aus- und Weiterbildung &#8211; infri\",\"isPartOf\":{\"@id\":\"https:\/\/dev.infri.ch\/de\/#website\"},\"primaryImageOfPage\":{\"@id\":\"https:\/\/dev.infri.ch\/de\/themen\/aus-und-weiterbildung\/#primaryimage\"},\"image\":{\"@id\":\"https:\/\/dev.infri.ch\/de\/themen\/aus-und-weiterbildung\/#primaryimage\"},\"thumbnailUrl\":\"https:\/\/dev.infri.ch\/wp-content\/uploads\/2019\/01\/logo-OoTra.jpg\",\"datePublished\":\"2019-01-29T12:59:48+00:00\",\"dateModified\":\"2022-11-07T13:27:56+00:00\",\"breadcrumb\":{\"@id\":\"https:\/\/dev.infri.ch\/de\/themen\/aus-und-weiterbildung\/#breadcrumb\"},\"inLanguage\":\"de\",\"potentialAction\":[{\"@type\":\"ReadAction\",\"target\":[\"https:\/\/dev.infri.ch\/de\/themen\/aus-und-weiterbildung\/\"]}]},{\"@type\":\"ImageObject\",\"inLanguage\":\"de\",\"@id\":\"https:\/\/dev.infri.ch\/de\/themen\/aus-und-weiterbildung\/#primaryimage\",\"url\":\"https:\/\/dev.infri.ch\/wp-content\/uploads\/2019\/01\/logo-OoTra.jpg\",\"contentUrl\":\"https:\/\/dev.infri.ch\/wp-content\/uploads\/2019\/01\/logo-OoTra.jpg\"},{\"@type\":\"BreadcrumbList\",\"@id\":\"https:\/\/dev.infri.ch\/de\/themen\/aus-und-weiterbildung\/#breadcrumb\",\"itemListElement\":[{\"@type\":\"ListItem\",\"position\":1,\"name\":\"Accueil\",\"item\":\"https:\/\/dev.infri.ch\/de\/\"},{\"@type\":\"ListItem\",\"position\":2,\"name\":\"Themen\",\"item\":\"https:\/\/dev.infri.ch\/de\/themen\/\"},{\"@type\":\"ListItem\",\"position\":3,\"name\":\"Aus- und Weiterbildung\"}]},{\"@type\":\"WebSite\",\"@id\":\"https:\/\/dev.infri.ch\/de\/#website\",\"url\":\"https:\/\/dev.infri.ch\/de\/\",\"name\":\"infri\",\"description\":\"l&#039;association repr\u00e9sentant les institutions sp\u00e9cialis\u00e9es fribourgeoises\",\"potentialAction\":[{\"@type\":\"SearchAction\",\"target\":{\"@type\":\"EntryPoint\",\"urlTemplate\":\"https:\/\/dev.infri.ch\/de\/?s={search_term_string}\"},\"query-input\":{\"@type\":\"PropertyValueSpecification\",\"valueRequired\":true,\"valueName\":\"search_term_string\"}}],\"inLanguage\":\"de\"}]}<\/script>\n<!-- \/ Yoast SEO plugin. -->","yoast_head_json":{"title":"Aus- und Weiterbildung &#8211; infri","robots":{"index":"index","follow":"follow","max-snippet":"max-snippet:-1","max-image-preview":"max-image-preview:large","max-video-preview":"max-video-preview:-1"},"canonical":"https:\/\/dev.infri.ch\/de\/themen\/aus-und-weiterbildung\/","og_locale":"de_DE","og_type":"article","og_title":"Aus- und Weiterbildung &#8211; infri","og_description":"INFRI ist auf diversen Ebenen bei Organisationen beteiligt, welche zur Personalausbildung in Institutionen beitragen. OrTra\u00a0Gesundheit und Soziales Freiburg Als Arbeitgeber- und Arbeitnehmerorganisation nimmt die OrTra Gesundheit und Soziales &#8211; Freiburg die Aufgaben und Verantwortungen wahr, welche in die Zust\u00e4ndigkeit einer Organisation der Arbeitswelt nach Artikel 1 des Bundesgesetzes \u00fcber die Berufsbildung fallen. Als Hauptansprechpartnerin der [&hellip;]","og_url":"https:\/\/dev.infri.ch\/de\/themen\/aus-und-weiterbildung\/","og_site_name":"infri","article_modified_time":"2022-11-07T13:27:56+00:00","og_image":[{"url":"https:\/\/dev.infri.ch\/wp-content\/uploads\/2019\/01\/logo-OoTra.jpg","type":"","width":"","height":""}],"twitter_card":"summary_large_image","twitter_misc":{"Gesch\u00e4tzte Lesezeit":"4\u00a0Minuten"},"schema":{"@context":"https:\/\/schema.org","@graph":[{"@type":"WebPage","@id":"https:\/\/dev.infri.ch\/de\/themen\/aus-und-weiterbildung\/","url":"https:\/\/dev.infri.ch\/de\/themen\/aus-und-weiterbildung\/","name":"Aus- und Weiterbildung &#8211; infri","isPartOf":{"@id":"https:\/\/dev.infri.ch\/de\/#website"},"primaryImageOfPage":{"@id":"https:\/\/dev.infri.ch\/de\/themen\/aus-und-weiterbildung\/#primaryimage"},"image":{"@id":"https:\/\/dev.infri.ch\/de\/themen\/aus-und-weiterbildung\/#primaryimage"},"thumbnailUrl":"https:\/\/dev.infri.ch\/wp-content\/uploads\/2019\/01\/logo-OoTra.jpg","datePublished":"2019-01-29T12:59:48+00:00","dateModified":"2022-11-07T13:27:56+00:00","breadcrumb":{"@id":"https:\/\/dev.infri.ch\/de\/themen\/aus-und-weiterbildung\/#breadcrumb"},"inLanguage":"de","potentialAction":[{"@type":"ReadAction","target":["https:\/\/dev.infri.ch\/de\/themen\/aus-und-weiterbildung\/"]}]},{"@type":"ImageObject","inLanguage":"de","@id":"https:\/\/dev.infri.ch\/de\/themen\/aus-und-weiterbildung\/#primaryimage","url":"https:\/\/dev.infri.ch\/wp-content\/uploads\/2019\/01\/logo-OoTra.jpg","contentUrl":"https:\/\/dev.infri.ch\/wp-content\/uploads\/2019\/01\/logo-OoTra.jpg"},{"@type":"BreadcrumbList","@id":"https:\/\/dev.infri.ch\/de\/themen\/aus-und-weiterbildung\/#breadcrumb","itemListElement":[{"@type":"ListItem","position":1,"name":"Accueil","item":"https:\/\/dev.infri.ch\/de\/"},{"@type":"ListItem","position":2,"name":"Themen","item":"https:\/\/dev.infri.ch\/de\/themen\/"},{"@type":"ListItem","position":3,"name":"Aus- und Weiterbildung"}]},{"@type":"WebSite","@id":"https:\/\/dev.infri.ch\/de\/#website","url":"https:\/\/dev.infri.ch\/de\/","name":"infri","description":"l&#039;association repr\u00e9sentant les institutions sp\u00e9cialis\u00e9es fribourgeoises","potentialAction":[{"@type":"SearchAction","target":{"@type":"EntryPoint","urlTemplate":"https:\/\/dev.infri.ch\/de\/?s={search_term_string}"},"query-input":{"@type":"PropertyValueSpecification","valueRequired":true,"valueName":"search_term_string"}}],"inLanguage":"de"}]}},"_links":{"self":[{"href":"https:\/\/dev.infri.ch\/de\/wp-json\/wp\/v2\/pages\/1615","targetHints":{"allow":["GET"]}}],"collection":[{"href":"https:\/\/dev.infri.ch\/de\/wp-json\/wp\/v2\/pages"}],"about":[{"href":"https:\/\/dev.infri.ch\/de\/wp-json\/wp\/v2\/types\/page"}],"author":[{"embeddable":true,"href":"https:\/\/dev.infri.ch\/de\/wp-json\/wp\/v2\/users\/1"}],"replies":[{"embeddable":true,"href":"https:\/\/dev.infri.ch\/de\/wp-json\/wp\/v2\/comments?post=1615"}],"version-history":[{"count":4,"href":"https:\/\/dev.infri.ch\/de\/wp-json\/wp\/v2\/pages\/1615\/revisions"}],"predecessor-version":[{"id":8656,"href":"https:\/\/dev.infri.ch\/de\/wp-json\/wp\/v2\/pages\/1615\/revisions\/8656"}],"up":[{"embeddable":true,"href":"https:\/\/dev.infri.ch\/de\/wp-json\/wp\/v2\/pages\/1897"}],"wp:attachment":[{"href":"https:\/\/dev.infri.ch\/de\/wp-json\/wp\/v2\/media?parent=1615"}],"curies":[{"name":"wp","href":"https:\/\/api.w.org\/{rel}","templated":true}]}}