{"id":1827,"date":"2019-02-01T14:40:38","date_gmt":"2019-02-01T13:40:38","guid":{"rendered":"https:\/\/dev.infri.ch\/?page_id=1827"},"modified":"2026-01-22T15:17:01","modified_gmt":"2026-01-22T14:17:01","slug":"__trashed","status":"publish","type":"page","link":"https:\/\/dev.infri.ch\/de\/","title":{"rendered":"Home"},"content":{"rendered":"\n<div class=\"wp-block-columns is-layout-flex wp-container-core-columns-is-layout-1 wp-block-columns-is-layout-flex\">\n<div class=\"wp-block-column is-layout-flow wp-block-column-is-layout-flow\" style=\"flex-basis:66.66%\">\n<h1 class=\"wp-block-heading\">INFRI ist der Verband der die freiburgischen Institutionen vertritt<\/h1>\n\n\n\n<p>Der Verband umfasst gegen 50 Institutionen, die sich in den folgenden Bereichen engagieren:<\/p>\n\n\n\n<ul class=\"wp-block-list\">\n<li>der Ausbildung<\/li>\n\n\n\n<li>der Rehabilitation<\/li>\n\n\n\n<li>dem Schulbesuch<\/li>\n\n\n\n<li>der Berufsbildung<\/li>\n\n\n\n<li>den Wohnformen oder der Besch\u00e4ftigung<\/li>\n<\/ul>\n\n\n\n<p>von Behinderten oder Personen, welche sich in einer sozialen und\/oder beruflich schwierigen Situation befinden,<\/p>\n\n\n\n<ul class=\"wp-block-list\">\n<li>sowie in der Gesundheitsf\u00f6rderung<\/li>\n\n\n\n<li>und der Pr\u00e4vention im Sozialbereich.<\/li>\n<\/ul>\n\n\n\n<p><a href=\"https:\/\/dev.infri.ch\/wp-content\/uploads\/2023\/06\/INFRI_plan_acce\u0300s.pdf\">Anfahrtsplan unserer R\u00e4umlichkeiten<\/a><\/p>\n<\/div>\n\n\n\n<div class=\"wp-block-column is-layout-flow wp-block-column-is-layout-flow\" style=\"flex-basis:33.33%\">\n<section class=\"block-slider\">\n<div class=\"titre-news\">\n<h2>News<\/h2>\n<\/div>\n <!-- Slider main container -->\n<div class=\"swiper\">\n\n    <!-- Additional required wrapper -->\n    <ul class=\"swiper-wrapper wp-block-latest-posts__list has-dates articles_news wp-block-latest-posts\">\n\n        \n                <li class=\"swiper-slide\">\n\n                 <div class=\"titre\">\n                    <h4>\n                        <a href=\"https:\/\/dev.infri.ch\/wp-content\/uploads\/2026\/01\/funktionseinreihung-nach-tatigkeitsbereich.pdf \" target=\"_blank\">Funktionseinreihung nach T\u00e4tigkeitsbereich<\/a>\n                    <\/h4>\n                <\/div>\n\n                <\/li>\n\n            \n                <li class=\"swiper-slide\">\n\n                 <div class=\"titre\">\n                    <h4>\n                        <a href=\"https:\/\/www.fr.ch\/de\/gesundheit\/gesundheitsfachleute-und-institutionen\/patientenrechte \" target=\"_blank\">Patientenrechte<\/a>\n                    <\/h4>\n                <\/div>\n\n                <\/li>\n\n            \n                <li class=\"swiper-slide\">\n\n                 <div class=\"titre\">\n                    <h4>\n                        <a href=\"https:\/\/dev.infri.ch\/de\/stellenportal\/ \" target=\"_blank\">Stelleninserate in den Institutionen <\/a>\n                    <\/h4>\n                <\/div>\n\n                <\/li>\n\n            \n                <li class=\"swiper-slide\">\n\n                 <div class=\"titre\">\n                    <h4>\n                        <a href=\"https:\/\/dev.infri.ch\/wp-content\/uploads\/2019\/02\/RIFA_brochure_final_Optimized.pdf \" target=\"_blank\">Ein Suchtproblem? Flyer von RIFA<\/a>\n                    <\/h4>\n                <\/div>\n\n                <\/li>\n\n            \n                <li class=\"swiper-slide\">\n\n                 <div class=\"titre\">\n                    <h4>\n                        <a href=\"https:\/\/dev.infri.ch\/wp-content\/uploads\/2026\/01\/42.-INFRI-Flash-info-Januar-2026-de.pdf \" target=\"_blank\">Die letzte Flash-Info von Januar 2026 ist verf\u00fcgbar<\/a>\n                    <\/h4>\n                <\/div>\n\n                <\/li>\n\n            \n                <li class=\"swiper-slide\">\n\n                 <div class=\"titre\">\n                    <h4>\n                        <a href=\"https:\/\/dev.infri.ch\/wp-content\/uploads\/2025\/12\/GAV-2026-INFRI-VOPSI.pdf \" target=\"_blank\">GAV INFRI-VOPSI 2026 ist verf\u00fcgbar (01.01.2026)<\/a>\n                    <\/h4>\n                <\/div>\n\n                <\/li>\n\n            \n            \n            \n            \n    <\/ul>\n\n    <!-- If we need pagination -->\n    <div class=\"swiper-pagination\"><\/div>\n\n    <!-- If we need navigation buttons -->\n    <div class=\"swiper-button-prev\">\n        \n    <\/div>\n    <div class=\"swiper-button-next\">\n        \n    <\/div>\n\n    <!-- If we need scrollbar -->\n    <!--<div class=\"swiper-scrollbar\"><\/div>-->\n\n<\/div>\n\n            <\/section>\n\n\n<div style=\"height:25px\" aria-hidden=\"true\" class=\"wp-block-spacer\"><\/div>\n\n\n\n<div class=\"wp-block-buttons is-content-justification-right is-layout-flex wp-container-core-buttons-is-layout-1 wp-block-buttons-is-layout-flex\">\n<div class=\"wp-block-button has-custom-width wp-block-button__width-75 is-style-fill lien-espace-membre\"><a class=\"wp-block-button__link has-black-color has-text-color has-background has-link-color has-medium-font-size has-custom-font-size wp-element-button\" href=\"https:\/\/membre.infri.ch\/access\/\" style=\"border-radius:0px;background-color:#719eca\">Mitgliederbereich<\/a><\/div>\n<\/div>\n<\/div>\n<\/div>\n\n\n","protected":false},"excerpt":{"rendered":"<p>INFRI ist der Verband der die freiburgischen Institutionen vertritt Der Verband umfasst gegen 50 Institutionen, die sich in den folgenden Bereichen engagieren: von Behinderten oder Personen, welche sich in einer sozialen und\/oder beruflich schwierigen Situation befinden, Anfahrtsplan unserer R\u00e4umlichkeiten<\/p>\n","protected":false},"author":1,"featured_media":2472,"parent":0,"menu_order":0,"comment_status":"closed","ping_status":"closed","template":"page-home.php","meta":{"_acf_changed":false,"inline_featured_image":false,"_monsterinsights_skip_tracking":false,"_monsterinsights_sitenote_active":false,"_monsterinsights_sitenote_note":"","_monsterinsights_sitenote_category":0,"footnotes":""},"class_list":["post-1827","page","type-page","status-publish","has-post-thumbnail","hentry"],"acf":[],"yoast_head":"<!-- This site is optimized with the Yoast SEO plugin v26.8 - https:\/\/yoast.com\/product\/yoast-seo-wordpress\/ -->\n<title>Home &#8211; infri<\/title>\n<meta name=\"robots\" content=\"index, follow, max-snippet:-1, max-image-preview:large, max-video-preview:-1\" \/>\n<link rel=\"canonical\" href=\"https:\/\/dev.infri.ch\/de\/\" \/>\n<meta property=\"og:locale\" content=\"de_DE\" \/>\n<meta property=\"og:type\" content=\"article\" \/>\n<meta property=\"og:title\" content=\"Home &#8211; infri\" \/>\n<meta property=\"og:description\" content=\"INFRI ist der Verband der die freiburgischen Institutionen vertritt Der Verband umfasst gegen 50 Institutionen, die sich in den folgenden Bereichen engagieren: von Behinderten oder Personen, welche sich in einer sozialen und\/oder beruflich schwierigen Situation befinden, Anfahrtsplan unserer R\u00e4umlichkeiten\" \/>\n<meta property=\"og:url\" content=\"https:\/\/dev.infri.ch\/de\/\" \/>\n<meta property=\"og:site_name\" content=\"infri\" \/>\n<meta property=\"article:modified_time\" content=\"2026-01-22T14:17:01+00:00\" \/>\n<meta property=\"og:image\" content=\"https:\/\/dev.infri.ch\/wp-content\/uploads\/2019\/02\/Fribourg-1024x477.jpg\" \/>\n\t<meta property=\"og:image:width\" content=\"1024\" \/>\n\t<meta property=\"og:image:height\" content=\"477\" \/>\n\t<meta property=\"og:image:type\" content=\"image\/jpeg\" \/>\n<meta name=\"twitter:card\" content=\"summary_large_image\" \/>\n<meta name=\"twitter:label1\" content=\"Gesch\u00e4tzte Lesezeit\" \/>\n\t<meta name=\"twitter:data1\" content=\"1\u00a0Minute\" \/>\n<script type=\"application\/ld+json\" class=\"yoast-schema-graph\">{\"@context\":\"https:\/\/schema.org\",\"@graph\":[{\"@type\":\"WebPage\",\"@id\":\"https:\/\/dev.infri.ch\/de\/\",\"url\":\"https:\/\/dev.infri.ch\/de\/\",\"name\":\"Home &#8211; infri\",\"isPartOf\":{\"@id\":\"https:\/\/dev.infri.ch\/de\/#website\"},\"primaryImageOfPage\":{\"@id\":\"https:\/\/dev.infri.ch\/de\/#primaryimage\"},\"image\":{\"@id\":\"https:\/\/dev.infri.ch\/de\/#primaryimage\"},\"thumbnailUrl\":\"https:\/\/dev.infri.ch\/wp-content\/uploads\/2019\/02\/Fribourg.jpg\",\"datePublished\":\"2019-02-01T13:40:38+00:00\",\"dateModified\":\"2026-01-22T14:17:01+00:00\",\"breadcrumb\":{\"@id\":\"https:\/\/dev.infri.ch\/de\/#breadcrumb\"},\"inLanguage\":\"de\",\"potentialAction\":[{\"@type\":\"ReadAction\",\"target\":[\"https:\/\/dev.infri.ch\/de\/\"]}]},{\"@type\":\"ImageObject\",\"inLanguage\":\"de\",\"@id\":\"https:\/\/dev.infri.ch\/de\/#primaryimage\",\"url\":\"https:\/\/dev.infri.ch\/wp-content\/uploads\/2019\/02\/Fribourg.jpg\",\"contentUrl\":\"https:\/\/dev.infri.ch\/wp-content\/uploads\/2019\/02\/Fribourg.jpg\",\"width\":6895,\"height\":3211,\"caption\":\"Fribourg cath\u00e9drale\"},{\"@type\":\"BreadcrumbList\",\"@id\":\"https:\/\/dev.infri.ch\/de\/#breadcrumb\",\"itemListElement\":[{\"@type\":\"ListItem\",\"position\":1,\"name\":\"Accueil\",\"item\":\"https:\/\/dev.infri.ch\/de\/\"},{\"@type\":\"ListItem\",\"position\":2,\"name\":\"Home\"}]},{\"@type\":\"WebSite\",\"@id\":\"https:\/\/dev.infri.ch\/de\/#website\",\"url\":\"https:\/\/dev.infri.ch\/de\/\",\"name\":\"infri\",\"description\":\"l&#039;association repr\u00e9sentant les institutions sp\u00e9cialis\u00e9es fribourgeoises\",\"potentialAction\":[{\"@type\":\"SearchAction\",\"target\":{\"@type\":\"EntryPoint\",\"urlTemplate\":\"https:\/\/dev.infri.ch\/de\/?s={search_term_string}\"},\"query-input\":{\"@type\":\"PropertyValueSpecification\",\"valueRequired\":true,\"valueName\":\"search_term_string\"}}],\"inLanguage\":\"de\"}]}<\/script>\n<!-- \/ Yoast SEO plugin. -->","yoast_head_json":{"title":"Home &#8211; infri","robots":{"index":"index","follow":"follow","max-snippet":"max-snippet:-1","max-image-preview":"max-image-preview:large","max-video-preview":"max-video-preview:-1"},"canonical":"https:\/\/dev.infri.ch\/de\/","og_locale":"de_DE","og_type":"article","og_title":"Home &#8211; infri","og_description":"INFRI ist der Verband der die freiburgischen Institutionen vertritt Der Verband umfasst gegen 50 Institutionen, die sich in den folgenden Bereichen engagieren: von Behinderten oder Personen, welche sich in einer sozialen und\/oder beruflich schwierigen Situation befinden, Anfahrtsplan unserer R\u00e4umlichkeiten","og_url":"https:\/\/dev.infri.ch\/de\/","og_site_name":"infri","article_modified_time":"2026-01-22T14:17:01+00:00","og_image":[{"width":1024,"height":477,"url":"https:\/\/dev.infri.ch\/wp-content\/uploads\/2019\/02\/Fribourg-1024x477.jpg","type":"image\/jpeg"}],"twitter_card":"summary_large_image","twitter_misc":{"Gesch\u00e4tzte Lesezeit":"1\u00a0Minute"},"schema":{"@context":"https:\/\/schema.org","@graph":[{"@type":"WebPage","@id":"https:\/\/dev.infri.ch\/de\/","url":"https:\/\/dev.infri.ch\/de\/","name":"Home &#8211; infri","isPartOf":{"@id":"https:\/\/dev.infri.ch\/de\/#website"},"primaryImageOfPage":{"@id":"https:\/\/dev.infri.ch\/de\/#primaryimage"},"image":{"@id":"https:\/\/dev.infri.ch\/de\/#primaryimage"},"thumbnailUrl":"https:\/\/dev.infri.ch\/wp-content\/uploads\/2019\/02\/Fribourg.jpg","datePublished":"2019-02-01T13:40:38+00:00","dateModified":"2026-01-22T14:17:01+00:00","breadcrumb":{"@id":"https:\/\/dev.infri.ch\/de\/#breadcrumb"},"inLanguage":"de","potentialAction":[{"@type":"ReadAction","target":["https:\/\/dev.infri.ch\/de\/"]}]},{"@type":"ImageObject","inLanguage":"de","@id":"https:\/\/dev.infri.ch\/de\/#primaryimage","url":"https:\/\/dev.infri.ch\/wp-content\/uploads\/2019\/02\/Fribourg.jpg","contentUrl":"https:\/\/dev.infri.ch\/wp-content\/uploads\/2019\/02\/Fribourg.jpg","width":6895,"height":3211,"caption":"Fribourg cath\u00e9drale"},{"@type":"BreadcrumbList","@id":"https:\/\/dev.infri.ch\/de\/#breadcrumb","itemListElement":[{"@type":"ListItem","position":1,"name":"Accueil","item":"https:\/\/dev.infri.ch\/de\/"},{"@type":"ListItem","position":2,"name":"Home"}]},{"@type":"WebSite","@id":"https:\/\/dev.infri.ch\/de\/#website","url":"https:\/\/dev.infri.ch\/de\/","name":"infri","description":"l&#039;association repr\u00e9sentant les institutions sp\u00e9cialis\u00e9es fribourgeoises","potentialAction":[{"@type":"SearchAction","target":{"@type":"EntryPoint","urlTemplate":"https:\/\/dev.infri.ch\/de\/?s={search_term_string}"},"query-input":{"@type":"PropertyValueSpecification","valueRequired":true,"valueName":"search_term_string"}}],"inLanguage":"de"}]}},"_links":{"self":[{"href":"https:\/\/dev.infri.ch\/de\/wp-json\/wp\/v2\/pages\/1827","targetHints":{"allow":["GET"]}}],"collection":[{"href":"https:\/\/dev.infri.ch\/de\/wp-json\/wp\/v2\/pages"}],"about":[{"href":"https:\/\/dev.infri.ch\/de\/wp-json\/wp\/v2\/types\/page"}],"author":[{"embeddable":true,"href":"https:\/\/dev.infri.ch\/de\/wp-json\/wp\/v2\/users\/1"}],"replies":[{"embeddable":true,"href":"https:\/\/dev.infri.ch\/de\/wp-json\/wp\/v2\/comments?post=1827"}],"version-history":[{"count":2,"href":"https:\/\/dev.infri.ch\/de\/wp-json\/wp\/v2\/pages\/1827\/revisions"}],"predecessor-version":[{"id":14693,"href":"https:\/\/dev.infri.ch\/de\/wp-json\/wp\/v2\/pages\/1827\/revisions\/14693"}],"wp:featuredmedia":[{"embeddable":true,"href":"https:\/\/dev.infri.ch\/de\/wp-json\/wp\/v2\/media\/2472"}],"wp:attachment":[{"href":"https:\/\/dev.infri.ch\/de\/wp-json\/wp\/v2\/media?parent=1827"}],"curies":[{"name":"wp","href":"https:\/\/api.w.org\/{rel}","templated":true}]}}