{"id":1850,"date":"2018-11-16T11:44:25","date_gmt":"2018-11-16T10:44:25","guid":{"rendered":"https:\/\/dev.infri.ch\/presentation\/"},"modified":"2024-01-22T12:18:24","modified_gmt":"2024-01-22T11:18:24","slug":"prasentation","status":"publish","type":"page","link":"https:\/\/dev.infri.ch\/de\/verband\/prasentation\/","title":{"rendered":"Pr\u00e4sentation"},"content":{"rendered":"<div id=\"pl-1850\"  class=\"panel-layout\" ><div id=\"pg-1850-0\"  class=\"panel-grid panel-no-style\" ><div id=\"pgc-1850-0-0\"  class=\"panel-grid-cell\" ><div id=\"panel-1850-0-0-0\" class=\"so-panel widget widget_sow-editor panel-first-child panel-last-child\" data-index=\"0\" ><div\n\t\t\t\n\t\t\tclass=\"so-widget-sow-editor so-widget-sow-editor-base\"\n\t\t\t\n\t\t>\n<div class=\"siteorigin-widget-tinymce textwidget\">\n\t<p><img loading=\"lazy\" decoding=\"async\" class=\"size-medium wp-image-83 alignnone\" src=\"https:\/\/dev.infri.ch\/wp-content\/uploads\/2019\/02\/presidente-ursula-schneider-schuttel.png\" alt=\"\" width=\"233\" height=\"300\"><\/p>\n<\/div>\n<\/div><\/div><\/div><div id=\"pgc-1850-0-1\"  class=\"panel-grid-cell panel-grid-cell-mobile-last\" ><div id=\"panel-1850-0-1-0\" class=\"so-panel widget widget_sow-editor panel-first-child panel-last-child\" data-index=\"1\" ><div\n\t\t\t\n\t\t\tclass=\"so-widget-sow-editor so-widget-sow-editor-base\"\n\t\t\t\n\t\t>\n<div class=\"siteorigin-widget-tinymce textwidget\">\n\t<p><em class=\"visible-xs\">Ursula SCHNEIDER SCH\u00dcTTEL, Pr\u00e4sidentin von INFRI und ehemalige Nationalr\u00e4tin<\/em><\/p>\n<p>&nbsp;<\/p>\n<h2>Herzlich Willkommen!<\/h2>\n<p>&nbsp;<\/p>\n<p><strong>INFRI<\/strong> ist ein Zusammenschluss von <strong>46 Institutionen<\/strong> des Kantons Freiburg, welche sich mit Menschen mit Behinderung oder in Schwierigkeiten besch\u00e4ftigen.<\/p>\n<p><em class=\"hidden-xs\">Ursula SCHNEIDER SCH\u00dcTTEL, Pr\u00e4sidentin von INFRI und ehemalige Nationalr\u00e4tin<\/em><\/p>\n<\/div>\n<\/div><\/div><\/div><div id=\"pgc-1850-0-2\"  class=\"panel-grid-cell panel-grid-cell-empty\" ><\/div><\/div><div id=\"pg-1850-1\"  class=\"panel-grid panel-no-style\" ><div id=\"pgc-1850-1-0\"  class=\"panel-grid-cell\" ><div id=\"panel-1850-1-0-0\" class=\"so-panel widget widget_sow-editor panel-first-child panel-last-child\" data-index=\"2\" ><div\n\t\t\t\n\t\t\tclass=\"so-widget-sow-editor so-widget-sow-editor-base\"\n\t\t\t\n\t\t>\n<div class=\"siteorigin-widget-tinymce textwidget\">\n\t<p>Auszug aus den Statuten des Verbandes:<\/p>\n<p>Dem Verband k\u00f6nnen s\u00e4mtliche Institutionen mit Sitz im Kanton Freiburg beitreten, die sich mit der Ausbildung, Rehabilitation, dem Schulbesuch, der Berufsbildung, den Wohnformen oder der Besch\u00e4ftigung von Behinderten oder Personen, welche sich in einer sozialen und\/oder beruflich schwierigen Situation befinden, sowie der Gesundheitsf\u00f6rderung und der Pr\u00e4vention im Sozialbereich befassen.<\/p>\n<p>INFRI vereint Institutionen aus folgenden Sektoren:<\/p>\n<\/div>\n<\/div><\/div><\/div><\/div><div id=\"pg-1850-2\"  class=\"panel-grid panel-no-style\" ><div id=\"pgc-1850-2-0\"  class=\"panel-grid-cell\" ><div id=\"panel-1850-2-0-0\" class=\"so-panel widget widget_sow-editor panel-first-child panel-last-child\" data-index=\"3\" ><div\n\t\t\t\n\t\t\tclass=\"so-widget-sow-editor so-widget-sow-editor-base\"\n\t\t\t\n\t\t>\n<div class=\"siteorigin-widget-tinymce textwidget\">\n\t<p><img loading=\"lazy\" decoding=\"async\" class=\"alignnone size-full wp-image-1062\" src=\"https:\/\/dev.infri.ch\/wp-content\/uploads\/2019\/01\/secteurs_infri.png\" alt=\"INFRI | Secteurs\" width=\"880\" height=\"924\" srcset=\"https:\/\/dev.infri.ch\/wp-content\/uploads\/2019\/01\/secteurs_infri.png 880w, https:\/\/dev.infri.ch\/wp-content\/uploads\/2019\/01\/secteurs_infri-286x300.png 286w, https:\/\/dev.infri.ch\/wp-content\/uploads\/2019\/01\/secteurs_infri-768x806.png 768w\" sizes=\"auto, (max-width: 880px) 100vw, 880px\" \/><\/p>\n<\/div>\n<\/div><\/div><\/div><div id=\"pgc-1850-2-1\"  class=\"panel-grid-cell\" ><div id=\"panel-1850-2-1-0\" class=\"so-panel widget widget_sow-editor panel-first-child panel-last-child\" data-index=\"4\" ><div\n\t\t\t\n\t\t\tclass=\"so-widget-sow-editor so-widget-sow-editor-base\"\n\t\t\t\n\t\t>\n<div class=\"siteorigin-widget-tinymce textwidget\">\n\t<strong>INFRI Mitglieder per Institutionsquantit\u00e4t <\/strong> \n<div class=\"diagramme\"><i class=\"fa fa-stop vert\"><\/i> <div class=\"hide\">Grun :<\/div> Sonderp\u00e4dagogik <\/div>\n\n<div class=\"diagramme\"><i class=\"fa fa-stop beige\"><\/i> <div class=\"hide\">Beige :<\/div> Wohnen, Arbeiten und Ausbildung INSOS<\/div>\n\n<div class=\"diagramme\"><i class=\"fa fa-stop orange\"><\/i> <div class=\"hide\">Orange :<\/div> Sozialp\u00e4dagogische Institutionen<\/div>\n\n<div class=\"diagramme\"><i class=\"fa fa-stop violet\"><\/i> <div class=\"hide\">Violett :<\/div> Suchtprobleme<\/div>\n\n<div class=\"diagramme\"><i class=\"fa fa-stop bleu\"><\/i> <div class=\"hide\">Blau :<\/div> Diverse (AFAAP, Bildungszentrum, Therapiestelle Les Buissonnets)<\/div>\n<div style=\"clear: both;\"><\/div><\/div>\n<\/div><\/div><\/div><\/div><div id=\"pg-1850-3\"  class=\"panel-grid panel-no-style\" ><div id=\"pgc-1850-3-0\"  class=\"panel-grid-cell\" ><div id=\"panel-1850-3-0-0\" class=\"so-panel widget widget_sow-editor panel-first-child panel-last-child\" data-index=\"5\" ><div\n\t\t\t\n\t\t\tclass=\"so-widget-sow-editor so-widget-sow-editor-base\"\n\t\t\t\n\t\t>\n<div class=\"siteorigin-widget-tinymce textwidget\">\n\t<p>Die Ziele des Verbandes sind die Folgenden:<\/p>\n<ul>\n<li>Vertretung der gemeinsamen Interessen der Institutionen als Hauptansprechpartner der \u00f6ffentlichen Hand und anderer Partner;<\/li>\n<li>Mitwirkung bei der Schaffung g\u00fcnstiger Rahmenbediengungen f\u00fcr leistungsberechtigte Personen;<\/li>\n<li>\u00dcberwachung der Arbeitsbediengungen in der Branche (GAV) und Unterst\u00fctzung bei der Bildungspolitik f\u00fcr das Personal;<\/li>\n<li>Koordinierung und F\u00f6rderung der Beziehungen zwischen den Institutionen, sowie deren Tr\u00e4gerschaften und Direktionen;<\/li>\n<li>Je nach Bedarf Bereitstellung von Information und Beratungen f\u00fcr die Institutionen.<\/li>\n<\/ul>\n<p><a href=\"https:\/\/dev.infri.ch\/wp-content\/uploads\/2019\/01\/statuten-INFRI-2016.pdf\" target=\"_blank\" rel=\"noopener\"><span class=\"wf_file_text\">Statuten INFRI 2016<\/span><\/a><\/p>\n<\/div>\n<\/div><\/div><\/div><\/div><\/div>","protected":false},"excerpt":{"rendered":"<p>Ursula SCHNEIDER SCH\u00dcTTEL, Pr\u00e4sidentin von INFRI und ehemalige Nationalr\u00e4tin &nbsp; Herzlich Willkommen! &nbsp; INFRI ist ein Zusammenschluss von 46 Institutionen des Kantons Freiburg, welche sich mit Menschen mit Behinderung oder in Schwierigkeiten besch\u00e4ftigen. Ursula SCHNEIDER SCH\u00dcTTEL, Pr\u00e4sidentin von INFRI und ehemalige Nationalr\u00e4tin Auszug aus den Statuten des Verbandes: Dem Verband k\u00f6nnen s\u00e4mtliche Institutionen mit Sitz [&hellip;]<\/p>\n","protected":false},"author":1,"featured_media":0,"parent":1875,"menu_order":0,"comment_status":"closed","ping_status":"closed","template":"","meta":{"_acf_changed":false,"inline_featured_image":false,"_monsterinsights_skip_tracking":false,"_monsterinsights_sitenote_active":false,"_monsterinsights_sitenote_note":"","_monsterinsights_sitenote_category":0,"footnotes":""},"class_list":["post-1850","page","type-page","status-publish","hentry"],"acf":[],"yoast_head":"<!-- This site is optimized with the Yoast SEO plugin v26.8 - https:\/\/yoast.com\/product\/yoast-seo-wordpress\/ -->\n<title>Pr\u00e4sentation &#8211; infri<\/title>\n<meta name=\"robots\" content=\"index, follow, max-snippet:-1, max-image-preview:large, max-video-preview:-1\" \/>\n<link rel=\"canonical\" href=\"https:\/\/dev.infri.ch\/de\/verband\/prasentation\/\" \/>\n<meta property=\"og:locale\" content=\"de_DE\" \/>\n<meta property=\"og:type\" content=\"article\" \/>\n<meta property=\"og:title\" content=\"Pr\u00e4sentation &#8211; infri\" \/>\n<meta property=\"og:description\" content=\"Ursula SCHNEIDER SCH\u00dcTTEL, Pr\u00e4sidentin von INFRI und ehemalige Nationalr\u00e4tin &nbsp; Herzlich Willkommen! &nbsp; INFRI ist ein Zusammenschluss von 46 Institutionen des Kantons Freiburg, welche sich mit Menschen mit Behinderung oder in Schwierigkeiten besch\u00e4ftigen. Ursula SCHNEIDER SCH\u00dcTTEL, Pr\u00e4sidentin von INFRI und ehemalige Nationalr\u00e4tin Auszug aus den Statuten des Verbandes: Dem Verband k\u00f6nnen s\u00e4mtliche Institutionen mit Sitz [&hellip;]\" \/>\n<meta property=\"og:url\" content=\"https:\/\/dev.infri.ch\/de\/verband\/prasentation\/\" \/>\n<meta property=\"og:site_name\" content=\"infri\" \/>\n<meta property=\"article:modified_time\" content=\"2024-01-22T11:18:24+00:00\" \/>\n<meta property=\"og:image\" content=\"https:\/\/dev.infri.ch\/wp-content\/uploads\/2019\/02\/presidente-ursula-schneider-schuttel.png\" \/>\n<meta name=\"twitter:card\" content=\"summary_large_image\" \/>\n<meta name=\"twitter:label1\" content=\"Gesch\u00e4tzte Lesezeit\" \/>\n\t<meta name=\"twitter:data1\" content=\"2\u00a0Minuten\" \/>\n<script type=\"application\/ld+json\" class=\"yoast-schema-graph\">{\"@context\":\"https:\/\/schema.org\",\"@graph\":[{\"@type\":\"WebPage\",\"@id\":\"https:\/\/dev.infri.ch\/de\/verband\/prasentation\/\",\"url\":\"https:\/\/dev.infri.ch\/de\/verband\/prasentation\/\",\"name\":\"Pr\u00e4sentation &#8211; infri\",\"isPartOf\":{\"@id\":\"https:\/\/dev.infri.ch\/de\/#website\"},\"primaryImageOfPage\":{\"@id\":\"https:\/\/dev.infri.ch\/de\/verband\/prasentation\/#primaryimage\"},\"image\":{\"@id\":\"https:\/\/dev.infri.ch\/de\/verband\/prasentation\/#primaryimage\"},\"thumbnailUrl\":\"https:\/\/dev.infri.ch\/wp-content\/uploads\/2019\/02\/presidente-ursula-schneider-schuttel.png\",\"datePublished\":\"2018-11-16T10:44:25+00:00\",\"dateModified\":\"2024-01-22T11:18:24+00:00\",\"breadcrumb\":{\"@id\":\"https:\/\/dev.infri.ch\/de\/verband\/prasentation\/#breadcrumb\"},\"inLanguage\":\"de\",\"potentialAction\":[{\"@type\":\"ReadAction\",\"target\":[\"https:\/\/dev.infri.ch\/de\/verband\/prasentation\/\"]}]},{\"@type\":\"ImageObject\",\"inLanguage\":\"de\",\"@id\":\"https:\/\/dev.infri.ch\/de\/verband\/prasentation\/#primaryimage\",\"url\":\"https:\/\/dev.infri.ch\/wp-content\/uploads\/2019\/02\/presidente-ursula-schneider-schuttel.png\",\"contentUrl\":\"https:\/\/dev.infri.ch\/wp-content\/uploads\/2019\/02\/presidente-ursula-schneider-schuttel.png\"},{\"@type\":\"BreadcrumbList\",\"@id\":\"https:\/\/dev.infri.ch\/de\/verband\/prasentation\/#breadcrumb\",\"itemListElement\":[{\"@type\":\"ListItem\",\"position\":1,\"name\":\"Accueil\",\"item\":\"https:\/\/dev.infri.ch\/de\/\"},{\"@type\":\"ListItem\",\"position\":2,\"name\":\"Verband\",\"item\":\"https:\/\/dev.infri.ch\/de\/verband\/\"},{\"@type\":\"ListItem\",\"position\":3,\"name\":\"Pr\u00e4sentation\"}]},{\"@type\":\"WebSite\",\"@id\":\"https:\/\/dev.infri.ch\/de\/#website\",\"url\":\"https:\/\/dev.infri.ch\/de\/\",\"name\":\"infri\",\"description\":\"l&#039;association repr\u00e9sentant les institutions sp\u00e9cialis\u00e9es fribourgeoises\",\"potentialAction\":[{\"@type\":\"SearchAction\",\"target\":{\"@type\":\"EntryPoint\",\"urlTemplate\":\"https:\/\/dev.infri.ch\/de\/?s={search_term_string}\"},\"query-input\":{\"@type\":\"PropertyValueSpecification\",\"valueRequired\":true,\"valueName\":\"search_term_string\"}}],\"inLanguage\":\"de\"}]}<\/script>\n<!-- \/ Yoast SEO plugin. -->","yoast_head_json":{"title":"Pr\u00e4sentation &#8211; infri","robots":{"index":"index","follow":"follow","max-snippet":"max-snippet:-1","max-image-preview":"max-image-preview:large","max-video-preview":"max-video-preview:-1"},"canonical":"https:\/\/dev.infri.ch\/de\/verband\/prasentation\/","og_locale":"de_DE","og_type":"article","og_title":"Pr\u00e4sentation &#8211; infri","og_description":"Ursula SCHNEIDER SCH\u00dcTTEL, Pr\u00e4sidentin von INFRI und ehemalige Nationalr\u00e4tin &nbsp; Herzlich Willkommen! &nbsp; INFRI ist ein Zusammenschluss von 46 Institutionen des Kantons Freiburg, welche sich mit Menschen mit Behinderung oder in Schwierigkeiten besch\u00e4ftigen. Ursula SCHNEIDER SCH\u00dcTTEL, Pr\u00e4sidentin von INFRI und ehemalige Nationalr\u00e4tin Auszug aus den Statuten des Verbandes: Dem Verband k\u00f6nnen s\u00e4mtliche Institutionen mit Sitz [&hellip;]","og_url":"https:\/\/dev.infri.ch\/de\/verband\/prasentation\/","og_site_name":"infri","article_modified_time":"2024-01-22T11:18:24+00:00","og_image":[{"url":"https:\/\/dev.infri.ch\/wp-content\/uploads\/2019\/02\/presidente-ursula-schneider-schuttel.png","type":"","width":"","height":""}],"twitter_card":"summary_large_image","twitter_misc":{"Gesch\u00e4tzte Lesezeit":"2\u00a0Minuten"},"schema":{"@context":"https:\/\/schema.org","@graph":[{"@type":"WebPage","@id":"https:\/\/dev.infri.ch\/de\/verband\/prasentation\/","url":"https:\/\/dev.infri.ch\/de\/verband\/prasentation\/","name":"Pr\u00e4sentation &#8211; infri","isPartOf":{"@id":"https:\/\/dev.infri.ch\/de\/#website"},"primaryImageOfPage":{"@id":"https:\/\/dev.infri.ch\/de\/verband\/prasentation\/#primaryimage"},"image":{"@id":"https:\/\/dev.infri.ch\/de\/verband\/prasentation\/#primaryimage"},"thumbnailUrl":"https:\/\/dev.infri.ch\/wp-content\/uploads\/2019\/02\/presidente-ursula-schneider-schuttel.png","datePublished":"2018-11-16T10:44:25+00:00","dateModified":"2024-01-22T11:18:24+00:00","breadcrumb":{"@id":"https:\/\/dev.infri.ch\/de\/verband\/prasentation\/#breadcrumb"},"inLanguage":"de","potentialAction":[{"@type":"ReadAction","target":["https:\/\/dev.infri.ch\/de\/verband\/prasentation\/"]}]},{"@type":"ImageObject","inLanguage":"de","@id":"https:\/\/dev.infri.ch\/de\/verband\/prasentation\/#primaryimage","url":"https:\/\/dev.infri.ch\/wp-content\/uploads\/2019\/02\/presidente-ursula-schneider-schuttel.png","contentUrl":"https:\/\/dev.infri.ch\/wp-content\/uploads\/2019\/02\/presidente-ursula-schneider-schuttel.png"},{"@type":"BreadcrumbList","@id":"https:\/\/dev.infri.ch\/de\/verband\/prasentation\/#breadcrumb","itemListElement":[{"@type":"ListItem","position":1,"name":"Accueil","item":"https:\/\/dev.infri.ch\/de\/"},{"@type":"ListItem","position":2,"name":"Verband","item":"https:\/\/dev.infri.ch\/de\/verband\/"},{"@type":"ListItem","position":3,"name":"Pr\u00e4sentation"}]},{"@type":"WebSite","@id":"https:\/\/dev.infri.ch\/de\/#website","url":"https:\/\/dev.infri.ch\/de\/","name":"infri","description":"l&#039;association repr\u00e9sentant les institutions sp\u00e9cialis\u00e9es fribourgeoises","potentialAction":[{"@type":"SearchAction","target":{"@type":"EntryPoint","urlTemplate":"https:\/\/dev.infri.ch\/de\/?s={search_term_string}"},"query-input":{"@type":"PropertyValueSpecification","valueRequired":true,"valueName":"search_term_string"}}],"inLanguage":"de"}]}},"_links":{"self":[{"href":"https:\/\/dev.infri.ch\/de\/wp-json\/wp\/v2\/pages\/1850","targetHints":{"allow":["GET"]}}],"collection":[{"href":"https:\/\/dev.infri.ch\/de\/wp-json\/wp\/v2\/pages"}],"about":[{"href":"https:\/\/dev.infri.ch\/de\/wp-json\/wp\/v2\/types\/page"}],"author":[{"embeddable":true,"href":"https:\/\/dev.infri.ch\/de\/wp-json\/wp\/v2\/users\/1"}],"replies":[{"embeddable":true,"href":"https:\/\/dev.infri.ch\/de\/wp-json\/wp\/v2\/comments?post=1850"}],"version-history":[{"count":3,"href":"https:\/\/dev.infri.ch\/de\/wp-json\/wp\/v2\/pages\/1850\/revisions"}],"predecessor-version":[{"id":11300,"href":"https:\/\/dev.infri.ch\/de\/wp-json\/wp\/v2\/pages\/1850\/revisions\/11300"}],"up":[{"embeddable":true,"href":"https:\/\/dev.infri.ch\/de\/wp-json\/wp\/v2\/pages\/1875"}],"wp:attachment":[{"href":"https:\/\/dev.infri.ch\/de\/wp-json\/wp\/v2\/media?parent=1850"}],"curies":[{"name":"wp","href":"https:\/\/api.w.org\/{rel}","templated":true}]}}