{"id":3185,"date":"2019-07-05T10:07:51","date_gmt":"2019-07-05T08:07:51","guid":{"rendered":"https:\/\/dev.infri.ch\/vertrauensstelle\/liste-pole-confiance\/"},"modified":"2023-11-30T10:01:23","modified_gmt":"2023-11-30T09:01:23","slug":"vertrauensstelle-liste","status":"publish","type":"page","link":"https:\/\/dev.infri.ch\/de\/vertrauensstelle\/vertrauensstelle-liste\/","title":{"rendered":"Liste Vertrauensstelle"},"content":{"rendered":"<p style=\"text-align: right;\"><img loading=\"lazy\" decoding=\"async\" class=\"alignnone size-medium wp-image-2369\" src=\"https:\/\/dev.infri.ch\/wp-content\/uploads\/2019\/02\/Logo_Vertrauensstelle-1-300x194.png\" alt=\"\" width=\"300\" height=\"194\" data-wp-editing=\"1\" srcset=\"https:\/\/dev.infri.ch\/wp-content\/uploads\/2019\/02\/Logo_Vertrauensstelle-1-300x194.png 300w, https:\/\/dev.infri.ch\/wp-content\/uploads\/2019\/02\/Logo_Vertrauensstelle-1-768x498.png 768w, https:\/\/dev.infri.ch\/wp-content\/uploads\/2019\/02\/Logo_Vertrauensstelle-1-1024x663.png 1024w, https:\/\/dev.infri.ch\/wp-content\/uploads\/2019\/02\/Logo_Vertrauensstelle-1.png 1193w\" sizes=\"auto, (max-width: 300px) 100vw, 300px\" \/><\/p>\r\n<table style=\"border-collapse: collapse; width: 100%;\">\r\n<tbody>\r\n<tr>\r\n<td style=\"width: 33.118433%;\">Institutions \/ Institutionen:<\/td>\r\n<td style=\"width: 33.548233%;\">\u00a0<\/td>\r\n<td style=\"width: 33.333333%;\">\u00a0<\/td>\r\n<\/tr>\r\n<tr>\r\n<td style=\"width: 33.118433%;\">\r\n<ul>\r\n<li>Home-Ecole Romand, Les Buissonnets<\/li>\r\n<!-- \/wp:list-item -->\r\n\r\n<!-- wp:list-item -->\r\n<li>Homato,\u00a0Les Buissonnets<\/li>\r\n<!-- \/wp:list-item -->\r\n\r\n<!-- wp:list-item -->\r\n<li>sei, Les Buissonnets<\/li>\r\n<!-- \/wp:list-item -->\r\n\r\n<!-- wp:list-item -->\r\n<li>CTTS, Les Buissonnets<\/li>\r\n<!-- \/wp:list-item -->\r\n\r\n<!-- wp:list-item -->\r\n<li>Services g\u00e9n\u00e9raux, Les Buissonnets<\/li>\r\n<!-- \/wp:list-item -->\r\n\r\n<!-- wp:list-item -->\r\n<li>Schulheim, Les Buissonnets<\/li>\r\n<!-- \/wp:list-item -->\r\n\r\n<!-- wp:list-item -->\r\n<li>applico<\/li>\r\n<!-- \/wp:list-item -->\r\n\r\n<!-- wp:list-item -->\r\n<li>Belle Etoile\u00a0<\/li>\r\n<!-- \/wp:list-item -->\r\n\r\n<!-- wp:list-item -->\r\n<li>Le Bosquet\u00a0<\/li>\r\n<!-- \/wp:list-item -->\r\n\r\n<!-- wp:list-item -->\r\n<li>CENSG<\/li>\r\n<!-- \/wp:list-item -->\r\n\r\n<!-- wp:list-item -->\r\n<li>Centre scolaire Villars-Vert\u00a0<\/li>\r\n<!-- \/wp:list-item -->\r\n\r\n<!-- wp:list-item -->\r\n<li>CEP Estavayer-le-Lac<\/li>\r\n<li>CFC \/ BZ Bildungszentrum<\/li>\r\n<li>CFPS Seedorf\u00a0<\/li>\r\n<\/ul>\r\n<\/td>\r\n<td style=\"width: 33.548233%;\">\r\n<p>&nbsp;<\/p>\r\n<ul>\r\n<li>CIS<\/li>\r\n<li>Clos Fleuri<\/li>\r\n<li>Fondation l&#8217;estampille<\/li>\r\n<li>FAH-SEB Misery et Tentlingen<\/li>\r\n<li>FARA<\/li>\r\n<li>Fondation Fribourg pour la Jeunesse FFJ<\/li>\r\n<li>Foyer des Apprentis &#8211; Fondation l&#8217;Eau Vive<\/li>\r\n<li>Fondation Handicap Gl\u00e2ne; Ateliers et Appartements de la Gl\u00e2ne, Home-atelier La Colline, Foyer Carr\u00e9 d&#8217;As et Centre d&#8217;enseignement sp\u00e9cialis\u00e9 et de la logop\u00e9die CESL\/G Carr\u00e9 d&#8217;As\u00a0<\/li>\r\n<li>Flos Carmeli\u00a0<\/li>\r\n<\/ul>\r\n<\/td>\r\n<td style=\"width: 33.333333%;\">\r\n<ul>\r\n<li>HorizonSud\u00a0<\/li>\r\n<li>Nid Clairval \/ Mouvement Enfance et Foyers<\/li>\r\n<li>Les Peupliers\u00a0<\/li>\r\n<li>Le Radeau\u00a0<\/li>\r\n<li>REPER<\/li>\r\n<li>La Rosi\u00e8re<\/li>\r\n<li>Sonnegg<\/li>\r\n<li>Stiftung ssb<\/li>\r\n<li>St-Camille<\/li>\r\n<li>St-Louis<\/li>\r\n<li>Institut St-Joseph du Guintzet<\/li>\r\n<li>Fondation Transit\u00a0<\/li>\r\n<li>Fondation Le Tremplin\u00a0<\/li>\r\n<li>Fondation Le Torry<\/li>\r\n<li>Les Travers\u00e9es<\/li>\r\n<\/ul>\r\n<\/td>\r\n<\/tr>\r\n<tr>\r\n<td style=\"width: 33.118433%;\">\u00a0<\/td>\r\n<td style=\"width: 33.548233%;\">\u00a0<\/td>\r\n<td style=\"width: 33.333333%;\">\u00a0<\/td>\r\n<\/tr>\r\n<tr>\r\n<td style=\"width: 33.118433%;\">\u00a0<\/td>\r\n<td style=\"width: 33.548233%;\">\u00a0<\/td>\r\n<td style=\"width: 33.333333%;\">\u00a0<\/td>\r\n<\/tr>\r\n<tr>\r\n<td style=\"width: 33.118433%;\">\u00a0<\/td>\r\n<td style=\"width: 33.548233%;\">\u00a0<\/td>\r\n<td style=\"width: 33.333333%;\">\u00a0<\/td>\r\n<\/tr>\r\n<tr>\r\n<td style=\"width: 33.118433%;\">\u00a0<\/td>\r\n<td style=\"width: 33.548233%;\">\u00a0<\/td>\r\n<td style=\"width: 33.333333%;\">\u00a0<\/td>\r\n<\/tr>\r\n<tr>\r\n<td style=\"width: 33.118433%;\">\u00a0<\/td>\r\n<td style=\"width: 33.548233%;\">\u00a0<\/td>\r\n<td style=\"width: 33.333333%;\">\u00a0<\/td>\r\n<\/tr>\r\n<tr>\r\n<td style=\"width: 33.118433%;\">\u00a0<\/td>\r\n<td style=\"width: 33.548233%;\">\u00a0<\/td>\r\n<td style=\"width: 33.333333%;\">\u00a0<\/td>\r\n<\/tr>\r\n<tr>\r\n<td style=\"width: 33.118433%;\">\u00a0<\/td>\r\n<td style=\"width: 33.548233%;\">\u00a0<\/td>\r\n<td style=\"width: 33.333333%;\">\u00a0<\/td>\r\n<\/tr>\r\n<tr>\r\n<td style=\"width: 33.118433%;\">\u00a0<\/td>\r\n<td style=\"width: 33.548233%;\">\u00a0<\/td>\r\n<td style=\"width: 33.333333%;\">\u00a0<\/td>\r\n<\/tr>\r\n<\/tbody>\r\n<\/table>\r\n<p>&nbsp;<\/p>\r\n<!-- \/wp:list -->\r\n\r\n<!-- wp:tadv\/classic-paragraph \/-->","protected":false},"excerpt":{"rendered":"<p>Institutions \/ Institutionen: \u00a0 \u00a0 Home-Ecole Romand, Les Buissonnets Homato,\u00a0Les Buissonnets sei, Les Buissonnets CTTS, Les Buissonnets Services g\u00e9n\u00e9raux, Les Buissonnets Schulheim, Les Buissonnets applico Belle Etoile\u00a0 Le Bosquet\u00a0 CENSG Centre scolaire Villars-Vert\u00a0 CEP Estavayer-le-Lac CFC \/ BZ Bildungszentrum CFPS Seedorf\u00a0 &nbsp; CIS Clos Fleuri Fondation l&#8217;estampille FAH-SEB Misery et Tentlingen FARA Fondation Fribourg pour [&hellip;]<\/p>\n","protected":false},"author":1,"featured_media":0,"parent":1792,"menu_order":0,"comment_status":"closed","ping_status":"closed","template":"","meta":{"_acf_changed":false,"inline_featured_image":false,"_monsterinsights_skip_tracking":false,"_monsterinsights_sitenote_active":false,"_monsterinsights_sitenote_note":"","_monsterinsights_sitenote_category":0,"footnotes":""},"class_list":["post-3185","page","type-page","status-publish","hentry"],"acf":[],"yoast_head":"<!-- This site is optimized with the Yoast SEO plugin v26.8 - https:\/\/yoast.com\/product\/yoast-seo-wordpress\/ -->\n<title>Liste Vertrauensstelle &#8211; infri<\/title>\n<meta name=\"robots\" content=\"index, follow, max-snippet:-1, max-image-preview:large, max-video-preview:-1\" \/>\n<link rel=\"canonical\" href=\"https:\/\/dev.infri.ch\/de\/vertrauensstelle\/vertrauensstelle-liste\/\" \/>\n<meta property=\"og:locale\" content=\"de_DE\" \/>\n<meta property=\"og:type\" content=\"article\" \/>\n<meta property=\"og:title\" content=\"Liste Vertrauensstelle &#8211; infri\" \/>\n<meta property=\"og:description\" content=\"Institutions \/ Institutionen: \u00a0 \u00a0 Home-Ecole Romand, Les Buissonnets Homato,\u00a0Les Buissonnets sei, Les Buissonnets CTTS, Les Buissonnets Services g\u00e9n\u00e9raux, Les Buissonnets Schulheim, Les Buissonnets applico Belle Etoile\u00a0 Le Bosquet\u00a0 CENSG Centre scolaire Villars-Vert\u00a0 CEP Estavayer-le-Lac CFC \/ BZ Bildungszentrum CFPS Seedorf\u00a0 &nbsp; CIS Clos Fleuri Fondation l&#8217;estampille FAH-SEB Misery et Tentlingen FARA Fondation Fribourg pour [&hellip;]\" \/>\n<meta property=\"og:url\" content=\"https:\/\/dev.infri.ch\/de\/vertrauensstelle\/vertrauensstelle-liste\/\" \/>\n<meta property=\"og:site_name\" content=\"infri\" \/>\n<meta property=\"article:modified_time\" content=\"2023-11-30T09:01:23+00:00\" \/>\n<meta property=\"og:image\" content=\"https:\/\/dev.infri.ch\/wp-content\/uploads\/2019\/02\/Logo_Vertrauensstelle-1-300x194.png\" \/>\n<meta name=\"twitter:card\" content=\"summary_large_image\" \/>\n<meta name=\"twitter:label1\" content=\"Gesch\u00e4tzte Lesezeit\" \/>\n\t<meta name=\"twitter:data1\" content=\"1\u00a0Minute\" \/>\n<script type=\"application\/ld+json\" class=\"yoast-schema-graph\">{\"@context\":\"https:\/\/schema.org\",\"@graph\":[{\"@type\":\"WebPage\",\"@id\":\"https:\/\/dev.infri.ch\/de\/vertrauensstelle\/vertrauensstelle-liste\/\",\"url\":\"https:\/\/dev.infri.ch\/de\/vertrauensstelle\/vertrauensstelle-liste\/\",\"name\":\"Liste Vertrauensstelle &#8211; infri\",\"isPartOf\":{\"@id\":\"https:\/\/dev.infri.ch\/de\/#website\"},\"primaryImageOfPage\":{\"@id\":\"https:\/\/dev.infri.ch\/de\/vertrauensstelle\/vertrauensstelle-liste\/#primaryimage\"},\"image\":{\"@id\":\"https:\/\/dev.infri.ch\/de\/vertrauensstelle\/vertrauensstelle-liste\/#primaryimage\"},\"thumbnailUrl\":\"https:\/\/dev.infri.ch\/wp-content\/uploads\/2019\/02\/Logo_Vertrauensstelle-1-300x194.png\",\"datePublished\":\"2019-07-05T08:07:51+00:00\",\"dateModified\":\"2023-11-30T09:01:23+00:00\",\"breadcrumb\":{\"@id\":\"https:\/\/dev.infri.ch\/de\/vertrauensstelle\/vertrauensstelle-liste\/#breadcrumb\"},\"inLanguage\":\"de\",\"potentialAction\":[{\"@type\":\"ReadAction\",\"target\":[\"https:\/\/dev.infri.ch\/de\/vertrauensstelle\/vertrauensstelle-liste\/\"]}]},{\"@type\":\"ImageObject\",\"inLanguage\":\"de\",\"@id\":\"https:\/\/dev.infri.ch\/de\/vertrauensstelle\/vertrauensstelle-liste\/#primaryimage\",\"url\":\"https:\/\/dev.infri.ch\/wp-content\/uploads\/2019\/02\/Logo_Vertrauensstelle-1-300x194.png\",\"contentUrl\":\"https:\/\/dev.infri.ch\/wp-content\/uploads\/2019\/02\/Logo_Vertrauensstelle-1-300x194.png\"},{\"@type\":\"BreadcrumbList\",\"@id\":\"https:\/\/dev.infri.ch\/de\/vertrauensstelle\/vertrauensstelle-liste\/#breadcrumb\",\"itemListElement\":[{\"@type\":\"ListItem\",\"position\":1,\"name\":\"Accueil\",\"item\":\"https:\/\/dev.infri.ch\/de\/\"},{\"@type\":\"ListItem\",\"position\":2,\"name\":\"Vertrauensstelle\",\"item\":\"https:\/\/dev.infri.ch\/de\/vertrauensstelle\/\"},{\"@type\":\"ListItem\",\"position\":3,\"name\":\"Liste Vertrauensstelle\"}]},{\"@type\":\"WebSite\",\"@id\":\"https:\/\/dev.infri.ch\/de\/#website\",\"url\":\"https:\/\/dev.infri.ch\/de\/\",\"name\":\"infri\",\"description\":\"l&#039;association repr\u00e9sentant les institutions sp\u00e9cialis\u00e9es fribourgeoises\",\"potentialAction\":[{\"@type\":\"SearchAction\",\"target\":{\"@type\":\"EntryPoint\",\"urlTemplate\":\"https:\/\/dev.infri.ch\/de\/?s={search_term_string}\"},\"query-input\":{\"@type\":\"PropertyValueSpecification\",\"valueRequired\":true,\"valueName\":\"search_term_string\"}}],\"inLanguage\":\"de\"}]}<\/script>\n<!-- \/ Yoast SEO plugin. -->","yoast_head_json":{"title":"Liste Vertrauensstelle &#8211; infri","robots":{"index":"index","follow":"follow","max-snippet":"max-snippet:-1","max-image-preview":"max-image-preview:large","max-video-preview":"max-video-preview:-1"},"canonical":"https:\/\/dev.infri.ch\/de\/vertrauensstelle\/vertrauensstelle-liste\/","og_locale":"de_DE","og_type":"article","og_title":"Liste Vertrauensstelle &#8211; infri","og_description":"Institutions \/ Institutionen: \u00a0 \u00a0 Home-Ecole Romand, Les Buissonnets Homato,\u00a0Les Buissonnets sei, Les Buissonnets CTTS, Les Buissonnets Services g\u00e9n\u00e9raux, Les Buissonnets Schulheim, Les Buissonnets applico Belle Etoile\u00a0 Le Bosquet\u00a0 CENSG Centre scolaire Villars-Vert\u00a0 CEP Estavayer-le-Lac CFC \/ BZ Bildungszentrum CFPS Seedorf\u00a0 &nbsp; CIS Clos Fleuri Fondation l&#8217;estampille FAH-SEB Misery et Tentlingen FARA Fondation Fribourg pour [&hellip;]","og_url":"https:\/\/dev.infri.ch\/de\/vertrauensstelle\/vertrauensstelle-liste\/","og_site_name":"infri","article_modified_time":"2023-11-30T09:01:23+00:00","og_image":[{"url":"https:\/\/dev.infri.ch\/wp-content\/uploads\/2019\/02\/Logo_Vertrauensstelle-1-300x194.png","type":"","width":"","height":""}],"twitter_card":"summary_large_image","twitter_misc":{"Gesch\u00e4tzte Lesezeit":"1\u00a0Minute"},"schema":{"@context":"https:\/\/schema.org","@graph":[{"@type":"WebPage","@id":"https:\/\/dev.infri.ch\/de\/vertrauensstelle\/vertrauensstelle-liste\/","url":"https:\/\/dev.infri.ch\/de\/vertrauensstelle\/vertrauensstelle-liste\/","name":"Liste Vertrauensstelle &#8211; infri","isPartOf":{"@id":"https:\/\/dev.infri.ch\/de\/#website"},"primaryImageOfPage":{"@id":"https:\/\/dev.infri.ch\/de\/vertrauensstelle\/vertrauensstelle-liste\/#primaryimage"},"image":{"@id":"https:\/\/dev.infri.ch\/de\/vertrauensstelle\/vertrauensstelle-liste\/#primaryimage"},"thumbnailUrl":"https:\/\/dev.infri.ch\/wp-content\/uploads\/2019\/02\/Logo_Vertrauensstelle-1-300x194.png","datePublished":"2019-07-05T08:07:51+00:00","dateModified":"2023-11-30T09:01:23+00:00","breadcrumb":{"@id":"https:\/\/dev.infri.ch\/de\/vertrauensstelle\/vertrauensstelle-liste\/#breadcrumb"},"inLanguage":"de","potentialAction":[{"@type":"ReadAction","target":["https:\/\/dev.infri.ch\/de\/vertrauensstelle\/vertrauensstelle-liste\/"]}]},{"@type":"ImageObject","inLanguage":"de","@id":"https:\/\/dev.infri.ch\/de\/vertrauensstelle\/vertrauensstelle-liste\/#primaryimage","url":"https:\/\/dev.infri.ch\/wp-content\/uploads\/2019\/02\/Logo_Vertrauensstelle-1-300x194.png","contentUrl":"https:\/\/dev.infri.ch\/wp-content\/uploads\/2019\/02\/Logo_Vertrauensstelle-1-300x194.png"},{"@type":"BreadcrumbList","@id":"https:\/\/dev.infri.ch\/de\/vertrauensstelle\/vertrauensstelle-liste\/#breadcrumb","itemListElement":[{"@type":"ListItem","position":1,"name":"Accueil","item":"https:\/\/dev.infri.ch\/de\/"},{"@type":"ListItem","position":2,"name":"Vertrauensstelle","item":"https:\/\/dev.infri.ch\/de\/vertrauensstelle\/"},{"@type":"ListItem","position":3,"name":"Liste Vertrauensstelle"}]},{"@type":"WebSite","@id":"https:\/\/dev.infri.ch\/de\/#website","url":"https:\/\/dev.infri.ch\/de\/","name":"infri","description":"l&#039;association repr\u00e9sentant les institutions sp\u00e9cialis\u00e9es fribourgeoises","potentialAction":[{"@type":"SearchAction","target":{"@type":"EntryPoint","urlTemplate":"https:\/\/dev.infri.ch\/de\/?s={search_term_string}"},"query-input":{"@type":"PropertyValueSpecification","valueRequired":true,"valueName":"search_term_string"}}],"inLanguage":"de"}]}},"_links":{"self":[{"href":"https:\/\/dev.infri.ch\/de\/wp-json\/wp\/v2\/pages\/3185","targetHints":{"allow":["GET"]}}],"collection":[{"href":"https:\/\/dev.infri.ch\/de\/wp-json\/wp\/v2\/pages"}],"about":[{"href":"https:\/\/dev.infri.ch\/de\/wp-json\/wp\/v2\/types\/page"}],"author":[{"embeddable":true,"href":"https:\/\/dev.infri.ch\/de\/wp-json\/wp\/v2\/users\/1"}],"replies":[{"embeddable":true,"href":"https:\/\/dev.infri.ch\/de\/wp-json\/wp\/v2\/comments?post=3185"}],"version-history":[{"count":3,"href":"https:\/\/dev.infri.ch\/de\/wp-json\/wp\/v2\/pages\/3185\/revisions"}],"predecessor-version":[{"id":11114,"href":"https:\/\/dev.infri.ch\/de\/wp-json\/wp\/v2\/pages\/3185\/revisions\/11114"}],"up":[{"embeddable":true,"href":"https:\/\/dev.infri.ch\/de\/wp-json\/wp\/v2\/pages\/1792"}],"wp:attachment":[{"href":"https:\/\/dev.infri.ch\/de\/wp-json\/wp\/v2\/media?parent=3185"}],"curies":[{"name":"wp","href":"https:\/\/api.w.org\/{rel}","templated":true}]}}