{"id":7376,"date":"2022-03-31T17:48:26","date_gmt":"2022-03-31T15:48:26","guid":{"rendered":"https:\/\/dev.infri.ch\/fr-addict\/"},"modified":"2023-04-26T10:40:37","modified_gmt":"2023-04-26T08:40:37","slug":"fr-addict","status":"publish","type":"page","link":"https:\/\/dev.infri.ch\/de\/fr-addict\/","title":{"rendered":"FR Addict"},"content":{"rendered":"<p style=\"text-align: left;\"><img loading=\"lazy\" decoding=\"async\" class=\"wp-image-7330 size-medium alignright\" src=\"https:\/\/dev.infri.ch\/wp-content\/uploads\/2022\/03\/FR-Addict-logo-300x166.png\" alt=\"\" width=\"300\" height=\"166\" srcset=\"https:\/\/dev.infri.ch\/wp-content\/uploads\/2022\/03\/FR-Addict-logo-300x166.png 300w, https:\/\/dev.infri.ch\/wp-content\/uploads\/2022\/03\/FR-Addict-logo-1024x567.png 1024w, https:\/\/dev.infri.ch\/wp-content\/uploads\/2022\/03\/FR-Addict-logo-768x425.png 768w, https:\/\/dev.infri.ch\/wp-content\/uploads\/2022\/03\/FR-Addict-logo-1536x851.png 1536w, https:\/\/dev.infri.ch\/wp-content\/uploads\/2022\/03\/FR-Addict-logo-2048x1134.png 2048w\" sizes=\"auto, (max-width: 300px) 100vw, 300px\" \/><i> <\/i><\/p>\n<p><strong>Sucht<br \/>\nein Gesellschaftsproblem, das unsichtbar wird<span class=\"Apple-converted-space\">\u00a0<\/span><\/strong><\/p>\n<p>Ob Alkohol-, Spiel-, Drogen- oder Arbeitssucht: Sucht ist im Kanton Freiburg eine gesellschaftliche Realit\u00e4t. Seit einem halben Jahrhundert stellen Einrichtungen im Bereich der Sozialarbeit den betroffenen Personen ihre Leistungen zur Verf\u00fcgung. Dabei setzen sie auf die etablierte Vier-S\u00e4ulen-Politik des Bundes: Pr\u00e4vention, Therapie, Schadensminderung und Repression. Sie sind zu einem Modell geworden, mit dem die Auswirkungen ihrer Massnahmen f\u00fcr die Betroffenen und die Gesellschaft gemessen werden k\u00f6nnen. Paradoxerweise tr\u00e4gt die Arbeit der Einrichtungen dazu bei, dass die Suchtproblematik in der \u00d6ffentlichkeit weniger sichtbar ist. Trotzdem sind die Bed\u00fcrfnisse der Betroffenen nach wie vor gross und ver\u00e4ndern sich mit der Zeit.<span class=\"Apple-converted-space\">\u00a0<\/span><\/p>\n<p><b>Dokumente zur Verf\u00fcgung:<\/b><\/p>\n<p><a href=\"https:\/\/dev.infri.ch\/wp-content\/uploads\/2022\/03\/De\u00b4pliant-Modele-dimpact_fr-addict.pdf\" target=\"_blank\" rel=\"noopener\"><br \/>\n<img loading=\"lazy\" decoding=\"async\" class=\"aligncenter size-full wp-image-7382\" src=\"https:\/\/dev.infri.ch\/wp-content\/uploads\/2022\/03\/Bildschirmfoto-2022-03-31-um-20.14.05.png\" alt=\"\" width=\"2344\" height=\"1106\" srcset=\"https:\/\/dev.infri.ch\/wp-content\/uploads\/2022\/03\/Bildschirmfoto-2022-03-31-um-20.14.05.png 2344w, https:\/\/dev.infri.ch\/wp-content\/uploads\/2022\/03\/Bildschirmfoto-2022-03-31-um-20.14.05-300x142.png 300w, https:\/\/dev.infri.ch\/wp-content\/uploads\/2022\/03\/Bildschirmfoto-2022-03-31-um-20.14.05-1024x483.png 1024w, https:\/\/dev.infri.ch\/wp-content\/uploads\/2022\/03\/Bildschirmfoto-2022-03-31-um-20.14.05-768x362.png 768w, https:\/\/dev.infri.ch\/wp-content\/uploads\/2022\/03\/Bildschirmfoto-2022-03-31-um-20.14.05-1536x725.png 1536w, https:\/\/dev.infri.ch\/wp-content\/uploads\/2022\/03\/Bildschirmfoto-2022-03-31-um-20.14.05-2048x966.png 2048w\" sizes=\"auto, (max-width: 2344px) 100vw, 2344px\" \/><\/a><\/p>\n<p><a href=\"https:\/\/dev.infri.ch\/wp-content\/uploads\/2022\/03\/Fr-addict_Medienmitteilung_01.04.2022.pdf\" target=\"_blank\" rel=\"noopener\"><span style=\"font-size: 18pt;\">Medienmitteilung 1. April 2022<\/span><\/a><\/p>\n<p><span style=\"font-size: 18pt;\"><strong>Videos FR Addict zum Abspielen:<br \/>\n<\/strong><\/span><\/p>\n<table style=\"border-collapse: collapse; width: 100%;\">\n<tbody>\n<tr style=\"height: 24px;\">\n<td style=\"width: 42.24904701397712%; height: 24px;\"><strong><span style=\"font-size: 12pt;\"><a href=\"https:\/\/vimeo.com\/692303856\" target=\"_blank\" rel=\"noopener\">1. Equip&#8217;Appart<\/a><\/span><\/strong><\/td>\n<td style=\"width: 57.75095298602288%; height: 24px;\"><strong><a href=\"https:\/\/vimeo.com\/707739847\" target=\"_blank\" rel=\"noopener\">7. Konsum bei Jugendlichen &#8211; REPER<\/a><\/strong><\/td>\n<\/tr>\n<tr style=\"height: 24px;\">\n<td style=\"width: 42.24904701397712%; height: 24px;\"><strong><a href=\"https:\/\/vimeo.com\/692194547\" target=\"_blank\" rel=\"noopener\">2. EPSM &#8222;Besch\u00e4digte K\u00f6rper&amp;Seelen&#8220;\u00a0<\/a><\/strong><\/td>\n<td style=\"width: 57.75095298602288%; height: 24px;\"><a href=\"https:\/\/vimeo.com\/708723797\" target=\"_blank\" rel=\"noopener\"><strong>8. Marktregulierung: Sicht von\u00a0Fachleuten<\/strong><\/a><\/td>\n<\/tr>\n<tr style=\"height: 24px;\">\n<td style=\"width: 42.24904701397712%; height: 24px;\"><strong><a href=\"https:\/\/vimeo.com\/694450071\" target=\"_blank\" rel=\"noopener\">3. Spiele und Bildschirme<\/a><\/strong><\/td>\n<td style=\"width: 57.75095298602288%; height: 24px;\"><a href=\"https:\/\/vimeo.com\/709593168\"><strong>9. Marktregulierung: Blick der\u00a0Justiz<\/strong><\/a><\/td>\n<\/tr>\n<tr style=\"height: 24px;\">\n<td style=\"width: 42.24904701397712%; height: 24px;\"><strong><a href=\"https:\/\/vimeo.com\/694973397\" target=\"_blank\" rel=\"noopener\">4. B\u00fcrger, B\u00fcrgerin<\/a><\/strong><\/td>\n<td style=\"width: 57.75095298602288%; height: 24px;\"><a href=\"https:\/\/vimeo.com\/710015647\"><strong>10. Entkriminalisierung von Cannabis<\/strong><\/a><\/td>\n<\/tr>\n<tr style=\"height: 24px;\">\n<td style=\"width: 42.24904701397712%; height: 24px;\"><a href=\"https:\/\/vimeo.com\/704941708\" target=\"_blank\" rel=\"noopener\"><strong>5. Mehrwert von Wohnheimen<\/strong><\/a><\/td>\n<td style=\"width: 57.75095298602288%; height: 24px;\"><a href=\"https:\/\/vimeo.com\/710282222\" target=\"_blank\" rel=\"noopener\"><strong>11. Abstinenz vs. kontrollierter Konsum<\/strong><\/a><\/td>\n<\/tr>\n<tr style=\"height: 24px;\">\n<td style=\"width: 42.24904701397712%; height: 24px;\"><a href=\"https:\/\/vimeo.com\/704481119\" target=\"_blank\" rel=\"noopener\"><strong>6. Konsumraum<\/strong><\/a><\/td>\n<td style=\"width: 57.75095298602288%; height: 24px;\"><span style=\"font-size: 12pt;\"><strong><a href=\"https:\/\/vimeo.com\/710935653\" target=\"_blank\" rel=\"noopener\">12. Erfahrungsbericht<\/a><\/strong><strong>\u00a0<\/strong><\/span><\/td>\n<\/tr>\n<\/tbody>\n<\/table>\n<p><span style=\"font-size: 12pt;\">Die Videos wurden von\u00a0<a href=\"http:\/\/www.tokyomoon.ch\/\" target=\"_blank\" rel=\"noopener\">Tokyo Moon<\/a> produziert, Musik von\u00a0<a href=\"https:\/\/findmehear.com\/\" target=\"_blank\" rel=\"noopener\">Jeanne<\/a>.<\/span><\/p>\n<p><span style=\"font-size: 18pt;\">Photos zum Anschauen der Gala vom 1. Juni 2022:<br \/>\n<\/span><\/p>\n<table style=\"border-collapse: collapse; width: 100%; height: 72px;\">\n<tbody>\n<tr style=\"height: 24px;\">\n<td style=\"width: 20%; height: 24px;\"><a href=\"https:\/\/dev.infri.ch\/wp-content\/uploads\/2022\/06\/Gala_web_wm_\u00a9GhislaineHeger_0268.jpg\"><img loading=\"lazy\" decoding=\"async\" class=\"aligncenter size-full wp-image-7910\" src=\"https:\/\/dev.infri.ch\/wp-content\/uploads\/2022\/06\/Gala_web_wm_\u00a9GhislaineHeger_0268.jpg\" alt=\"\" width=\"1772\" height=\"1181\" srcset=\"https:\/\/dev.infri.ch\/wp-content\/uploads\/2022\/06\/Gala_web_wm_\u00a9GhislaineHeger_0268.jpg 1772w, https:\/\/dev.infri.ch\/wp-content\/uploads\/2022\/06\/Gala_web_wm_\u00a9GhislaineHeger_0268-300x200.jpg 300w, https:\/\/dev.infri.ch\/wp-content\/uploads\/2022\/06\/Gala_web_wm_\u00a9GhislaineHeger_0268-1024x682.jpg 1024w, https:\/\/dev.infri.ch\/wp-content\/uploads\/2022\/06\/Gala_web_wm_\u00a9GhislaineHeger_0268-768x512.jpg 768w, https:\/\/dev.infri.ch\/wp-content\/uploads\/2022\/06\/Gala_web_wm_\u00a9GhislaineHeger_0268-1536x1024.jpg 1536w, https:\/\/dev.infri.ch\/wp-content\/uploads\/2022\/06\/Gala_web_wm_\u00a9GhislaineHeger_0268-272x182.jpg 272w\" sizes=\"auto, (max-width: 1772px) 100vw, 1772px\" \/><\/a><\/td>\n<td style=\"width: 20%; height: 24px;\"><a href=\"https:\/\/dev.infri.ch\/wp-content\/uploads\/2022\/06\/Gala_web_wm_\u00a9GhislaineHeger_0100.jpg\"><img loading=\"lazy\" decoding=\"async\" class=\"aligncenter size-full wp-image-7919\" src=\"https:\/\/dev.infri.ch\/wp-content\/uploads\/2022\/06\/Gala_web_wm_\u00a9GhislaineHeger_0100.jpg\" alt=\"\" width=\"1772\" height=\"1181\" srcset=\"https:\/\/dev.infri.ch\/wp-content\/uploads\/2022\/06\/Gala_web_wm_\u00a9GhislaineHeger_0100.jpg 1772w, https:\/\/dev.infri.ch\/wp-content\/uploads\/2022\/06\/Gala_web_wm_\u00a9GhislaineHeger_0100-300x200.jpg 300w, https:\/\/dev.infri.ch\/wp-content\/uploads\/2022\/06\/Gala_web_wm_\u00a9GhislaineHeger_0100-1024x682.jpg 1024w, https:\/\/dev.infri.ch\/wp-content\/uploads\/2022\/06\/Gala_web_wm_\u00a9GhislaineHeger_0100-768x512.jpg 768w, https:\/\/dev.infri.ch\/wp-content\/uploads\/2022\/06\/Gala_web_wm_\u00a9GhislaineHeger_0100-1536x1024.jpg 1536w, https:\/\/dev.infri.ch\/wp-content\/uploads\/2022\/06\/Gala_web_wm_\u00a9GhislaineHeger_0100-272x182.jpg 272w\" sizes=\"auto, (max-width: 1772px) 100vw, 1772px\" \/><\/a><\/td>\n<td style=\"width: 20%; height: 24px;\"><a href=\"https:\/\/dev.infri.ch\/wp-content\/uploads\/2022\/06\/Gala_web_wm_\u00a9GhislaineHeger_0097.jpg\"><img loading=\"lazy\" decoding=\"async\" class=\"aligncenter size-full wp-image-7917\" src=\"https:\/\/dev.infri.ch\/wp-content\/uploads\/2022\/06\/Gala_web_wm_\u00a9GhislaineHeger_0097.jpg\" alt=\"\" width=\"1772\" height=\"1181\" srcset=\"https:\/\/dev.infri.ch\/wp-content\/uploads\/2022\/06\/Gala_web_wm_\u00a9GhislaineHeger_0097.jpg 1772w, https:\/\/dev.infri.ch\/wp-content\/uploads\/2022\/06\/Gala_web_wm_\u00a9GhislaineHeger_0097-300x200.jpg 300w, https:\/\/dev.infri.ch\/wp-content\/uploads\/2022\/06\/Gala_web_wm_\u00a9GhislaineHeger_0097-1024x682.jpg 1024w, https:\/\/dev.infri.ch\/wp-content\/uploads\/2022\/06\/Gala_web_wm_\u00a9GhislaineHeger_0097-768x512.jpg 768w, https:\/\/dev.infri.ch\/wp-content\/uploads\/2022\/06\/Gala_web_wm_\u00a9GhislaineHeger_0097-1536x1024.jpg 1536w, https:\/\/dev.infri.ch\/wp-content\/uploads\/2022\/06\/Gala_web_wm_\u00a9GhislaineHeger_0097-272x182.jpg 272w\" sizes=\"auto, (max-width: 1772px) 100vw, 1772px\" \/><\/a><\/td>\n<td style=\"width: 20%; height: 24px;\"><a href=\"https:\/\/dev.infri.ch\/wp-content\/uploads\/2022\/06\/Gala_web_wm_\u00a9GhislaineHeger_0172.jpg\"><img loading=\"lazy\" decoding=\"async\" class=\"aligncenter size-full wp-image-7923\" src=\"https:\/\/dev.infri.ch\/wp-content\/uploads\/2022\/06\/Gala_web_wm_\u00a9GhislaineHeger_0172.jpg\" alt=\"\" width=\"1772\" height=\"1181\" srcset=\"https:\/\/dev.infri.ch\/wp-content\/uploads\/2022\/06\/Gala_web_wm_\u00a9GhislaineHeger_0172.jpg 1772w, https:\/\/dev.infri.ch\/wp-content\/uploads\/2022\/06\/Gala_web_wm_\u00a9GhislaineHeger_0172-300x200.jpg 300w, https:\/\/dev.infri.ch\/wp-content\/uploads\/2022\/06\/Gala_web_wm_\u00a9GhislaineHeger_0172-1024x682.jpg 1024w, https:\/\/dev.infri.ch\/wp-content\/uploads\/2022\/06\/Gala_web_wm_\u00a9GhislaineHeger_0172-768x512.jpg 768w, https:\/\/dev.infri.ch\/wp-content\/uploads\/2022\/06\/Gala_web_wm_\u00a9GhislaineHeger_0172-1536x1024.jpg 1536w, https:\/\/dev.infri.ch\/wp-content\/uploads\/2022\/06\/Gala_web_wm_\u00a9GhislaineHeger_0172-272x182.jpg 272w\" sizes=\"auto, (max-width: 1772px) 100vw, 1772px\" \/><\/a><\/td>\n<td style=\"width: 20%; height: 24px;\"><a href=\"https:\/\/dev.infri.ch\/wp-content\/uploads\/2022\/06\/Gala_web_wm_\u00a9GhislaineHeger_0085.jpg\"><img loading=\"lazy\" decoding=\"async\" class=\"aligncenter size-full wp-image-7913\" src=\"https:\/\/dev.infri.ch\/wp-content\/uploads\/2022\/06\/Gala_web_wm_\u00a9GhislaineHeger_0085.jpg\" alt=\"\" width=\"1772\" height=\"1181\" srcset=\"https:\/\/dev.infri.ch\/wp-content\/uploads\/2022\/06\/Gala_web_wm_\u00a9GhislaineHeger_0085.jpg 1772w, https:\/\/dev.infri.ch\/wp-content\/uploads\/2022\/06\/Gala_web_wm_\u00a9GhislaineHeger_0085-300x200.jpg 300w, https:\/\/dev.infri.ch\/wp-content\/uploads\/2022\/06\/Gala_web_wm_\u00a9GhislaineHeger_0085-1024x682.jpg 1024w, https:\/\/dev.infri.ch\/wp-content\/uploads\/2022\/06\/Gala_web_wm_\u00a9GhislaineHeger_0085-768x512.jpg 768w, https:\/\/dev.infri.ch\/wp-content\/uploads\/2022\/06\/Gala_web_wm_\u00a9GhislaineHeger_0085-1536x1024.jpg 1536w, https:\/\/dev.infri.ch\/wp-content\/uploads\/2022\/06\/Gala_web_wm_\u00a9GhislaineHeger_0085-272x182.jpg 272w\" sizes=\"auto, (max-width: 1772px) 100vw, 1772px\" \/><\/a><\/td>\n<\/tr>\n<tr style=\"height: 24px;\">\n<td style=\"width: 20%; height: 24px;\"><a href=\"https:\/\/dev.infri.ch\/wp-content\/uploads\/2022\/06\/Gala_web_wm_\u00a9GhislaineHeger_0371.jpg\"><img loading=\"lazy\" decoding=\"async\" class=\"aligncenter size-full wp-image-7945\" src=\"https:\/\/dev.infri.ch\/wp-content\/uploads\/2022\/06\/Gala_web_wm_\u00a9GhislaineHeger_0371.jpg\" alt=\"\" width=\"1772\" height=\"1181\" srcset=\"https:\/\/dev.infri.ch\/wp-content\/uploads\/2022\/06\/Gala_web_wm_\u00a9GhislaineHeger_0371.jpg 1772w, https:\/\/dev.infri.ch\/wp-content\/uploads\/2022\/06\/Gala_web_wm_\u00a9GhislaineHeger_0371-300x200.jpg 300w, https:\/\/dev.infri.ch\/wp-content\/uploads\/2022\/06\/Gala_web_wm_\u00a9GhislaineHeger_0371-1024x682.jpg 1024w, https:\/\/dev.infri.ch\/wp-content\/uploads\/2022\/06\/Gala_web_wm_\u00a9GhislaineHeger_0371-768x512.jpg 768w, https:\/\/dev.infri.ch\/wp-content\/uploads\/2022\/06\/Gala_web_wm_\u00a9GhislaineHeger_0371-1536x1024.jpg 1536w, https:\/\/dev.infri.ch\/wp-content\/uploads\/2022\/06\/Gala_web_wm_\u00a9GhislaineHeger_0371-272x182.jpg 272w\" sizes=\"auto, (max-width: 1772px) 100vw, 1772px\" \/><\/a><\/td>\n<td style=\"width: 20%; height: 24px;\"><a href=\"https:\/\/dev.infri.ch\/wp-content\/uploads\/2022\/06\/Gala_web_wm_\u00a9GhislaineHeger_0414.jpg\"><img loading=\"lazy\" decoding=\"async\" class=\"aligncenter size-full wp-image-7929\" src=\"https:\/\/dev.infri.ch\/wp-content\/uploads\/2022\/06\/Gala_web_wm_\u00a9GhislaineHeger_0414.jpg\" alt=\"\" width=\"1772\" height=\"1181\" srcset=\"https:\/\/dev.infri.ch\/wp-content\/uploads\/2022\/06\/Gala_web_wm_\u00a9GhislaineHeger_0414.jpg 1772w, https:\/\/dev.infri.ch\/wp-content\/uploads\/2022\/06\/Gala_web_wm_\u00a9GhislaineHeger_0414-300x200.jpg 300w, https:\/\/dev.infri.ch\/wp-content\/uploads\/2022\/06\/Gala_web_wm_\u00a9GhislaineHeger_0414-1024x682.jpg 1024w, https:\/\/dev.infri.ch\/wp-content\/uploads\/2022\/06\/Gala_web_wm_\u00a9GhislaineHeger_0414-768x512.jpg 768w, https:\/\/dev.infri.ch\/wp-content\/uploads\/2022\/06\/Gala_web_wm_\u00a9GhislaineHeger_0414-1536x1024.jpg 1536w, https:\/\/dev.infri.ch\/wp-content\/uploads\/2022\/06\/Gala_web_wm_\u00a9GhislaineHeger_0414-272x182.jpg 272w\" sizes=\"auto, (max-width: 1772px) 100vw, 1772px\" \/><\/a><\/td>\n<td style=\"width: 20%; height: 24px;\"><a href=\"https:\/\/dev.infri.ch\/wp-content\/uploads\/2022\/06\/Gala_web_wm_\u00a9GhislaineHeger_0597.jpg\"><img loading=\"lazy\" decoding=\"async\" class=\"aligncenter size-full wp-image-7935\" src=\"https:\/\/dev.infri.ch\/wp-content\/uploads\/2022\/06\/Gala_web_wm_\u00a9GhislaineHeger_0597.jpg\" alt=\"\" width=\"1772\" height=\"1181\" srcset=\"https:\/\/dev.infri.ch\/wp-content\/uploads\/2022\/06\/Gala_web_wm_\u00a9GhislaineHeger_0597.jpg 1772w, https:\/\/dev.infri.ch\/wp-content\/uploads\/2022\/06\/Gala_web_wm_\u00a9GhislaineHeger_0597-300x200.jpg 300w, https:\/\/dev.infri.ch\/wp-content\/uploads\/2022\/06\/Gala_web_wm_\u00a9GhislaineHeger_0597-1024x682.jpg 1024w, https:\/\/dev.infri.ch\/wp-content\/uploads\/2022\/06\/Gala_web_wm_\u00a9GhislaineHeger_0597-768x512.jpg 768w, https:\/\/dev.infri.ch\/wp-content\/uploads\/2022\/06\/Gala_web_wm_\u00a9GhislaineHeger_0597-1536x1024.jpg 1536w, https:\/\/dev.infri.ch\/wp-content\/uploads\/2022\/06\/Gala_web_wm_\u00a9GhislaineHeger_0597-272x182.jpg 272w\" sizes=\"auto, (max-width: 1772px) 100vw, 1772px\" \/><\/a><\/td>\n<td style=\"width: 20%; height: 24px;\"><a href=\"https:\/\/dev.infri.ch\/wp-content\/uploads\/2022\/06\/Gala_web_wm_\u00a9GhislaineHeger_0877.jpg\"><img loading=\"lazy\" decoding=\"async\" class=\"aligncenter size-full wp-image-7941\" src=\"https:\/\/dev.infri.ch\/wp-content\/uploads\/2022\/06\/Gala_web_wm_\u00a9GhislaineHeger_0877.jpg\" alt=\"\" width=\"1772\" height=\"1181\" srcset=\"https:\/\/dev.infri.ch\/wp-content\/uploads\/2022\/06\/Gala_web_wm_\u00a9GhislaineHeger_0877.jpg 1772w, https:\/\/dev.infri.ch\/wp-content\/uploads\/2022\/06\/Gala_web_wm_\u00a9GhislaineHeger_0877-300x200.jpg 300w, https:\/\/dev.infri.ch\/wp-content\/uploads\/2022\/06\/Gala_web_wm_\u00a9GhislaineHeger_0877-1024x682.jpg 1024w, https:\/\/dev.infri.ch\/wp-content\/uploads\/2022\/06\/Gala_web_wm_\u00a9GhislaineHeger_0877-768x512.jpg 768w, https:\/\/dev.infri.ch\/wp-content\/uploads\/2022\/06\/Gala_web_wm_\u00a9GhislaineHeger_0877-1536x1024.jpg 1536w, https:\/\/dev.infri.ch\/wp-content\/uploads\/2022\/06\/Gala_web_wm_\u00a9GhislaineHeger_0877-272x182.jpg 272w\" sizes=\"auto, (max-width: 1772px) 100vw, 1772px\" \/><\/a><\/td>\n<td style=\"width: 20%; height: 24px;\"><a href=\"https:\/\/dev.infri.ch\/wp-content\/uploads\/2022\/06\/Gala_web_wm_\u00a9GhislaineHeger_0500.jpg\"><img loading=\"lazy\" decoding=\"async\" class=\"aligncenter size-full wp-image-7931\" src=\"https:\/\/dev.infri.ch\/wp-content\/uploads\/2022\/06\/Gala_web_wm_\u00a9GhislaineHeger_0500.jpg\" alt=\"\" width=\"1772\" height=\"1181\" srcset=\"https:\/\/dev.infri.ch\/wp-content\/uploads\/2022\/06\/Gala_web_wm_\u00a9GhislaineHeger_0500.jpg 1772w, https:\/\/dev.infri.ch\/wp-content\/uploads\/2022\/06\/Gala_web_wm_\u00a9GhislaineHeger_0500-300x200.jpg 300w, https:\/\/dev.infri.ch\/wp-content\/uploads\/2022\/06\/Gala_web_wm_\u00a9GhislaineHeger_0500-1024x682.jpg 1024w, https:\/\/dev.infri.ch\/wp-content\/uploads\/2022\/06\/Gala_web_wm_\u00a9GhislaineHeger_0500-768x512.jpg 768w, https:\/\/dev.infri.ch\/wp-content\/uploads\/2022\/06\/Gala_web_wm_\u00a9GhislaineHeger_0500-1536x1024.jpg 1536w, https:\/\/dev.infri.ch\/wp-content\/uploads\/2022\/06\/Gala_web_wm_\u00a9GhislaineHeger_0500-272x182.jpg 272w\" sizes=\"auto, (max-width: 1772px) 100vw, 1772px\" \/><\/a><\/td>\n<\/tr>\n<tr style=\"height: 24px;\">\n<td style=\"width: 20%; height: 24px;\"><a href=\"https:\/\/dev.infri.ch\/wp-content\/uploads\/2022\/06\/Gala_web_wm_\u00a9GhislaineHeger_0087-1.jpg\"><img loading=\"lazy\" decoding=\"async\" class=\"aligncenter size-full wp-image-7915\" src=\"https:\/\/dev.infri.ch\/wp-content\/uploads\/2022\/06\/Gala_web_wm_\u00a9GhislaineHeger_0087-1.jpg\" alt=\"\" width=\"1181\" height=\"1772\" srcset=\"https:\/\/dev.infri.ch\/wp-content\/uploads\/2022\/06\/Gala_web_wm_\u00a9GhislaineHeger_0087-1.jpg 1181w, https:\/\/dev.infri.ch\/wp-content\/uploads\/2022\/06\/Gala_web_wm_\u00a9GhislaineHeger_0087-1-200x300.jpg 200w, https:\/\/dev.infri.ch\/wp-content\/uploads\/2022\/06\/Gala_web_wm_\u00a9GhislaineHeger_0087-1-682x1024.jpg 682w, https:\/\/dev.infri.ch\/wp-content\/uploads\/2022\/06\/Gala_web_wm_\u00a9GhislaineHeger_0087-1-768x1152.jpg 768w, https:\/\/dev.infri.ch\/wp-content\/uploads\/2022\/06\/Gala_web_wm_\u00a9GhislaineHeger_0087-1-1024x1536.jpg 1024w\" sizes=\"auto, (max-width: 1181px) 100vw, 1181px\" \/><\/a><\/td>\n<td style=\"width: 20%; height: 24px;\"><a href=\"https:\/\/dev.infri.ch\/wp-content\/uploads\/2022\/06\/Gala_web_wm_\u00a9GhislaineHeger_0510.jpg\"><img loading=\"lazy\" decoding=\"async\" class=\"aligncenter size-full wp-image-7933\" src=\"https:\/\/dev.infri.ch\/wp-content\/uploads\/2022\/06\/Gala_web_wm_\u00a9GhislaineHeger_0510.jpg\" alt=\"\" width=\"1772\" height=\"1181\" srcset=\"https:\/\/dev.infri.ch\/wp-content\/uploads\/2022\/06\/Gala_web_wm_\u00a9GhislaineHeger_0510.jpg 1772w, https:\/\/dev.infri.ch\/wp-content\/uploads\/2022\/06\/Gala_web_wm_\u00a9GhislaineHeger_0510-300x200.jpg 300w, https:\/\/dev.infri.ch\/wp-content\/uploads\/2022\/06\/Gala_web_wm_\u00a9GhislaineHeger_0510-1024x682.jpg 1024w, https:\/\/dev.infri.ch\/wp-content\/uploads\/2022\/06\/Gala_web_wm_\u00a9GhislaineHeger_0510-768x512.jpg 768w, https:\/\/dev.infri.ch\/wp-content\/uploads\/2022\/06\/Gala_web_wm_\u00a9GhislaineHeger_0510-1536x1024.jpg 1536w, https:\/\/dev.infri.ch\/wp-content\/uploads\/2022\/06\/Gala_web_wm_\u00a9GhislaineHeger_0510-272x182.jpg 272w\" sizes=\"auto, (max-width: 1772px) 100vw, 1772px\" \/><\/a><\/td>\n<td style=\"width: 20%; height: 24px;\"><a href=\"https:\/\/dev.infri.ch\/wp-content\/uploads\/2022\/06\/Gala_web_wm_\u00a9GhislaineHeger_0741.jpg\"><img loading=\"lazy\" decoding=\"async\" class=\"aligncenter size-full wp-image-7939\" src=\"https:\/\/dev.infri.ch\/wp-content\/uploads\/2022\/06\/Gala_web_wm_\u00a9GhislaineHeger_0741.jpg\" alt=\"\" width=\"1772\" height=\"1181\" srcset=\"https:\/\/dev.infri.ch\/wp-content\/uploads\/2022\/06\/Gala_web_wm_\u00a9GhislaineHeger_0741.jpg 1772w, https:\/\/dev.infri.ch\/wp-content\/uploads\/2022\/06\/Gala_web_wm_\u00a9GhislaineHeger_0741-300x200.jpg 300w, https:\/\/dev.infri.ch\/wp-content\/uploads\/2022\/06\/Gala_web_wm_\u00a9GhislaineHeger_0741-1024x682.jpg 1024w, https:\/\/dev.infri.ch\/wp-content\/uploads\/2022\/06\/Gala_web_wm_\u00a9GhislaineHeger_0741-768x512.jpg 768w, https:\/\/dev.infri.ch\/wp-content\/uploads\/2022\/06\/Gala_web_wm_\u00a9GhislaineHeger_0741-1536x1024.jpg 1536w, https:\/\/dev.infri.ch\/wp-content\/uploads\/2022\/06\/Gala_web_wm_\u00a9GhislaineHeger_0741-272x182.jpg 272w\" sizes=\"auto, (max-width: 1772px) 100vw, 1772px\" \/><\/a><\/td>\n<td style=\"width: 20%; height: 24px;\"><a href=\"https:\/\/dev.infri.ch\/wp-content\/uploads\/2022\/06\/Gala_web_wm_\u00a9GhislaineHeger_0897.jpg\"><img loading=\"lazy\" decoding=\"async\" class=\"aligncenter size-full wp-image-7943\" src=\"https:\/\/dev.infri.ch\/wp-content\/uploads\/2022\/06\/Gala_web_wm_\u00a9GhislaineHeger_0897.jpg\" alt=\"\" width=\"1772\" height=\"1181\" srcset=\"https:\/\/dev.infri.ch\/wp-content\/uploads\/2022\/06\/Gala_web_wm_\u00a9GhislaineHeger_0897.jpg 1772w, https:\/\/dev.infri.ch\/wp-content\/uploads\/2022\/06\/Gala_web_wm_\u00a9GhislaineHeger_0897-300x200.jpg 300w, https:\/\/dev.infri.ch\/wp-content\/uploads\/2022\/06\/Gala_web_wm_\u00a9GhislaineHeger_0897-1024x682.jpg 1024w, https:\/\/dev.infri.ch\/wp-content\/uploads\/2022\/06\/Gala_web_wm_\u00a9GhislaineHeger_0897-768x512.jpg 768w, https:\/\/dev.infri.ch\/wp-content\/uploads\/2022\/06\/Gala_web_wm_\u00a9GhislaineHeger_0897-1536x1024.jpg 1536w, https:\/\/dev.infri.ch\/wp-content\/uploads\/2022\/06\/Gala_web_wm_\u00a9GhislaineHeger_0897-272x182.jpg 272w\" sizes=\"auto, (max-width: 1772px) 100vw, 1772px\" \/><\/a><\/td>\n<td style=\"width: 20%; height: 24px;\"><a href=\"https:\/\/dev.infri.ch\/wp-content\/uploads\/2022\/06\/Gala_web_wm_\u00a9GhislaineHeger_0686.jpg\"><img loading=\"lazy\" decoding=\"async\" class=\"aligncenter size-full wp-image-7937\" src=\"https:\/\/dev.infri.ch\/wp-content\/uploads\/2022\/06\/Gala_web_wm_\u00a9GhislaineHeger_0686.jpg\" alt=\"\" width=\"1772\" height=\"1181\" srcset=\"https:\/\/dev.infri.ch\/wp-content\/uploads\/2022\/06\/Gala_web_wm_\u00a9GhislaineHeger_0686.jpg 1772w, https:\/\/dev.infri.ch\/wp-content\/uploads\/2022\/06\/Gala_web_wm_\u00a9GhislaineHeger_0686-300x200.jpg 300w, https:\/\/dev.infri.ch\/wp-content\/uploads\/2022\/06\/Gala_web_wm_\u00a9GhislaineHeger_0686-1024x682.jpg 1024w, https:\/\/dev.infri.ch\/wp-content\/uploads\/2022\/06\/Gala_web_wm_\u00a9GhislaineHeger_0686-768x512.jpg 768w, https:\/\/dev.infri.ch\/wp-content\/uploads\/2022\/06\/Gala_web_wm_\u00a9GhislaineHeger_0686-1536x1024.jpg 1536w, https:\/\/dev.infri.ch\/wp-content\/uploads\/2022\/06\/Gala_web_wm_\u00a9GhislaineHeger_0686-272x182.jpg 272w\" sizes=\"auto, (max-width: 1772px) 100vw, 1772px\" \/><\/a><\/td>\n<\/tr>\n<\/tbody>\n<\/table>\n<p><span style=\"font-size: 18pt;\">\u00a0<\/span><\/p>\n","protected":false},"excerpt":{"rendered":"<p>Sucht ein Gesellschaftsproblem, das unsichtbar wird\u00a0 Ob Alkohol-, Spiel-, Drogen- oder Arbeitssucht: Sucht ist im Kanton Freiburg eine gesellschaftliche Realit\u00e4t. Seit einem halben Jahrhundert stellen Einrichtungen im Bereich der Sozialarbeit den betroffenen Personen ihre Leistungen zur Verf\u00fcgung. Dabei setzen sie auf die etablierte Vier-S\u00e4ulen-Politik des Bundes: Pr\u00e4vention, Therapie, Schadensminderung und Repression. Sie sind zu einem [&hellip;]<\/p>\n","protected":false},"author":2,"featured_media":0,"parent":0,"menu_order":0,"comment_status":"closed","ping_status":"closed","template":"","meta":{"_acf_changed":false,"inline_featured_image":false,"_monsterinsights_skip_tracking":false,"_monsterinsights_sitenote_active":false,"_monsterinsights_sitenote_note":"","_monsterinsights_sitenote_category":0,"footnotes":""},"class_list":["post-7376","page","type-page","status-publish","hentry"],"acf":[],"yoast_head":"<!-- This site is optimized with the Yoast SEO plugin v26.8 - https:\/\/yoast.com\/product\/yoast-seo-wordpress\/ -->\n<title>FR Addict &#8211; infri<\/title>\n<meta name=\"robots\" content=\"index, follow, max-snippet:-1, max-image-preview:large, max-video-preview:-1\" \/>\n<link rel=\"canonical\" href=\"https:\/\/dev.infri.ch\/de\/fr-addict\/\" \/>\n<meta property=\"og:locale\" content=\"de_DE\" \/>\n<meta property=\"og:type\" content=\"article\" \/>\n<meta property=\"og:title\" content=\"FR Addict &#8211; infri\" \/>\n<meta property=\"og:description\" content=\"Sucht ein Gesellschaftsproblem, das unsichtbar wird\u00a0 Ob Alkohol-, Spiel-, Drogen- oder Arbeitssucht: Sucht ist im Kanton Freiburg eine gesellschaftliche Realit\u00e4t. Seit einem halben Jahrhundert stellen Einrichtungen im Bereich der Sozialarbeit den betroffenen Personen ihre Leistungen zur Verf\u00fcgung. Dabei setzen sie auf die etablierte Vier-S\u00e4ulen-Politik des Bundes: Pr\u00e4vention, Therapie, Schadensminderung und Repression. Sie sind zu einem [&hellip;]\" \/>\n<meta property=\"og:url\" content=\"https:\/\/dev.infri.ch\/de\/fr-addict\/\" \/>\n<meta property=\"og:site_name\" content=\"infri\" \/>\n<meta property=\"article:modified_time\" content=\"2023-04-26T08:40:37+00:00\" \/>\n<meta property=\"og:image\" content=\"https:\/\/dev.infri.ch\/wp-content\/uploads\/2022\/03\/FR-Addict-logo-300x166.png\" \/>\n<meta name=\"twitter:card\" content=\"summary_large_image\" \/>\n<meta name=\"twitter:label1\" content=\"Gesch\u00e4tzte Lesezeit\" \/>\n\t<meta name=\"twitter:data1\" content=\"5\u00a0Minuten\" \/>\n<script type=\"application\/ld+json\" class=\"yoast-schema-graph\">{\"@context\":\"https:\/\/schema.org\",\"@graph\":[{\"@type\":\"WebPage\",\"@id\":\"https:\/\/dev.infri.ch\/de\/fr-addict\/\",\"url\":\"https:\/\/dev.infri.ch\/de\/fr-addict\/\",\"name\":\"FR Addict &#8211; infri\",\"isPartOf\":{\"@id\":\"https:\/\/dev.infri.ch\/de\/#website\"},\"primaryImageOfPage\":{\"@id\":\"https:\/\/dev.infri.ch\/de\/fr-addict\/#primaryimage\"},\"image\":{\"@id\":\"https:\/\/dev.infri.ch\/de\/fr-addict\/#primaryimage\"},\"thumbnailUrl\":\"https:\/\/dev.infri.ch\/wp-content\/uploads\/2022\/03\/FR-Addict-logo-300x166.png\",\"datePublished\":\"2022-03-31T15:48:26+00:00\",\"dateModified\":\"2023-04-26T08:40:37+00:00\",\"breadcrumb\":{\"@id\":\"https:\/\/dev.infri.ch\/de\/fr-addict\/#breadcrumb\"},\"inLanguage\":\"de\",\"potentialAction\":[{\"@type\":\"ReadAction\",\"target\":[\"https:\/\/dev.infri.ch\/de\/fr-addict\/\"]}]},{\"@type\":\"ImageObject\",\"inLanguage\":\"de\",\"@id\":\"https:\/\/dev.infri.ch\/de\/fr-addict\/#primaryimage\",\"url\":\"https:\/\/dev.infri.ch\/wp-content\/uploads\/2022\/03\/FR-Addict-logo-300x166.png\",\"contentUrl\":\"https:\/\/dev.infri.ch\/wp-content\/uploads\/2022\/03\/FR-Addict-logo-300x166.png\"},{\"@type\":\"BreadcrumbList\",\"@id\":\"https:\/\/dev.infri.ch\/de\/fr-addict\/#breadcrumb\",\"itemListElement\":[{\"@type\":\"ListItem\",\"position\":1,\"name\":\"Accueil\",\"item\":\"https:\/\/dev.infri.ch\/de\/\"},{\"@type\":\"ListItem\",\"position\":2,\"name\":\"FR Addict\"}]},{\"@type\":\"WebSite\",\"@id\":\"https:\/\/dev.infri.ch\/de\/#website\",\"url\":\"https:\/\/dev.infri.ch\/de\/\",\"name\":\"infri\",\"description\":\"l&#039;association repr\u00e9sentant les institutions sp\u00e9cialis\u00e9es fribourgeoises\",\"potentialAction\":[{\"@type\":\"SearchAction\",\"target\":{\"@type\":\"EntryPoint\",\"urlTemplate\":\"https:\/\/dev.infri.ch\/de\/?s={search_term_string}\"},\"query-input\":{\"@type\":\"PropertyValueSpecification\",\"valueRequired\":true,\"valueName\":\"search_term_string\"}}],\"inLanguage\":\"de\"}]}<\/script>\n<!-- \/ Yoast SEO plugin. -->","yoast_head_json":{"title":"FR Addict &#8211; infri","robots":{"index":"index","follow":"follow","max-snippet":"max-snippet:-1","max-image-preview":"max-image-preview:large","max-video-preview":"max-video-preview:-1"},"canonical":"https:\/\/dev.infri.ch\/de\/fr-addict\/","og_locale":"de_DE","og_type":"article","og_title":"FR Addict &#8211; infri","og_description":"Sucht ein Gesellschaftsproblem, das unsichtbar wird\u00a0 Ob Alkohol-, Spiel-, Drogen- oder Arbeitssucht: Sucht ist im Kanton Freiburg eine gesellschaftliche Realit\u00e4t. Seit einem halben Jahrhundert stellen Einrichtungen im Bereich der Sozialarbeit den betroffenen Personen ihre Leistungen zur Verf\u00fcgung. Dabei setzen sie auf die etablierte Vier-S\u00e4ulen-Politik des Bundes: Pr\u00e4vention, Therapie, Schadensminderung und Repression. Sie sind zu einem [&hellip;]","og_url":"https:\/\/dev.infri.ch\/de\/fr-addict\/","og_site_name":"infri","article_modified_time":"2023-04-26T08:40:37+00:00","og_image":[{"url":"https:\/\/dev.infri.ch\/wp-content\/uploads\/2022\/03\/FR-Addict-logo-300x166.png","type":"","width":"","height":""}],"twitter_card":"summary_large_image","twitter_misc":{"Gesch\u00e4tzte Lesezeit":"5\u00a0Minuten"},"schema":{"@context":"https:\/\/schema.org","@graph":[{"@type":"WebPage","@id":"https:\/\/dev.infri.ch\/de\/fr-addict\/","url":"https:\/\/dev.infri.ch\/de\/fr-addict\/","name":"FR Addict &#8211; infri","isPartOf":{"@id":"https:\/\/dev.infri.ch\/de\/#website"},"primaryImageOfPage":{"@id":"https:\/\/dev.infri.ch\/de\/fr-addict\/#primaryimage"},"image":{"@id":"https:\/\/dev.infri.ch\/de\/fr-addict\/#primaryimage"},"thumbnailUrl":"https:\/\/dev.infri.ch\/wp-content\/uploads\/2022\/03\/FR-Addict-logo-300x166.png","datePublished":"2022-03-31T15:48:26+00:00","dateModified":"2023-04-26T08:40:37+00:00","breadcrumb":{"@id":"https:\/\/dev.infri.ch\/de\/fr-addict\/#breadcrumb"},"inLanguage":"de","potentialAction":[{"@type":"ReadAction","target":["https:\/\/dev.infri.ch\/de\/fr-addict\/"]}]},{"@type":"ImageObject","inLanguage":"de","@id":"https:\/\/dev.infri.ch\/de\/fr-addict\/#primaryimage","url":"https:\/\/dev.infri.ch\/wp-content\/uploads\/2022\/03\/FR-Addict-logo-300x166.png","contentUrl":"https:\/\/dev.infri.ch\/wp-content\/uploads\/2022\/03\/FR-Addict-logo-300x166.png"},{"@type":"BreadcrumbList","@id":"https:\/\/dev.infri.ch\/de\/fr-addict\/#breadcrumb","itemListElement":[{"@type":"ListItem","position":1,"name":"Accueil","item":"https:\/\/dev.infri.ch\/de\/"},{"@type":"ListItem","position":2,"name":"FR Addict"}]},{"@type":"WebSite","@id":"https:\/\/dev.infri.ch\/de\/#website","url":"https:\/\/dev.infri.ch\/de\/","name":"infri","description":"l&#039;association repr\u00e9sentant les institutions sp\u00e9cialis\u00e9es fribourgeoises","potentialAction":[{"@type":"SearchAction","target":{"@type":"EntryPoint","urlTemplate":"https:\/\/dev.infri.ch\/de\/?s={search_term_string}"},"query-input":{"@type":"PropertyValueSpecification","valueRequired":true,"valueName":"search_term_string"}}],"inLanguage":"de"}]}},"_links":{"self":[{"href":"https:\/\/dev.infri.ch\/de\/wp-json\/wp\/v2\/pages\/7376","targetHints":{"allow":["GET"]}}],"collection":[{"href":"https:\/\/dev.infri.ch\/de\/wp-json\/wp\/v2\/pages"}],"about":[{"href":"https:\/\/dev.infri.ch\/de\/wp-json\/wp\/v2\/types\/page"}],"author":[{"embeddable":true,"href":"https:\/\/dev.infri.ch\/de\/wp-json\/wp\/v2\/users\/2"}],"replies":[{"embeddable":true,"href":"https:\/\/dev.infri.ch\/de\/wp-json\/wp\/v2\/comments?post=7376"}],"version-history":[{"count":2,"href":"https:\/\/dev.infri.ch\/de\/wp-json\/wp\/v2\/pages\/7376\/revisions"}],"predecessor-version":[{"id":9909,"href":"https:\/\/dev.infri.ch\/de\/wp-json\/wp\/v2\/pages\/7376\/revisions\/9909"}],"wp:attachment":[{"href":"https:\/\/dev.infri.ch\/de\/wp-json\/wp\/v2\/media?parent=7376"}],"curies":[{"name":"wp","href":"https:\/\/api.w.org\/{rel}","templated":true}]}}