{"id":7443,"date":"2020-03-12T08:26:48","date_gmt":"2020-03-12T07:26:48","guid":{"rendered":"https:\/\/dev.infri.ch\/chaperon-rouge\/"},"modified":"2022-10-10T10:10:41","modified_gmt":"2022-10-10T08:10:41","slug":"rotkaeppchen","status":"publish","type":"page","link":"https:\/\/dev.infri.ch\/de\/rotkaeppchen\/","title":{"rendered":"Rotk\u00e4ppchen"},"content":{"rendered":"<p><img loading=\"lazy\" decoding=\"async\" class=\"size-full wp-image-7275 alignright\" src=\"https:\/\/dev.infri.ch\/wp-content\/uploads\/2022\/03\/Logo-Croix-rouge.png\" alt=\"\" width=\"280\" height=\"78\" \/><\/p>\n<p>Ab September 2021 kann das Personal der INFRI-Mitgliedsinstitutionen kostenlos den vom Freiburgischen Roten Kreuz organisierten Notfall-Kinderbetreuungsdienst in Anspruch nehmen.<\/p>\n<table style=\"border-collapse: collapse; width: 100%;\">\n<tbody>\n<tr>\n<td style=\"width: 35.13341804320203%;\"><a href=\"https:\/\/dev.infri.ch\/wp-content\/uploads\/2021\/08\/Rotkaeppchen-Flyer.pdf\" target=\"_blank\" rel=\"noopener\"><img loading=\"lazy\" decoding=\"async\" class=\"wp-image-6597 size-medium aligncenter\" src=\"https:\/\/dev.infri.ch\/wp-content\/uploads\/2021\/08\/Capture-decran-2021-08-13-a-22.16.46-206x300.png\" alt=\"\" width=\"206\" height=\"300\" srcset=\"https:\/\/dev.infri.ch\/wp-content\/uploads\/2021\/08\/Capture-decran-2021-08-13-a-22.16.46-206x300.png 206w, https:\/\/dev.infri.ch\/wp-content\/uploads\/2021\/08\/Capture-decran-2021-08-13-a-22.16.46-703x1024.png 703w, https:\/\/dev.infri.ch\/wp-content\/uploads\/2021\/08\/Capture-decran-2021-08-13-a-22.16.46-768x1118.png 768w, https:\/\/dev.infri.ch\/wp-content\/uploads\/2021\/08\/Capture-decran-2021-08-13-a-22.16.46.png 1014w\" sizes=\"auto, (max-width: 206px) 100vw, 206px\" \/><\/a><\/td>\n<td style=\"width: 64.86658195679797%; text-align: center;\">\n<figure id=\"attachment_7448\" aria-describedby=\"caption-attachment-7448\" style=\"width: 300px\" class=\"wp-caption alignleft\"><a href=\"https:\/\/dev.infri.ch\/wp-content\/uploads\/2022\/02\/CRF_Chaperon_Rouge_PARTENAIRES_infri_ALL_25sec.mp4\" target=\"_blank\" rel=\"noopener\"><img loading=\"lazy\" decoding=\"async\" class=\"wp-image-7448 size-medium\" src=\"https:\/\/dev.infri.ch\/wp-content\/uploads\/2022\/04\/Bildschirmfoto-2022-04-01-um-13.50.33-300x169.png\" alt=\"\" width=\"300\" height=\"169\" srcset=\"https:\/\/dev.infri.ch\/wp-content\/uploads\/2022\/04\/Bildschirmfoto-2022-04-01-um-13.50.33-300x169.png 300w, https:\/\/dev.infri.ch\/wp-content\/uploads\/2022\/04\/Bildschirmfoto-2022-04-01-um-13.50.33-1024x578.png 1024w, https:\/\/dev.infri.ch\/wp-content\/uploads\/2022\/04\/Bildschirmfoto-2022-04-01-um-13.50.33-768x434.png 768w, https:\/\/dev.infri.ch\/wp-content\/uploads\/2022\/04\/Bildschirmfoto-2022-04-01-um-13.50.33-1536x867.png 1536w, https:\/\/dev.infri.ch\/wp-content\/uploads\/2022\/04\/Bildschirmfoto-2022-04-01-um-13.50.33-2048x1156.png 2048w\" sizes=\"auto, (max-width: 300px) 100vw, 300px\" \/><\/a><figcaption id=\"caption-attachment-7448\" class=\"wp-caption-text\">Video Rotk\u00e4ppchen<\/figcaption><\/figure>\n<p>&nbsp;<\/p>\n<p>&nbsp;<\/p>\n<p>&nbsp;<\/p>\n<p style=\"text-align: left;\">\n<\/td>\n<\/tr>\n<\/tbody>\n<\/table>\n<p>&nbsp;<\/p>\n","protected":false},"excerpt":{"rendered":"<p>Ab September 2021 kann das Personal der INFRI-Mitgliedsinstitutionen kostenlos den vom Freiburgischen Roten Kreuz organisierten Notfall-Kinderbetreuungsdienst in Anspruch nehmen. &nbsp; &nbsp; &nbsp; &nbsp;<\/p>\n","protected":false},"author":2,"featured_media":0,"parent":0,"menu_order":0,"comment_status":"closed","ping_status":"closed","template":"","meta":{"_acf_changed":false,"inline_featured_image":false,"_monsterinsights_skip_tracking":false,"_monsterinsights_sitenote_active":false,"_monsterinsights_sitenote_note":"","_monsterinsights_sitenote_category":0,"footnotes":""},"class_list":["post-7443","page","type-page","status-publish","hentry"],"acf":[],"yoast_head":"<!-- This site is optimized with the Yoast SEO plugin v26.8 - https:\/\/yoast.com\/product\/yoast-seo-wordpress\/ -->\n<title>Rotk\u00e4ppchen &#8211; infri<\/title>\n<meta name=\"robots\" content=\"index, follow, max-snippet:-1, max-image-preview:large, max-video-preview:-1\" \/>\n<link rel=\"canonical\" href=\"https:\/\/dev.infri.ch\/de\/rotkaeppchen\/\" \/>\n<meta property=\"og:locale\" content=\"de_DE\" \/>\n<meta property=\"og:type\" content=\"article\" \/>\n<meta property=\"og:title\" content=\"Rotk\u00e4ppchen &#8211; infri\" \/>\n<meta property=\"og:description\" content=\"Ab September 2021 kann das Personal der INFRI-Mitgliedsinstitutionen kostenlos den vom Freiburgischen Roten Kreuz organisierten Notfall-Kinderbetreuungsdienst in Anspruch nehmen. &nbsp; &nbsp; &nbsp; &nbsp;\" \/>\n<meta property=\"og:url\" content=\"https:\/\/dev.infri.ch\/de\/rotkaeppchen\/\" \/>\n<meta property=\"og:site_name\" content=\"infri\" \/>\n<meta property=\"article:modified_time\" content=\"2022-10-10T08:10:41+00:00\" \/>\n<meta property=\"og:image\" content=\"https:\/\/dev.infri.ch\/wp-content\/uploads\/2022\/03\/Logo-Croix-rouge.png\" \/>\n<meta name=\"twitter:card\" content=\"summary_large_image\" \/>\n<meta name=\"twitter:label1\" content=\"Gesch\u00e4tzte Lesezeit\" \/>\n\t<meta name=\"twitter:data1\" content=\"1\u00a0Minute\" \/>\n<script type=\"application\/ld+json\" class=\"yoast-schema-graph\">{\"@context\":\"https:\/\/schema.org\",\"@graph\":[{\"@type\":\"WebPage\",\"@id\":\"https:\/\/dev.infri.ch\/de\/rotkaeppchen\/\",\"url\":\"https:\/\/dev.infri.ch\/de\/rotkaeppchen\/\",\"name\":\"Rotk\u00e4ppchen &#8211; infri\",\"isPartOf\":{\"@id\":\"https:\/\/dev.infri.ch\/de\/#website\"},\"primaryImageOfPage\":{\"@id\":\"https:\/\/dev.infri.ch\/de\/rotkaeppchen\/#primaryimage\"},\"image\":{\"@id\":\"https:\/\/dev.infri.ch\/de\/rotkaeppchen\/#primaryimage\"},\"thumbnailUrl\":\"https:\/\/dev.infri.ch\/wp-content\/uploads\/2022\/03\/Logo-Croix-rouge.png\",\"datePublished\":\"2020-03-12T07:26:48+00:00\",\"dateModified\":\"2022-10-10T08:10:41+00:00\",\"breadcrumb\":{\"@id\":\"https:\/\/dev.infri.ch\/de\/rotkaeppchen\/#breadcrumb\"},\"inLanguage\":\"de\",\"potentialAction\":[{\"@type\":\"ReadAction\",\"target\":[\"https:\/\/dev.infri.ch\/de\/rotkaeppchen\/\"]}]},{\"@type\":\"ImageObject\",\"inLanguage\":\"de\",\"@id\":\"https:\/\/dev.infri.ch\/de\/rotkaeppchen\/#primaryimage\",\"url\":\"https:\/\/dev.infri.ch\/wp-content\/uploads\/2022\/03\/Logo-Croix-rouge.png\",\"contentUrl\":\"https:\/\/dev.infri.ch\/wp-content\/uploads\/2022\/03\/Logo-Croix-rouge.png\"},{\"@type\":\"BreadcrumbList\",\"@id\":\"https:\/\/dev.infri.ch\/de\/rotkaeppchen\/#breadcrumb\",\"itemListElement\":[{\"@type\":\"ListItem\",\"position\":1,\"name\":\"Accueil\",\"item\":\"https:\/\/dev.infri.ch\/de\/\"},{\"@type\":\"ListItem\",\"position\":2,\"name\":\"Rotk\u00e4ppchen\"}]},{\"@type\":\"WebSite\",\"@id\":\"https:\/\/dev.infri.ch\/de\/#website\",\"url\":\"https:\/\/dev.infri.ch\/de\/\",\"name\":\"infri\",\"description\":\"l&#039;association repr\u00e9sentant les institutions sp\u00e9cialis\u00e9es fribourgeoises\",\"potentialAction\":[{\"@type\":\"SearchAction\",\"target\":{\"@type\":\"EntryPoint\",\"urlTemplate\":\"https:\/\/dev.infri.ch\/de\/?s={search_term_string}\"},\"query-input\":{\"@type\":\"PropertyValueSpecification\",\"valueRequired\":true,\"valueName\":\"search_term_string\"}}],\"inLanguage\":\"de\"}]}<\/script>\n<!-- \/ Yoast SEO plugin. -->","yoast_head_json":{"title":"Rotk\u00e4ppchen &#8211; infri","robots":{"index":"index","follow":"follow","max-snippet":"max-snippet:-1","max-image-preview":"max-image-preview:large","max-video-preview":"max-video-preview:-1"},"canonical":"https:\/\/dev.infri.ch\/de\/rotkaeppchen\/","og_locale":"de_DE","og_type":"article","og_title":"Rotk\u00e4ppchen &#8211; infri","og_description":"Ab September 2021 kann das Personal der INFRI-Mitgliedsinstitutionen kostenlos den vom Freiburgischen Roten Kreuz organisierten Notfall-Kinderbetreuungsdienst in Anspruch nehmen. &nbsp; &nbsp; &nbsp; &nbsp;","og_url":"https:\/\/dev.infri.ch\/de\/rotkaeppchen\/","og_site_name":"infri","article_modified_time":"2022-10-10T08:10:41+00:00","og_image":[{"url":"https:\/\/dev.infri.ch\/wp-content\/uploads\/2022\/03\/Logo-Croix-rouge.png","type":"","width":"","height":""}],"twitter_card":"summary_large_image","twitter_misc":{"Gesch\u00e4tzte Lesezeit":"1\u00a0Minute"},"schema":{"@context":"https:\/\/schema.org","@graph":[{"@type":"WebPage","@id":"https:\/\/dev.infri.ch\/de\/rotkaeppchen\/","url":"https:\/\/dev.infri.ch\/de\/rotkaeppchen\/","name":"Rotk\u00e4ppchen &#8211; infri","isPartOf":{"@id":"https:\/\/dev.infri.ch\/de\/#website"},"primaryImageOfPage":{"@id":"https:\/\/dev.infri.ch\/de\/rotkaeppchen\/#primaryimage"},"image":{"@id":"https:\/\/dev.infri.ch\/de\/rotkaeppchen\/#primaryimage"},"thumbnailUrl":"https:\/\/dev.infri.ch\/wp-content\/uploads\/2022\/03\/Logo-Croix-rouge.png","datePublished":"2020-03-12T07:26:48+00:00","dateModified":"2022-10-10T08:10:41+00:00","breadcrumb":{"@id":"https:\/\/dev.infri.ch\/de\/rotkaeppchen\/#breadcrumb"},"inLanguage":"de","potentialAction":[{"@type":"ReadAction","target":["https:\/\/dev.infri.ch\/de\/rotkaeppchen\/"]}]},{"@type":"ImageObject","inLanguage":"de","@id":"https:\/\/dev.infri.ch\/de\/rotkaeppchen\/#primaryimage","url":"https:\/\/dev.infri.ch\/wp-content\/uploads\/2022\/03\/Logo-Croix-rouge.png","contentUrl":"https:\/\/dev.infri.ch\/wp-content\/uploads\/2022\/03\/Logo-Croix-rouge.png"},{"@type":"BreadcrumbList","@id":"https:\/\/dev.infri.ch\/de\/rotkaeppchen\/#breadcrumb","itemListElement":[{"@type":"ListItem","position":1,"name":"Accueil","item":"https:\/\/dev.infri.ch\/de\/"},{"@type":"ListItem","position":2,"name":"Rotk\u00e4ppchen"}]},{"@type":"WebSite","@id":"https:\/\/dev.infri.ch\/de\/#website","url":"https:\/\/dev.infri.ch\/de\/","name":"infri","description":"l&#039;association repr\u00e9sentant les institutions sp\u00e9cialis\u00e9es fribourgeoises","potentialAction":[{"@type":"SearchAction","target":{"@type":"EntryPoint","urlTemplate":"https:\/\/dev.infri.ch\/de\/?s={search_term_string}"},"query-input":{"@type":"PropertyValueSpecification","valueRequired":true,"valueName":"search_term_string"}}],"inLanguage":"de"}]}},"_links":{"self":[{"href":"https:\/\/dev.infri.ch\/de\/wp-json\/wp\/v2\/pages\/7443","targetHints":{"allow":["GET"]}}],"collection":[{"href":"https:\/\/dev.infri.ch\/de\/wp-json\/wp\/v2\/pages"}],"about":[{"href":"https:\/\/dev.infri.ch\/de\/wp-json\/wp\/v2\/types\/page"}],"author":[{"embeddable":true,"href":"https:\/\/dev.infri.ch\/de\/wp-json\/wp\/v2\/users\/2"}],"replies":[{"embeddable":true,"href":"https:\/\/dev.infri.ch\/de\/wp-json\/wp\/v2\/comments?post=7443"}],"version-history":[{"count":1,"href":"https:\/\/dev.infri.ch\/de\/wp-json\/wp\/v2\/pages\/7443\/revisions"}],"predecessor-version":[{"id":8481,"href":"https:\/\/dev.infri.ch\/de\/wp-json\/wp\/v2\/pages\/7443\/revisions\/8481"}],"wp:attachment":[{"href":"https:\/\/dev.infri.ch\/de\/wp-json\/wp\/v2\/media?parent=7443"}],"curies":[{"name":"wp","href":"https:\/\/api.w.org\/{rel}","templated":true}]}}