{"id":9195,"date":"2023-02-15T11:08:30","date_gmt":"2023-02-15T10:08:30","guid":{"rendered":"https:\/\/dev.infri.ch\/?page_id=9195"},"modified":"2026-01-20T11:14:42","modified_gmt":"2026-01-20T10:14:42","slug":"beschreibung-der-funktion","status":"publish","type":"page","link":"https:\/\/dev.infri.ch\/de\/gav\/beschreibung-der-funktion\/","title":{"rendered":"Beschreibung der Funktion"},"content":{"rendered":"\r\n<section id=\"accordionblock_8132b3b1e0f0320c6867348aba54c215\"  class=\"section-accordion\">\r\n\r\n    <ul class=\"accordion\">\r\n\r\n                        <li>\r\n                    <a class=\"toggle\" href=#>Abteilung der Allgemeinen- und Verwaltungsdienste (Anhang 2a GAV)<span class=\"dashicons dashicons-plus-alt2\"><\/a>\r\n                    <ul class=\"inner\">\r\n                                                        \r\n                                    <li class=\"\" >\r\n                                        <a class=\"ressource-link icon-pdf\" href=\"https:\/\/dev.infri.ch\/wp-content\/uploads\/2023\/02\/5-10-110-collaborateur-technique.pdf\" target=\"_blank\">Technische\u00b7r Sachbearbeiter\u00b7in 5_10_110 <span class=\"date\">10\/12\/2014<\/span><\/a>\r\n                                    <\/li>\r\n\r\n                                                                    \r\n                                    <li class=\"\" >\r\n                                        <a class=\"ressource-link icon-pdf\" href=\"https:\/\/dev.infri.ch\/wp-content\/uploads\/2023\/02\/Concierge-4_25_050.pdf\" target=\"_blank\">Hauswart\u00b7in 4_25_050 <span class=\"date\">08\/11\/2011<\/span><\/a>\r\n                                    <\/li>\r\n\r\n                                                                    \r\n                                    <li class=\"\" >\r\n                                        <a class=\"ressource-link icon-pdf\" href=\"https:\/\/dev.infri.ch\/wp-content\/uploads\/2023\/02\/4-50-070-cheffe-cuisinieriere.pdf\" target=\"_blank\">K\u00fcchenchef\u00b7in 4_50_070 <span class=\"date\">03\/11\/2021<\/span><\/a>\r\n                                    <\/li>\r\n\r\n                                                                    \r\n                                    <li class=\"\" >\r\n                                        <a class=\"ressource-link icon-pdf\" href=\"https:\/\/dev.infri.ch\/wp-content\/uploads\/2023\/02\/4-50-050-souscheffe-cuisinieriere.pdf\" target=\"_blank\">Koch\/K\u00f6chin sous-chef 4_50_050 <span class=\"date\">03\/11\/2021<\/span><\/a>\r\n                                    <\/li>\r\n\r\n                                                                    \r\n                                    <li class=\"\" >\r\n                                        <a class=\"ressource-link icon-pdf\" href=\"https:\/\/dev.infri.ch\/wp-content\/uploads\/2023\/02\/4-50-030-cuisinieriere.pdf\" target=\"_blank\">Koch\/K\u00f6chin EFZ 4_50_030 <span class=\"date\">03\/11\/2021<\/span><\/a>\r\n                                    <\/li>\r\n\r\n                                                                    \r\n                                    <li class=\"\" >\r\n                                        <a class=\"ressource-link icon-pdf\" href=\"https:\/\/dev.infri.ch\/wp-content\/uploads\/2023\/02\/4-50-010-employee-de-cuisine.pdf\" target=\"_blank\">K\u00fcchenhilfe 4_50_010 <span class=\"date\">20\/06\/2022<\/span><\/a>\r\n                                    <\/li>\r\n\r\n                                                                    \r\n                                    <li class=\"\" >\r\n                                        <a class=\"ressource-link icon-pdf\" href=\"https:\/\/dev.infri.ch\/wp-content\/uploads\/2023\/02\/4-20-050-employee-de-cafeteria.pdf\" target=\"_blank\">Cafeteriaangestellte\u00b7r 4_20_050 <span class=\"date\">20\/06\/2022<\/span><\/a>\r\n                                    <\/li>\r\n\r\n                                                                    \r\n                                    <li class=\"\" >\r\n                                        <a class=\"ressource-link icon-pdf\" href=\"https:\/\/dev.infri.ch\/wp-content\/uploads\/2023\/02\/4-20-030-employee-de-lingerie.pdf\" target=\"_blank\">Lingerieangestellte\u00b7r ohne EFZ 4_20_030 <span class=\"date\">20\/06\/2022<\/span><\/a>\r\n                                    <\/li>\r\n\r\n                                                                    \r\n                                    <li class=\"\" >\r\n                                        <a class=\"ressource-link icon-pdf\" href=\"https:\/\/dev.infri.ch\/wp-content\/uploads\/2023\/02\/Gestionaire-en-intendance-6_33_040.pdf\" target=\"_blank\">Fachfrau\/Fachmann Hauswirtschaft mit EFZ 6_33_040 <span class=\"date\">08\/11\/2011<\/span><\/a>\r\n                                    <\/li>\r\n\r\n                                                                    \r\n                                    <li class=\"\" >\r\n                                        <a class=\"ressource-link icon-pdf\" href=\"https:\/\/dev.infri.ch\/wp-content\/uploads\/2023\/02\/4-20-010-employee-de-maison.pdf\" target=\"_blank\">Hausangestellte\u00b7r 4_20_010 <span class=\"date\">20\/06\/2022<\/span><\/a>\r\n                                    <\/li>\r\n\r\n                                                                    \r\n                                    <li class=\"\" >\r\n                                        <a class=\"ressource-link icon-pdf\" href=\"https:\/\/dev.infri.ch\/wp-content\/uploads\/2023\/02\/1-30-110_Specialiste-en-finance-et-comptabilite.pdf\" target=\"_blank\">Fachfrau\/Fachmann im Finanz- und Rechnungswesen 1_30_110 <span class=\"date\">29\/06\/2020<\/span><\/a>\r\n                                    <\/li>\r\n\r\n                                                                    \r\n                                    <li class=\"\" >\r\n                                        <a class=\"ressource-link icon-pdf\" href=\"https:\/\/dev.infri.ch\/wp-content\/uploads\/2023\/02\/1-30-020_Collaborateur-trice-en-gestion-comptable.pdf\" target=\"_blank\">Sachbearbeiter\u00b7in Buchhaltung 1_30_020 <span class=\"date\">29\/06\/2020<\/span><\/a>\r\n                                    <\/li>\r\n\r\n                                                                    \r\n                                    <li class=\"\" >\r\n                                        <a class=\"ressource-link icon-pdf\" href=\"https:\/\/dev.infri.ch\/wp-content\/uploads\/2023\/02\/1-30-010_Employe-e-de-comptabilite.pdf\" target=\"_blank\">Buchhaltungsangestellte\u00b7r 1_30_010 <span class=\"date\">29\/06\/2020<\/span><\/a>\r\n                                    <\/li>\r\n\r\n                                                                    \r\n                                    <li class=\"\" >\r\n                                        <a class=\"ressource-link icon-pdf\" href=\"https:\/\/dev.infri.ch\/wp-content\/uploads\/2023\/02\/1-10-110-secretaire-de-direction_0.pdf\" target=\"_blank\">Direktionssekret\u00e4r\u00b7in 1_10_110 <span class=\"date\">03\/11\/2021<\/span><\/a>\r\n                                    <\/li>\r\n\r\n                                                                    \r\n                                    <li class=\"\" >\r\n                                        <a class=\"ressource-link icon-pdf\" href=\"https:\/\/dev.infri.ch\/wp-content\/uploads\/2023\/02\/Collaborateur-administratif-1_10_170.pdf\" target=\"_blank\">Verwaltungssachbearbeiter\u00b7in 1_10_170 <span class=\"date\">28\/04\/2015<\/span><\/a>\r\n                                    <\/li>\r\n\r\n                                                                    \r\n                                    <li class=\"\" >\r\n                                        <a class=\"ressource-link icon-pdf\" href=\"https:\/\/dev.infri.ch\/wp-content\/uploads\/2023\/02\/1-10-090-secretaire_0.pdf\" target=\"_blank\">Sekret\u00e4r\u00b7in 1_10_090 <span class=\"date\">28\/04\/2015<\/span><\/a>\r\n                                    <\/li>\r\n\r\n                                                                    \r\n                                    <li class=\"\" >\r\n                                        <a class=\"ressource-link icon-pdf\" href=\"https:\/\/dev.infri.ch\/wp-content\/uploads\/2023\/02\/Employe-dadministration-1_10_150.pdf\" target=\"_blank\">Verwaltungsangestellte\u00b7r mit EFZ 1_10_150 <span class=\"date\">15\/12\/2014<\/span><\/a>\r\n                                    <\/li>\r\n\r\n                                \r\n                    <\/ul>\r\n                <\/li>\r\n                            <li>\r\n                    <a class=\"toggle\" href=#>Abteilung Erziehung (Anhang 2b GAV)<span class=\"dashicons dashicons-plus-alt2\"><\/a>\r\n                    <ul class=\"inner\">\r\n                                                        \r\n                                    <li class=\"\" >\r\n                                        <a class=\"ressource-link icon-pdf\" href=\"https:\/\/dev.infri.ch\/wp-content\/uploads\/2023\/02\/Educateur-specialilse-8_35_050.pdf\" target=\"_blank\">Sozialp\u00e4dagoge \/ Sozialp\u00e4dagogin 8_35_050 <span class=\"date\">08\/11\/2011<\/span><\/a>\r\n                                    <\/li>\r\n\r\n                                                                    \r\n                                    <li class=\"\" >\r\n                                        <a class=\"ressource-link icon-pdf\" href=\"https:\/\/dev.infri.ch\/wp-content\/uploads\/2023\/02\/ASE-6_10_020.pdf\" target=\"_blank\">Fachfrau\/Fachmann Betreuung mit EFZ (FaBe) 6_10_020 <span class=\"date\">08\/11\/2011<\/span><\/a>\r\n                                    <\/li>\r\n\r\n                                \r\n                    <\/ul>\r\n                <\/li>\r\n                            <li>\r\n                    <a class=\"toggle\" href=#>Abteilung Sonderschulunterricht (Anhang 2c GAV)<span class=\"dashicons dashicons-plus-alt2\"><\/a>\r\n                    <ul class=\"inner\">\r\n                                                        \r\n                                    <li class=\"\" >\r\n                                        <a class=\"ressource-link icon-pdf\" href=\"https:\/\/dev.infri.ch\/wp-content\/uploads\/2023\/02\/Responsable-ecole-specialisee-8_35_0901.pdf\" target=\"_blank\">P\u00e4dagogische\u00b7r Leiterin Sonderschule 8_35_090 <span class=\"date\">10\/12\/2014<\/span><\/a>\r\n                                    <\/li>\r\n\r\n                                                                    \r\n                                    <li class=\"\" >\r\n                                        <a class=\"ressource-link icon-pdf\" href=\"https:\/\/dev.infri.ch\/wp-content\/uploads\/2023\/02\/Enseignant-classes-speciales-3_10_070.pdf\" target=\"_blank\">Master Sonderp\u00e4dagogik \/ Sonder-und Kleinklassenlehrer\u00b7in 3_10_070 <span class=\"date\">08\/11\/2011<\/span><\/a>\r\n                                    <\/li>\r\n\r\n                                                                    \r\n                                    <li class=\"\" >\r\n                                        <a class=\"ressource-link icon-pdf\" href=\"https:\/\/dev.infri.ch\/wp-content\/uploads\/2023\/02\/Enseignant-primaire-3_10_050.pdf\" target=\"_blank\">Diplom Primarlehrer\u00b7innen 3_10_050 <span class=\"date\">08\/11\/2011<\/span><\/a>\r\n                                    <\/li>\r\n\r\n                                                                    \r\n                                    <li class=\"\" >\r\n                                        <a class=\"ressource-link icon-pdf\" href=\"https:\/\/dev.infri.ch\/wp-content\/uploads\/2023\/03\/3-10-010-enseignante-primaire-1h2h.pdf\" target=\"_blank\">Lehrperson des Kindergarten 3_10_010 <span class=\"date\">04\/07\/2016<\/span><\/a>\r\n                                    <\/li>\r\n\r\n                                                                    \r\n                                    <li class=\"\" >\r\n                                        <a class=\"ressource-link icon-pdf\" href=\"https:\/\/dev.infri.ch\/wp-content\/uploads\/2023\/02\/Enseignant-activites-creatrices-3_10_030.pdf\" target=\"_blank\">Lehrerin f\u00fcr technisches Gestalten 3_10_030 <span class=\"date\">08\/11\/2011<\/span><\/a>\r\n                                    <\/li>\r\n\r\n                                \r\n                    <\/ul>\r\n                <\/li>\r\n                            <li>\r\n                    <a class=\"toggle\" href=#>Abteilung Fachperson im Werkstattbereich (Anhang 2d GAV)<span class=\"dashicons dashicons-plus-alt2\"><\/a>\r\n                    <ul class=\"inner\">\r\n                                                        \r\n                                    <li class=\"\" >\r\n                                        <a class=\"ressource-link icon-pdf\" href=\"https:\/\/dev.infri.ch\/wp-content\/uploads\/2023\/02\/MSP-8_35_030.pdf\" target=\"_blank\">Sozialp\u00e4dagoge\/Sozialp\u00e4dagogin im Werkstattbereich 8_35_030 <span class=\"date\">08\/11\/2011<\/span><\/a>\r\n                                    <\/li>\r\n\r\n                                \r\n                    <\/ul>\r\n                <\/li>\r\n                            <li>\r\n                    <a class=\"toggle\" href=#>Medizinische Abteilung (Anhang 2e GAV)<span class=\"dashicons dashicons-plus-alt2\"><\/a>\r\n                    <ul class=\"inner\">\r\n                                                        \r\n                                    <li class=\"\" >\r\n                                        <a class=\"ressource-link icon-pdf\" href=\"https:\/\/dev.infri.ch\/wp-content\/uploads\/2023\/02\/Physiotherapeute-6_34_250.pdf\" target=\"_blank\">Physiotherapeut\u00b7in 6_34_250 <span class=\"date\">08\/11\/2011<\/span><\/a>\r\n                                    <\/li>\r\n\r\n                                                                    \r\n                                    <li class=\"\" >\r\n                                        <a class=\"ressource-link icon-pdf\" href=\"https:\/\/dev.infri.ch\/wp-content\/uploads\/2023\/02\/Ergotherapeute-6_34_230.pdf\" target=\"_blank\">Ergotherapeut\u00b7in 6_34_230 <span class=\"date\">08\/11\/2011<\/span><\/a>\r\n                                    <\/li>\r\n\r\n                                                                    \r\n                                    <li class=\"\" >\r\n                                        <a class=\"ressource-link icon-pdf\" href=\"https:\/\/dev.infri.ch\/wp-content\/uploads\/2023\/02\/Infirmiere-speciallise-6_33_170.pdf\" target=\"_blank\">Pflegefachfrau\/Pflegefachmann mit Fachausbildung 6_33_170 <span class=\"date\">08\/11\/2011<\/span><\/a>\r\n                                    <\/li>\r\n\r\n                                                                    \r\n                                    <li class=\"\" >\r\n                                        <a class=\"ressource-link icon-pdf\" href=\"https:\/\/dev.infri.ch\/wp-content\/uploads\/2023\/02\/Infirmiere-6_33_150.pdf\" target=\"_blank\">Pflegefachfrau\/Pflegefachmann 6_33_150 <span class=\"date\">08\/11\/2011<\/span><\/a>\r\n                                    <\/li>\r\n\r\n                                                                    \r\n                                    <li class=\"\" >\r\n                                        <a class=\"ressource-link icon-pdf\" href=\"https:\/\/dev.infri.ch\/wp-content\/uploads\/2023\/02\/ASSC-6_33_060.pdf\" target=\"_blank\">Fachfrau\/Fachmann Gesundheit (FaGe) 6_33_060 <span class=\"date\">10\/12\/2014<\/span><\/a>\r\n                                    <\/li>\r\n\r\n                                                                    \r\n                                    <li class=\"\" >\r\n                                        <a class=\"ressource-link icon-pdf\" href=\"https:\/\/dev.infri.ch\/wp-content\/uploads\/2023\/02\/Infirmiere-assistant-CRS-6_33_070.pdf\" target=\"_blank\">Krankenpfleger\u00b7in FA\/SRK 6_33_070 <span class=\"date\">10\/12\/2014<\/span><\/a>\r\n                                    <\/li>\r\n\r\n                                                                    \r\n                                    <li class=\"\" >\r\n                                        <a class=\"ressource-link icon-pdf\" href=\"https:\/\/dev.infri.ch\/wp-content\/uploads\/2023\/02\/6-33-080-aide-en-soins-et-accompagnement.pdf\" target=\"_blank\">Assistent\u00b7in Gesundheit und Soziales (AGS) 6_33_080 <span class=\"date\">08\/11\/2011<\/span><\/a>\r\n                                    <\/li>\r\n\r\n                                                                    \r\n                                    <li class=\"\" >\r\n                                        <a class=\"ressource-link icon-pdf\" href=\"https:\/\/dev.infri.ch\/wp-content\/uploads\/2023\/02\/Aide-soignant-6_33_030.pdf\" target=\"_blank\">Pflegeassistent\u00b7in 6_33_030 <span class=\"date\">03\/11\/2021<\/span><\/a>\r\n                                    <\/li>\r\n\r\n                                \r\n                    <\/ul>\r\n                <\/li>\r\n                            <li>\r\n                    <a class=\"toggle\" href=#>Psycho-P\u00e4dagogische Abteilung (Anhang 2e GAV)<span class=\"dashicons dashicons-plus-alt2\"><\/a>\r\n                    <ul class=\"inner\">\r\n                                                        \r\n                                    <li class=\"\" >\r\n                                        <a class=\"ressource-link icon-pdf\" href=\"https:\/\/dev.infri.ch\/wp-content\/uploads\/2023\/02\/Psychologue-6_10_230.pdf\" target=\"_blank\">Psychologe\u00b7in 6_10_230 <span class=\"date\">03\/07\/2017<\/span><\/a>\r\n                                    <\/li>\r\n\r\n                                                                    \r\n                                    <li class=\"\" >\r\n                                        <a class=\"ressource-link icon-pdf\" href=\"https:\/\/dev.infri.ch\/wp-content\/uploads\/2023\/02\/Psychologue-specialise-6_10_250.pdf\" target=\"_blank\">Fachpsychologe\u00b7in 6_10_250 <span class=\"date\">03\/07\/2017<\/span><\/a>\r\n                                    <\/li>\r\n\r\n                                                                    \r\n                                    <li class=\"\" >\r\n                                        <a class=\"ressource-link icon-pdf\" href=\"https:\/\/dev.infri.ch\/wp-content\/uploads\/2023\/02\/Psychomotricien-6_10_210.pdf\" target=\"_blank\">Psychomotoriktherapeut\u00b7in 6_10_210 <span class=\"date\">08\/11\/2011<\/span><\/a>\r\n                                    <\/li>\r\n\r\n                                                                    \r\n                                    <li class=\"\" >\r\n                                        <a class=\"ressource-link icon-pdf\" href=\"https:\/\/dev.infri.ch\/wp-content\/uploads\/2023\/02\/Logopediste-6_10_190.pdf\" target=\"_blank\">Logop\u00e4de\u00b7in A\/B\/C 6_10_190 <span class=\"date\">08\/11\/2011<\/span><\/a>\r\n                                    <\/li>\r\n\r\n                                \r\n                    <\/ul>\r\n                <\/li>\r\n                            <li>\r\n                    <a class=\"toggle\" href=#>Abteilung Sozialarbeit (Anhang 2f GAV)<span class=\"dashicons dashicons-plus-alt2\"><\/a>\r\n                    <ul class=\"inner\">\r\n                                                        \r\n                                    <li class=\"\" >\r\n                                        <a class=\"ressource-link icon-pdf\" href=\"https:\/\/dev.infri.ch\/wp-content\/uploads\/2023\/03\/6-10-160-assistante-sociale.pdf\" target=\"_blank\">Gruppenchef\u00b7in oder Sozialarbeiter\u00b7in Master 6_10_160 <span class=\"date\">20\/06\/2022<\/span><\/a>\r\n                                    <\/li>\r\n\r\n                                                                    \r\n                                    <li class=\"\" >\r\n                                        <a class=\"ressource-link icon-pdf\" href=\"https:\/\/dev.infri.ch\/wp-content\/uploads\/2023\/02\/Assistant-social-B-6_10_150.pdf\" target=\"_blank\">Sozialarbeiter Bachelor 6_10_150 <span class=\"date\">08\/11\/2011<\/span><\/a>\r\n                                    <\/li>\r\n\r\n                                \r\n                    <\/ul>\r\n                <\/li>\r\n                <\/ul>\r\n    <\/section>\r\n    \r\n    \r\n\r\n\r\n\n\n\n<p><\/p>\n","protected":false},"excerpt":{"rendered":"","protected":false},"author":2,"featured_media":0,"parent":2135,"menu_order":0,"comment_status":"closed","ping_status":"closed","template":"page-documents.php","meta":{"_acf_changed":false,"inline_featured_image":false,"_monsterinsights_skip_tracking":false,"_monsterinsights_sitenote_active":false,"_monsterinsights_sitenote_note":"","_monsterinsights_sitenote_category":0,"footnotes":""},"class_list":["post-9195","page","type-page","status-publish","hentry"],"acf":[],"yoast_head":"<!-- This site is optimized with the Yoast SEO plugin v26.8 - https:\/\/yoast.com\/product\/yoast-seo-wordpress\/ -->\n<title>Beschreibung der Funktion &#8211; infri<\/title>\n<meta name=\"robots\" content=\"index, follow, max-snippet:-1, max-image-preview:large, max-video-preview:-1\" \/>\n<link rel=\"canonical\" href=\"https:\/\/dev.infri.ch\/de\/gav\/beschreibung-der-funktion\/\" \/>\n<meta property=\"og:locale\" content=\"de_DE\" \/>\n<meta property=\"og:type\" content=\"article\" \/>\n<meta property=\"og:title\" content=\"Beschreibung der Funktion &#8211; infri\" \/>\n<meta property=\"og:url\" content=\"https:\/\/dev.infri.ch\/de\/gav\/beschreibung-der-funktion\/\" \/>\n<meta property=\"og:site_name\" content=\"infri\" \/>\n<meta property=\"article:modified_time\" content=\"2026-01-20T10:14:42+00:00\" \/>\n<meta name=\"twitter:card\" content=\"summary_large_image\" \/>\n<meta name=\"twitter:label1\" content=\"Gesch\u00e4tzte Lesezeit\" \/>\n\t<meta name=\"twitter:data1\" content=\"1\u00a0Minute\" \/>\n<script type=\"application\/ld+json\" class=\"yoast-schema-graph\">{\"@context\":\"https:\/\/schema.org\",\"@graph\":[{\"@type\":\"WebPage\",\"@id\":\"https:\/\/dev.infri.ch\/de\/gav\/beschreibung-der-funktion\/\",\"url\":\"https:\/\/dev.infri.ch\/de\/gav\/beschreibung-der-funktion\/\",\"name\":\"Beschreibung der Funktion &#8211; infri\",\"isPartOf\":{\"@id\":\"https:\/\/dev.infri.ch\/de\/#website\"},\"datePublished\":\"2023-02-15T10:08:30+00:00\",\"dateModified\":\"2026-01-20T10:14:42+00:00\",\"breadcrumb\":{\"@id\":\"https:\/\/dev.infri.ch\/de\/gav\/beschreibung-der-funktion\/#breadcrumb\"},\"inLanguage\":\"de\",\"potentialAction\":[{\"@type\":\"ReadAction\",\"target\":[\"https:\/\/dev.infri.ch\/de\/gav\/beschreibung-der-funktion\/\"]}]},{\"@type\":\"BreadcrumbList\",\"@id\":\"https:\/\/dev.infri.ch\/de\/gav\/beschreibung-der-funktion\/#breadcrumb\",\"itemListElement\":[{\"@type\":\"ListItem\",\"position\":1,\"name\":\"Accueil\",\"item\":\"https:\/\/dev.infri.ch\/de\/\"},{\"@type\":\"ListItem\",\"position\":2,\"name\":\"GAV\",\"item\":\"https:\/\/dev.infri.ch\/de\/gav\/\"},{\"@type\":\"ListItem\",\"position\":3,\"name\":\"Beschreibung der Funktion\"}]},{\"@type\":\"WebSite\",\"@id\":\"https:\/\/dev.infri.ch\/de\/#website\",\"url\":\"https:\/\/dev.infri.ch\/de\/\",\"name\":\"infri\",\"description\":\"l&#039;association repr\u00e9sentant les institutions sp\u00e9cialis\u00e9es fribourgeoises\",\"potentialAction\":[{\"@type\":\"SearchAction\",\"target\":{\"@type\":\"EntryPoint\",\"urlTemplate\":\"https:\/\/dev.infri.ch\/de\/?s={search_term_string}\"},\"query-input\":{\"@type\":\"PropertyValueSpecification\",\"valueRequired\":true,\"valueName\":\"search_term_string\"}}],\"inLanguage\":\"de\"}]}<\/script>\n<!-- \/ Yoast SEO plugin. -->","yoast_head_json":{"title":"Beschreibung der Funktion &#8211; infri","robots":{"index":"index","follow":"follow","max-snippet":"max-snippet:-1","max-image-preview":"max-image-preview:large","max-video-preview":"max-video-preview:-1"},"canonical":"https:\/\/dev.infri.ch\/de\/gav\/beschreibung-der-funktion\/","og_locale":"de_DE","og_type":"article","og_title":"Beschreibung der Funktion &#8211; infri","og_url":"https:\/\/dev.infri.ch\/de\/gav\/beschreibung-der-funktion\/","og_site_name":"infri","article_modified_time":"2026-01-20T10:14:42+00:00","twitter_card":"summary_large_image","twitter_misc":{"Gesch\u00e4tzte Lesezeit":"1\u00a0Minute"},"schema":{"@context":"https:\/\/schema.org","@graph":[{"@type":"WebPage","@id":"https:\/\/dev.infri.ch\/de\/gav\/beschreibung-der-funktion\/","url":"https:\/\/dev.infri.ch\/de\/gav\/beschreibung-der-funktion\/","name":"Beschreibung der Funktion &#8211; infri","isPartOf":{"@id":"https:\/\/dev.infri.ch\/de\/#website"},"datePublished":"2023-02-15T10:08:30+00:00","dateModified":"2026-01-20T10:14:42+00:00","breadcrumb":{"@id":"https:\/\/dev.infri.ch\/de\/gav\/beschreibung-der-funktion\/#breadcrumb"},"inLanguage":"de","potentialAction":[{"@type":"ReadAction","target":["https:\/\/dev.infri.ch\/de\/gav\/beschreibung-der-funktion\/"]}]},{"@type":"BreadcrumbList","@id":"https:\/\/dev.infri.ch\/de\/gav\/beschreibung-der-funktion\/#breadcrumb","itemListElement":[{"@type":"ListItem","position":1,"name":"Accueil","item":"https:\/\/dev.infri.ch\/de\/"},{"@type":"ListItem","position":2,"name":"GAV","item":"https:\/\/dev.infri.ch\/de\/gav\/"},{"@type":"ListItem","position":3,"name":"Beschreibung der Funktion"}]},{"@type":"WebSite","@id":"https:\/\/dev.infri.ch\/de\/#website","url":"https:\/\/dev.infri.ch\/de\/","name":"infri","description":"l&#039;association repr\u00e9sentant les institutions sp\u00e9cialis\u00e9es fribourgeoises","potentialAction":[{"@type":"SearchAction","target":{"@type":"EntryPoint","urlTemplate":"https:\/\/dev.infri.ch\/de\/?s={search_term_string}"},"query-input":{"@type":"PropertyValueSpecification","valueRequired":true,"valueName":"search_term_string"}}],"inLanguage":"de"}]}},"_links":{"self":[{"href":"https:\/\/dev.infri.ch\/de\/wp-json\/wp\/v2\/pages\/9195","targetHints":{"allow":["GET"]}}],"collection":[{"href":"https:\/\/dev.infri.ch\/de\/wp-json\/wp\/v2\/pages"}],"about":[{"href":"https:\/\/dev.infri.ch\/de\/wp-json\/wp\/v2\/types\/page"}],"author":[{"embeddable":true,"href":"https:\/\/dev.infri.ch\/de\/wp-json\/wp\/v2\/users\/2"}],"replies":[{"embeddable":true,"href":"https:\/\/dev.infri.ch\/de\/wp-json\/wp\/v2\/comments?post=9195"}],"version-history":[{"count":3,"href":"https:\/\/dev.infri.ch\/de\/wp-json\/wp\/v2\/pages\/9195\/revisions"}],"predecessor-version":[{"id":14674,"href":"https:\/\/dev.infri.ch\/de\/wp-json\/wp\/v2\/pages\/9195\/revisions\/14674"}],"up":[{"embeddable":true,"href":"https:\/\/dev.infri.ch\/de\/wp-json\/wp\/v2\/pages\/2135"}],"wp:attachment":[{"href":"https:\/\/dev.infri.ch\/de\/wp-json\/wp\/v2\/media?parent=9195"}],"curies":[{"name":"wp","href":"https:\/\/api.w.org\/{rel}","templated":true}]}}